{"id":30351,"date":"2016-10-06T22:44:50","date_gmt":"2016-10-07T01:44:50","guid":{"rendered":"http:\/\/www.fraterinternacional.org\/es\/?page_id=30351"},"modified":"2022-10-09T07:16:35","modified_gmt":"2022-10-09T10:16:35","slug":"comunidad-luz-de-la-hermandad","status":"publish","type":"page","link":"https:\/\/www.fraterinternacional.org\/es\/afiliadas\/comunidad-luz-de-la-hermandad\/","title":{"rendered":"Comunidad-Luz de la Hermandad \u2013 C\u00f3rdoba, Argentina"},"content":{"rendered":"<p><div class=\"fusion-fullwidth fullwidth-box fusion-builder-row-1 fusion-flex-container fusion-parallax-none hundred-percent-fullwidth non-hundred-percent-height-scrolling\" style=\"--awb-border-radius-top-left:0px;--awb-border-radius-top-right:0px;--awb-border-radius-bottom-right:0px;--awb-border-radius-bottom-left:0px;--awb-padding-top:300px;--awb-padding-bottom:300px;--awb-margin-bottom:-50px;--awb-background-image:url(&quot;https:\/\/www.fraterinternacional.org\/wp-content\/uploads\/2021\/06\/banner-cl-irmandade01.jpg&quot;);--awb-background-size:cover;--awb-flex-wrap:wrap;\" ><div class=\"fusion-builder-row fusion-row fusion-flex-align-items-flex-start fusion-flex-content-wrap\" style=\"width:104% !important;max-width:104% !important;margin-left: calc(-4% \/ 2 );margin-right: calc(-4% \/ 2 );\"><div class=\"fusion-layout-column fusion_builder_column fusion-builder-column-0 fusion_builder_column_1_1 1_1 fusion-flex-column\" style=\"--awb-bg-size:cover;--awb-width-large:100%;--awb-margin-top-large:0px;--awb-spacing-right-large:1.92%;--awb-margin-bottom-large:20px;--awb-spacing-left-large:1.92%;--awb-width-medium:100%;--awb-order-medium:0;--awb-spacing-right-medium:1.92%;--awb-spacing-left-medium:1.92%;--awb-width-small:100%;--awb-order-small:0;--awb-spacing-right-small:1.92%;--awb-spacing-left-small:1.92%;\"><div class=\"fusion-column-wrapper fusion-column-has-shadow fusion-flex-justify-content-flex-start fusion-content-layout-column\"><\/div><\/div><\/div><\/div><div class=\"fusion-fullwidth fullwidth-box fusion-builder-row-2 fusion-flex-container nonhundred-percent-fullwidth non-hundred-percent-height-scrolling\" style=\"--awb-border-radius-top-left:0px;--awb-border-radius-top-right:0px;--awb-border-radius-bottom-right:0px;--awb-border-radius-bottom-left:0px;--awb-padding-right:0px;--awb-padding-left:0px;--awb-flex-wrap:wrap;\" ><div class=\"fusion-builder-row fusion-row fusion-flex-align-items-center fusion-flex-content-wrap\" style=\"max-width:1248px;margin-left: calc(-4% \/ 2 );margin-right: calc(-4% \/ 2 );\"><div class=\"fusion-layout-column fusion_builder_column fusion-builder-column-1 fusion_builder_column_1_3 1_3 fusion-flex-column\" style=\"--awb-bg-size:cover;--awb-width-large:33.333333333333%;--awb-margin-top-large:0px;--awb-spacing-right-large:5.76%;--awb-margin-bottom-large:20px;--awb-spacing-left-large:5.76%;--awb-width-medium:100%;--awb-order-medium:0;--awb-spacing-right-medium:1.92%;--awb-spacing-left-medium:1.92%;--awb-width-small:100%;--awb-order-small:0;--awb-spacing-right-small:1.92%;--awb-spacing-left-small:1.92%;\"><div class=\"fusion-column-wrapper fusion-column-has-shadow fusion-flex-justify-content-flex-start fusion-content-layout-column\"><div class=\"fusion-image-element \" style=\"--awb-caption-title-font-family:var(--h2_typography-font-family);--awb-caption-title-font-weight:var(--h2_typography-font-weight);--awb-caption-title-font-style:var(--h2_typography-font-style);--awb-caption-title-size:var(--h2_typography-font-size);--awb-caption-title-transform:var(--h2_typography-text-transform);--awb-caption-title-line-height:var(--h2_typography-line-height);--awb-caption-title-letter-spacing:var(--h2_typography-letter-spacing);\"><span class=\" fusion-imageframe imageframe-none imageframe-1 hover-type-none\"><img decoding=\"async\" width=\"480\" height=\"384\" alt=\"Comunidade-Luz da Irmandade\" title=\"logo-hermandad02\" src=\"https:\/\/www.fraterinternacional.org\/wp-content\/uploads\/2021\/06\/logo-hermandad02.png\" class=\"img-responsive wp-image-121814\" srcset=\"https:\/\/www.fraterinternacional.org\/wp-content\/uploads\/2021\/06\/logo-hermandad02-200x160.png 200w, https:\/\/www.fraterinternacional.org\/wp-content\/uploads\/2021\/06\/logo-hermandad02-400x320.png 400w, https:\/\/www.fraterinternacional.org\/wp-content\/uploads\/2021\/06\/logo-hermandad02.png 480w\" sizes=\"(max-width: 1024px) 100vw, (max-width: 640px) 100vw, 400px\" \/><\/span><\/div><\/div><\/div><div class=\"fusion-layout-column fusion_builder_column fusion-builder-column-2 fusion_builder_column_2_3 2_3 fusion-flex-column\" style=\"--awb-padding-top:30px;--awb-padding-right:60px;--awb-padding-bottom:10px;--awb-padding-left:60px;--awb-bg-color:#008037;--awb-bg-color-hover:#008037;--awb-bg-size:cover;--awb-width-large:66.666666666667%;--awb-margin-top-large:0px;--awb-spacing-right-large:0;--awb-margin-bottom-large:20px;--awb-spacing-left-large:-100px;--awb-width-medium:100%;--awb-order-medium:0;--awb-spacing-right-medium:1.92%;--awb-spacing-left-medium:1.92%;--awb-width-small:100%;--awb-order-small:0;--awb-spacing-right-small:1.92%;--awb-spacing-left-small:1.92%;\"><div class=\"fusion-column-wrapper fusion-column-has-shadow fusion-flex-justify-content-flex-start fusion-content-layout-column\"><div class=\"fusion-title title fusion-title-1 fusion-sep-none fusion-title-text fusion-title-size-two\" style=\"--awb-text-color:#ffffff;--awb-margin-bottom:-10px;\"><h2 class=\"fusion-title-heading title-heading-left fusion-responsive-typography-calculated\" style=\"margin:0;--fontSize:38;line-height:1.35;\">Comunidad-Luz de la Hermandad<\/h2><\/div><div class=\"fusion-title title fusion-title-2 fusion-sep-none fusion-title-text fusion-title-size-five\" style=\"--awb-text-color:#ffffff;\"><h5 class=\"fusion-title-heading title-heading-left fusion-responsive-typography-calculated\" style=\"margin:0;--fontSize:16;--minFontSize:16;line-height:1.5;\">C\u00f3rdoba, Argentina<\/h5><\/div><\/div><\/div><\/div><\/div><div class=\"fusion-fullwidth fullwidth-box fusion-builder-row-3 fusion-flex-container nonhundred-percent-fullwidth non-hundred-percent-height-scrolling\" style=\"--awb-border-radius-top-left:0px;--awb-border-radius-top-right:0px;--awb-border-radius-bottom-right:0px;--awb-border-radius-bottom-left:0px;--awb-flex-wrap:wrap;\" ><div class=\"fusion-builder-row fusion-row fusion-flex-align-items-flex-start fusion-flex-content-wrap\" style=\"max-width:1248px;margin-left: calc(-4% \/ 2 );margin-right: calc(-4% \/ 2 );\"><div class=\"fusion-layout-column fusion_builder_column fusion-builder-column-3 fusion_builder_column_1_1 1_1 fusion-flex-column\" style=\"--awb-bg-size:cover;--awb-width-large:100%;--awb-margin-top-large:0px;--awb-spacing-right-large:1.92%;--awb-margin-bottom-large:20px;--awb-spacing-left-large:1.92%;--awb-width-medium:100%;--awb-order-medium:0;--awb-spacing-right-medium:1.92%;--awb-spacing-left-medium:1.92%;--awb-width-small:100%;--awb-order-small:0;--awb-spacing-right-small:1.92%;--awb-spacing-left-small:1.92%;\"><div class=\"fusion-column-wrapper fusion-column-has-shadow fusion-flex-justify-content-flex-start fusion-content-layout-column\"><div class=\"fusion-text fusion-text-1\"><p>La <strong>Comunidad-Luz de la Hermandad<\/strong>, en C\u00f3rdoba, Argentina. En la Comunidad est\u00e1 el Monasterio de la Hermandad, vinculado a la <a href=\"https:\/\/www.mensajerosdivinos.org\/es\/la-orden-gracia-misericordia\">Orden Gracia Misericordia (OGM)<\/a> y al <a href=\"https:\/\/www.mensajerosdivinos.org\/es\/centros-marianos-de-oracion\">Centro Mariano del Esp\u00edritu Santo<\/a>.<\/p>\n<p>En medio de las sierras de la regi\u00f3n de Quebrada de la Luna, en el departamento de Punilla, donde est\u00e1 ubicada, la Comunidad de la Hermandad tiene como base la vida grupal fraterna y el servicio abnegado. Todas las actividades desarrolladas en el d\u00eda a d\u00eda son compartidas entre los colaboradores voluntarios.<\/p>\n<p><span style=\"font-weight: 400;\">La Comunidad-Luz de la Hermandad se dedica al desarrollo de la huerta, el compost y al cultivo de semillas, \u00e1rboles frutales y \u00e1rboles aut\u00f3ctonos.<\/span><\/p>\n<p><span style=\"font-weight: 400;\">Para ver una s\u00edntesis de las tareas de esta comunidad, <\/span><a class=\"fusion-modal-text-link\" data-toggle=\"modal\" data-target=\".fusion-modal.irmandade01\" href=\"#\"><strong>clique aqu\u00ed:<\/strong><\/a><div class=\"fusion-modal modal fade modal-1 irmandade01\" tabindex=\"-1\" role=\"dialog\" aria-labelledby=\"modal-heading-1\" aria-hidden=\"true\" style=\"--awb-border-color:#ebebeb;--awb-background:#f6f6f6;\"><div class=\"modal-dialog modal-lg\" role=\"document\"><div class=\"modal-content fusion-modal-content\"><div class=\"modal-header\"><button class=\"close\" type=\"button\" data-dismiss=\"modal\" aria-hidden=\"true\" aria-label=\"Close\">&times;<\/button><h3 class=\"modal-title\" id=\"modal-heading-1\" data-dismiss=\"modal\" aria-hidden=\"true\">Tareas de la Comunidad-Luz de la Hermandad<\/h3><\/div><div class=\"modal-body fusion-clearfix\"><\/p>\n<p>En la Comunidad-Luz de la Hermandad, la vida fraterna se experimenta en el d\u00eda a d\u00eda. Todo se comparte y las actividades se desarrollan de forma voluntaria y ofreci\u00e9ndolas al Alt\u00edsimo. La vida grupal hace posible la expresi\u00f3n de un nuevo estado de consciencia, orientado al bien com\u00fan y al amor incondicional a todos los Reinos de la Naturaleza: Humano, Vegetal, Mineral, Animal.<\/p>\n<p>En el \u00e1rea f\u00edsica de esta comunidad existen piedras y agua en abundancia; all\u00ed fue instalado un pozo de alta calidad. Las construcciones en toda el \u00e1rea destinada al trabajo muestran la prioridad en el uso intensivo de las piedras, las cuales emanan una energ\u00eda sutil y potencializan el trabajo de cura.<\/p>\n<p>El Reino Vegetal est\u00e1 muy presente, posibilitando el desarrollo de diversas actividades como el compost, la huerta y el trabajo con las semillas y con los \u00e1rboles frutales y aut\u00f3ctonos.<\/p>\n<p>En relaci\u00f3n el Reino Animal, existen varios perros, que son asistidos, castrados y vacunados. Despu\u00e9s de los primeros cuidados, algunos de ellos son destinados a la adopci\u00f3n. Otros permanecen en la Comunidad-Luz, bajo la orientaci\u00f3n de tutores que acompa\u00f1an su proceso de evoluci\u00f3n.<\/p>\n<p>Mensualmente se realiza el Encuentro de \u201cAmor a los Reinos\u201d dedicado especialmente a este contacto y cuidado con los Reinos Menores.<\/div><\/div><\/div><\/div><\/p>\n<p><strong>\u00c1reas de Acci\u00f3n<\/strong>: Servicio Altru\u00edsta, Vivencia Grupal, Cuidado de la Naturaleza <span style=\"font-weight: 400;\">y Actividades Ecum\u00e9nicas y Espirituales.<\/span><\/p>\n<p><strong>Contacto<\/strong>: secretaria@comunidaddelahermandad.org<\/p>\n<\/div><div class=\"fusion-image-carousel fusion-image-carousel-fixed fusion-image-carousel-1 lightbox-enabled fusion-carousel-border\"><div class=\"awb-carousel awb-swiper awb-swiper-carousel\" data-autoplay=\"yes\" data-columns=\"6\" data-itemmargin=\"3\" data-itemwidth=\"180\" data-touchscroll=\"no\" data-imagesize=\"fixed\" style=\"--awb-columns:6;--awb-column-spacing:3px;\"><div class=\"swiper-wrapper awb-image-carousel-wrapper fusion-flex-align-items-center\"><div class=\"swiper-slide\"><div class=\"fusion-carousel-item-wrapper\"><div class=\"fusion-image-wrapper hover-type-liftup\"><a data-rel=\"iLightbox[image_carousel_1]\" data-title=\"CL-irmandade-FFHI-01\" aria-label=\"CL-irmandade-FFHI-01\" href=\"https:\/\/www.fraterinternacional.org\/wp-content\/uploads\/2021\/06\/CL-irmandade-FFHI-01.jpg\" target=\"_self\"><img decoding=\"async\" width=\"320\" height=\"202\" src=\"https:\/\/www.fraterinternacional.org\/wp-content\/uploads\/2021\/06\/CL-irmandade-FFHI-01-320x202.jpg\" class=\"attachment-blog-medium size-blog-medium\" alt=\"Comunidade-Luz da Irmandade\" \/><\/a><\/div><\/div><\/div><div class=\"swiper-slide\"><div class=\"fusion-carousel-item-wrapper\"><div class=\"fusion-image-wrapper hover-type-liftup\"><a data-rel=\"iLightbox[image_carousel_1]\" data-title=\"CL-irmandade-FFHI-02\" aria-label=\"CL-irmandade-FFHI-02\" href=\"https:\/\/www.fraterinternacional.org\/wp-content\/uploads\/2021\/06\/CL-irmandade-FFHI-02.jpg\" target=\"_self\"><img decoding=\"async\" width=\"320\" height=\"202\" src=\"https:\/\/www.fraterinternacional.org\/wp-content\/uploads\/2021\/06\/CL-irmandade-FFHI-02-320x202.jpg\" class=\"attachment-blog-medium size-blog-medium\" alt=\"Comunidade-Luz da Irmandade\" \/><\/a><\/div><\/div><\/div><div class=\"swiper-slide\"><div class=\"fusion-carousel-item-wrapper\"><div class=\"fusion-image-wrapper hover-type-liftup\"><a data-rel=\"iLightbox[image_carousel_1]\" data-title=\"CL-irmandade-FFHI-03\" aria-label=\"CL-irmandade-FFHI-03\" href=\"https:\/\/www.fraterinternacional.org\/wp-content\/uploads\/2021\/06\/CL-irmandade-FFHI-03.jpg\" target=\"_self\"><img decoding=\"async\" width=\"320\" height=\"202\" src=\"https:\/\/www.fraterinternacional.org\/wp-content\/uploads\/2021\/06\/CL-irmandade-FFHI-03-320x202.jpg\" class=\"attachment-blog-medium size-blog-medium\" alt=\"Comunidade-Luz da Irmandade\" \/><\/a><\/div><\/div><\/div><div class=\"swiper-slide\"><div class=\"fusion-carousel-item-wrapper\"><div class=\"fusion-image-wrapper hover-type-liftup\"><a data-rel=\"iLightbox[image_carousel_1]\" data-title=\"CL-irmandade-FFHI-04\" aria-label=\"CL-irmandade-FFHI-04\" href=\"https:\/\/www.fraterinternacional.org\/wp-content\/uploads\/2021\/06\/CL-irmandade-FFHI-04.jpg\" target=\"_self\"><img decoding=\"async\" width=\"320\" height=\"202\" src=\"https:\/\/www.fraterinternacional.org\/wp-content\/uploads\/2021\/06\/CL-irmandade-FFHI-04-320x202.jpg\" class=\"attachment-blog-medium size-blog-medium\" alt=\"Comunidade-Luz da Irmandade\" \/><\/a><\/div><\/div><\/div><div class=\"swiper-slide\"><div class=\"fusion-carousel-item-wrapper\"><div class=\"fusion-image-wrapper hover-type-liftup\"><a data-rel=\"iLightbox[image_carousel_1]\" data-title=\"CL-irmandade-FFHI-05\" aria-label=\"CL-irmandade-FFHI-05\" href=\"https:\/\/www.fraterinternacional.org\/wp-content\/uploads\/2021\/06\/CL-irmandade-FFHI-05.jpg\" target=\"_self\"><img decoding=\"async\" width=\"320\" height=\"202\" src=\"https:\/\/www.fraterinternacional.org\/wp-content\/uploads\/2021\/06\/CL-irmandade-FFHI-05-320x202.jpg\" class=\"attachment-blog-medium size-blog-medium\" alt=\"Comunidade-Luz da Irmandade\" \/><\/a><\/div><\/div><\/div><div class=\"swiper-slide\"><div class=\"fusion-carousel-item-wrapper\"><div class=\"fusion-image-wrapper hover-type-liftup\"><a data-rel=\"iLightbox[image_carousel_1]\" data-title=\"CL-irmandade-FFHI-06\" aria-label=\"CL-irmandade-FFHI-06\" href=\"https:\/\/www.fraterinternacional.org\/wp-content\/uploads\/2021\/06\/CL-irmandade-FFHI-06.jpg\" target=\"_self\"><img decoding=\"async\" width=\"320\" height=\"202\" src=\"https:\/\/www.fraterinternacional.org\/wp-content\/uploads\/2021\/06\/CL-irmandade-FFHI-06-320x202.jpg\" class=\"attachment-blog-medium size-blog-medium\" alt=\"Comunidade-Luz da Irmandade\" \/><\/a><\/div><\/div><\/div><div class=\"swiper-slide\"><div class=\"fusion-carousel-item-wrapper\"><div class=\"fusion-image-wrapper hover-type-liftup\"><a data-rel=\"iLightbox[image_carousel_1]\" data-title=\"CL-irmandade-FFHI-07\" aria-label=\"CL-irmandade-FFHI-07\" href=\"https:\/\/www.fraterinternacional.org\/wp-content\/uploads\/2021\/06\/CL-irmandade-FFHI-07.jpg\" target=\"_self\"><img decoding=\"async\" width=\"320\" height=\"202\" src=\"https:\/\/www.fraterinternacional.org\/wp-content\/uploads\/2021\/06\/CL-irmandade-FFHI-07-320x202.jpg\" class=\"attachment-blog-medium size-blog-medium\" alt=\"Comunidade-Luz da Irmandade\" \/><\/a><\/div><\/div><\/div><div class=\"swiper-slide\"><div class=\"fusion-carousel-item-wrapper\"><div class=\"fusion-image-wrapper hover-type-liftup\"><a data-rel=\"iLightbox[image_carousel_1]\" data-title=\"CL-irmandade-FFHI-09\" aria-label=\"CL-irmandade-FFHI-09\" href=\"https:\/\/www.fraterinternacional.org\/wp-content\/uploads\/2021\/06\/CL-irmandade-FFHI-09.jpg\" target=\"_self\"><img decoding=\"async\" width=\"320\" height=\"202\" src=\"https:\/\/www.fraterinternacional.org\/wp-content\/uploads\/2021\/06\/CL-irmandade-FFHI-09-320x202.jpg\" class=\"attachment-blog-medium size-blog-medium\" alt=\"Comunidade-Luz da Irmandade\" \/><\/a><\/div><\/div><\/div><div class=\"swiper-slide\"><div class=\"fusion-carousel-item-wrapper\"><div class=\"fusion-image-wrapper hover-type-liftup\"><a data-rel=\"iLightbox[image_carousel_1]\" data-title=\"CL-irmandade-FFHI-10\" aria-label=\"CL-irmandade-FFHI-10\" href=\"https:\/\/www.fraterinternacional.org\/wp-content\/uploads\/2021\/06\/CL-irmandade-FFHI-10.jpg\" target=\"_self\"><img decoding=\"async\" width=\"320\" height=\"202\" src=\"https:\/\/www.fraterinternacional.org\/wp-content\/uploads\/2021\/06\/CL-irmandade-FFHI-10-320x202.jpg\" class=\"attachment-blog-medium size-blog-medium\" alt=\"Comunidade-Luz da Irmandade\" \/><\/a><\/div><\/div><\/div><div class=\"swiper-slide\"><div class=\"fusion-carousel-item-wrapper\"><div class=\"fusion-image-wrapper hover-type-liftup\"><a data-rel=\"iLightbox[image_carousel_1]\" data-title=\"CL-irmandade-FFHI-11\" aria-label=\"CL-irmandade-FFHI-11\" href=\"https:\/\/www.fraterinternacional.org\/wp-content\/uploads\/2021\/06\/CL-irmandade-FFHI-11.jpg\" target=\"_self\"><img decoding=\"async\" width=\"320\" height=\"202\" src=\"https:\/\/www.fraterinternacional.org\/wp-content\/uploads\/2021\/06\/CL-irmandade-FFHI-11-320x202.jpg\" class=\"attachment-blog-medium size-blog-medium\" alt=\"Comunidade-Luz da Irmandade\" \/><\/a><\/div><\/div><\/div><div class=\"swiper-slide\"><div class=\"fusion-carousel-item-wrapper\"><div class=\"fusion-image-wrapper hover-type-liftup\"><a data-rel=\"iLightbox[image_carousel_1]\" data-title=\"CL-irmandade-FFHI-12\" aria-label=\"CL-irmandade-FFHI-12\" href=\"https:\/\/www.fraterinternacional.org\/wp-content\/uploads\/2021\/06\/CL-irmandade-FFHI-12.jpg\" target=\"_self\"><img decoding=\"async\" width=\"320\" height=\"202\" src=\"https:\/\/www.fraterinternacional.org\/wp-content\/uploads\/2021\/06\/CL-irmandade-FFHI-12-320x202.jpg\" class=\"attachment-blog-medium size-blog-medium\" alt=\"Comunidade-Luz da Irmandade\" \/><\/a><\/div><\/div><\/div><div class=\"swiper-slide\"><div class=\"fusion-carousel-item-wrapper\"><div class=\"fusion-image-wrapper hover-type-liftup\"><a data-rel=\"iLightbox[image_carousel_1]\" data-title=\"CL-irmandade-FFHI-13\" aria-label=\"CL-irmandade-FFHI-13\" href=\"https:\/\/www.fraterinternacional.org\/wp-content\/uploads\/2021\/06\/CL-irmandade-FFHI-13.jpg\" target=\"_self\"><img decoding=\"async\" width=\"320\" height=\"202\" src=\"https:\/\/www.fraterinternacional.org\/wp-content\/uploads\/2021\/06\/CL-irmandade-FFHI-13-320x202.jpg\" class=\"attachment-blog-medium size-blog-medium\" alt=\"Comunidade-Luz da Irmandade\" \/><\/a><\/div><\/div><\/div><div class=\"swiper-slide\"><div class=\"fusion-carousel-item-wrapper\"><div class=\"fusion-image-wrapper hover-type-liftup\"><a data-rel=\"iLightbox[image_carousel_1]\" data-title=\"CL-irmandade-FFHI-14\" aria-label=\"CL-irmandade-FFHI-14\" href=\"https:\/\/www.fraterinternacional.org\/wp-content\/uploads\/2021\/06\/CL-irmandade-FFHI-14.jpg\" target=\"_self\"><img decoding=\"async\" width=\"320\" height=\"202\" src=\"https:\/\/www.fraterinternacional.org\/wp-content\/uploads\/2021\/06\/CL-irmandade-FFHI-14-320x202.jpg\" class=\"attachment-blog-medium size-blog-medium\" alt=\"Comunidade-Luz da Irmandade\" \/><\/a><\/div><\/div><\/div><div class=\"swiper-slide\"><div class=\"fusion-carousel-item-wrapper\"><div class=\"fusion-image-wrapper hover-type-liftup\"><a data-rel=\"iLightbox[image_carousel_1]\" data-title=\"CL-irmandade-FFHI-15\" aria-label=\"CL-irmandade-FFHI-15\" href=\"https:\/\/www.fraterinternacional.org\/wp-content\/uploads\/2021\/06\/CL-irmandade-FFHI-15.jpg\" target=\"_self\"><img decoding=\"async\" width=\"320\" height=\"202\" src=\"https:\/\/www.fraterinternacional.org\/wp-content\/uploads\/2021\/06\/CL-irmandade-FFHI-15-320x202.jpg\" class=\"attachment-blog-medium size-blog-medium\" alt=\"Comunidade-Luz da Irmandade\" \/><\/a><\/div><\/div><\/div><\/div><div class=\"awb-swiper-button awb-swiper-button-prev\"><i class=\"awb-icon-angle-left\" aria-hidden=\"true\"><\/i><\/div><div class=\"awb-swiper-button awb-swiper-button-next\"><i class=\"awb-icon-angle-right\" aria-hidden=\"true\"><\/i><\/div><\/div><\/div><div class=\"fusion-text fusion-text-2\"><p><a href=\"https:\/\/www.fraterinternacional.org\/es\/afiliadas\/\"><span style=\"color: #000000;\"><i class=\"fas fa-undo\"><\/i> volver a Afiliadas<\/span><\/a><\/p>\n<p><a href=\"https:\/\/www.fraterinternacional.org\/es\/\"><img decoding=\"async\" class=\"size-full wp-image-122167 aligncenter\" src=\"https:\/\/www.fraterinternacional.org\/wp-content\/uploads\/2021\/06\/logo-filiada-blk-ES03.png\" alt=\"Fraternidad \u2013 Humanitaria (FFHI)\" width=\"350\" height=\"123\" srcset=\"https:\/\/www.fraterinternacional.org\/wp-content\/uploads\/2021\/06\/logo-filiada-blk-ES03-200x70.png 200w, https:\/\/www.fraterinternacional.org\/wp-content\/uploads\/2021\/06\/logo-filiada-blk-ES03-300x105.png 300w, https:\/\/www.fraterinternacional.org\/wp-content\/uploads\/2021\/06\/logo-filiada-blk-ES03.png 350w\" sizes=\"(max-width: 350px) 100vw, 350px\" \/><\/a><\/p>\n<\/div><\/div><\/div><\/div><\/div><\/p>\n","protected":false},"excerpt":{"rendered":"","protected":false},"author":4,"featured_media":0,"parent":102380,"menu_order":24,"comment_status":"closed","ping_status":"closed","template":"100-width.php","meta":{"footnotes":""},"class_list":["post-30351","page","type-page","status-publish","hentry"],"yoast_head":"<!-- This site is optimized with the Yoast SEO Premium plugin v21.0 (Yoast SEO v21.0) - https:\/\/yoast.com\/wordpress\/plugins\/seo\/ -->\n<title>Comunidad-Luz de la Hermandad \u2013 C\u00f3rdoba, Argentina - Fraternidade - Federa\u00e7\u00e3o Humanit\u00e1ria Internacional<\/title>\n<meta name=\"robots\" content=\"index, follow, max-snippet:-1, max-image-preview:large, max-video-preview:-1\" \/>\n<link rel=\"canonical\" href=\"https:\/\/www.fraterinternacional.org\/es\/afiliadas\/comunidad-luz-de-la-hermandad\/\" \/>\n<meta property=\"og:locale\" content=\"es_ES\" \/>\n<meta property=\"og:type\" content=\"article\" \/>\n<meta property=\"og:title\" content=\"Comunidad-Luz de la Hermandad \u2013 C\u00f3rdoba, Argentina\" \/>\n<meta property=\"og:url\" content=\"https:\/\/www.fraterinternacional.org\/es\/afiliadas\/comunidad-luz-de-la-hermandad\/\" \/>\n<meta property=\"og:site_name\" content=\"Fraternidade - Federa\u00e7\u00e3o Humanit\u00e1ria Internacional\" \/>\n<meta property=\"article:publisher\" content=\"https:\/\/www.facebook.com\/fraternidadehumanitaria\" \/>\n<meta property=\"article:modified_time\" content=\"2022-10-09T10:16:35+00:00\" \/>\n<meta property=\"og:image\" content=\"https:\/\/www.fraterinternacional.org\/wp-content\/uploads\/2021\/06\/logo-filiada-blk-ES03.png\" \/>\n<meta name=\"twitter:card\" content=\"summary_large_image\" \/>\n<meta name=\"twitter:site\" content=\"@fraternidadeFHI\" \/>\n<meta name=\"twitter:label1\" content=\"Tiempo de lectura\" \/>\n\t<meta name=\"twitter:data1\" content=\"8 minutos\" \/>\n<script type=\"application\/ld+json\" class=\"yoast-schema-graph\">{\"@context\":\"https:\/\/schema.org\",\"@graph\":[{\"@type\":\"WebPage\",\"@id\":\"https:\/\/www.fraterinternacional.org\/es\/afiliadas\/comunidad-luz-de-la-hermandad\/\",\"url\":\"https:\/\/www.fraterinternacional.org\/es\/afiliadas\/comunidad-luz-de-la-hermandad\/\",\"name\":\"Comunidad-Luz de la Hermandad \u2013 C\u00f3rdoba, Argentina - Fraternidade - Federa\u00e7\u00e3o Humanit\u00e1ria Internacional\",\"isPartOf\":{\"@id\":\"https:\/\/www.fraterinternacional.org\/es\/#website\"},\"datePublished\":\"2016-10-07T01:44:50+00:00\",\"dateModified\":\"2022-10-09T10:16:35+00:00\",\"breadcrumb\":{\"@id\":\"https:\/\/www.fraterinternacional.org\/es\/afiliadas\/comunidad-luz-de-la-hermandad\/#breadcrumb\"},\"inLanguage\":\"es\",\"potentialAction\":[{\"@type\":\"ReadAction\",\"target\":[\"https:\/\/www.fraterinternacional.org\/es\/afiliadas\/comunidad-luz-de-la-hermandad\/\"]}]},{\"@type\":\"BreadcrumbList\",\"@id\":\"https:\/\/www.fraterinternacional.org\/es\/afiliadas\/comunidad-luz-de-la-hermandad\/#breadcrumb\",\"itemListElement\":[{\"@type\":\"ListItem\",\"position\":1,\"name\":\"In\u00edcio\",\"item\":\"https:\/\/www.fraterinternacional.org\/es\/\"},{\"@type\":\"ListItem\",\"position\":2,\"name\":\"Afiliadas\",\"item\":\"https:\/\/www.fraterinternacional.org\/es\/afiliadas\/\"},{\"@type\":\"ListItem\",\"position\":3,\"name\":\"Comunidad-Luz de la Hermandad \u2013 C\u00f3rdoba, Argentina\"}]},{\"@type\":\"WebSite\",\"@id\":\"https:\/\/www.fraterinternacional.org\/es\/#website\",\"url\":\"https:\/\/www.fraterinternacional.org\/es\/\",\"name\":\"Fraternidade - Federa\u00e7\u00e3o Humanit\u00e1ria Internacional\",\"description\":\"Fraternidade - Federa\u00e7\u00e3o Humanit\u00e1ria Internacional\",\"potentialAction\":[{\"@type\":\"SearchAction\",\"target\":{\"@type\":\"EntryPoint\",\"urlTemplate\":\"https:\/\/www.fraterinternacional.org\/es\/?s={search_term_string}\"},\"query-input\":\"required name=search_term_string\"}],\"inLanguage\":\"es\"}]}<\/script>\n<!-- \/ Yoast SEO Premium plugin. -->","yoast_head_json":{"title":"Comunidad-Luz de la Hermandad \u2013 C\u00f3rdoba, Argentina - Fraternidade - Federa\u00e7\u00e3o Humanit\u00e1ria Internacional","robots":{"index":"index","follow":"follow","max-snippet":"max-snippet:-1","max-image-preview":"max-image-preview:large","max-video-preview":"max-video-preview:-1"},"canonical":"https:\/\/www.fraterinternacional.org\/es\/afiliadas\/comunidad-luz-de-la-hermandad\/","og_locale":"es_ES","og_type":"article","og_title":"Comunidad-Luz de la Hermandad \u2013 C\u00f3rdoba, Argentina","og_url":"https:\/\/www.fraterinternacional.org\/es\/afiliadas\/comunidad-luz-de-la-hermandad\/","og_site_name":"Fraternidade - Federa\u00e7\u00e3o Humanit\u00e1ria Internacional","article_publisher":"https:\/\/www.facebook.com\/fraternidadehumanitaria","article_modified_time":"2022-10-09T10:16:35+00:00","og_image":[{"url":"https:\/\/www.fraterinternacional.org\/wp-content\/uploads\/2021\/06\/logo-filiada-blk-ES03.png"}],"twitter_card":"summary_large_image","twitter_site":"@fraternidadeFHI","twitter_misc":{"Tiempo de lectura":"8 minutos"},"schema":{"@context":"https:\/\/schema.org","@graph":[{"@type":"WebPage","@id":"https:\/\/www.fraterinternacional.org\/es\/afiliadas\/comunidad-luz-de-la-hermandad\/","url":"https:\/\/www.fraterinternacional.org\/es\/afiliadas\/comunidad-luz-de-la-hermandad\/","name":"Comunidad-Luz de la Hermandad \u2013 C\u00f3rdoba, Argentina - Fraternidade - Federa\u00e7\u00e3o Humanit\u00e1ria Internacional","isPartOf":{"@id":"https:\/\/www.fraterinternacional.org\/es\/#website"},"datePublished":"2016-10-07T01:44:50+00:00","dateModified":"2022-10-09T10:16:35+00:00","breadcrumb":{"@id":"https:\/\/www.fraterinternacional.org\/es\/afiliadas\/comunidad-luz-de-la-hermandad\/#breadcrumb"},"inLanguage":"es","potentialAction":[{"@type":"ReadAction","target":["https:\/\/www.fraterinternacional.org\/es\/afiliadas\/comunidad-luz-de-la-hermandad\/"]}]},{"@type":"BreadcrumbList","@id":"https:\/\/www.fraterinternacional.org\/es\/afiliadas\/comunidad-luz-de-la-hermandad\/#breadcrumb","itemListElement":[{"@type":"ListItem","position":1,"name":"In\u00edcio","item":"https:\/\/www.fraterinternacional.org\/es\/"},{"@type":"ListItem","position":2,"name":"Afiliadas","item":"https:\/\/www.fraterinternacional.org\/es\/afiliadas\/"},{"@type":"ListItem","position":3,"name":"Comunidad-Luz de la Hermandad \u2013 C\u00f3rdoba, Argentina"}]},{"@type":"WebSite","@id":"https:\/\/www.fraterinternacional.org\/es\/#website","url":"https:\/\/www.fraterinternacional.org\/es\/","name":"Fraternidade - Federa\u00e7\u00e3o Humanit\u00e1ria Internacional","description":"Fraternidade - Federa\u00e7\u00e3o Humanit\u00e1ria Internacional","potentialAction":[{"@type":"SearchAction","target":{"@type":"EntryPoint","urlTemplate":"https:\/\/www.fraterinternacional.org\/es\/?s={search_term_string}"},"query-input":"required name=search_term_string"}],"inLanguage":"es"}]}},"_links":{"self":[{"href":"https:\/\/www.fraterinternacional.org\/es\/wp-json\/wp\/v2\/pages\/30351"}],"collection":[{"href":"https:\/\/www.fraterinternacional.org\/es\/wp-json\/wp\/v2\/pages"}],"about":[{"href":"https:\/\/www.fraterinternacional.org\/es\/wp-json\/wp\/v2\/types\/page"}],"author":[{"embeddable":true,"href":"https:\/\/www.fraterinternacional.org\/es\/wp-json\/wp\/v2\/users\/4"}],"replies":[{"embeddable":true,"href":"https:\/\/www.fraterinternacional.org\/es\/wp-json\/wp\/v2\/comments?post=30351"}],"version-history":[{"count":0,"href":"https:\/\/www.fraterinternacional.org\/es\/wp-json\/wp\/v2\/pages\/30351\/revisions"}],"up":[{"embeddable":true,"href":"https:\/\/www.fraterinternacional.org\/es\/wp-json\/wp\/v2\/pages\/102380"}],"wp:attachment":[{"href":"https:\/\/www.fraterinternacional.org\/es\/wp-json\/wp\/v2\/media?parent=30351"}],"curies":[{"name":"wp","href":"https:\/\/api.w.org\/{rel}","templated":true}]}}