{"id":6332,"date":"2015-09-03T08:01:00","date_gmt":"2015-09-03T11:01:00","guid":{"rendered":"http:\/\/www.fraterinternacional.org\/en\/?page_id=6332"},"modified":"2026-03-09T17:55:54","modified_gmt":"2026-03-09T20:55:54","slug":"fraternidade","status":"publish","type":"page","link":"https:\/\/www.fraterinternacional.org\/en\/","title":{"rendered":"Fraternity"},"content":{"rendered":"<p><div class=\"fusion-fullwidth fullwidth-box fusion-builder-row-1 hundred-percent-fullwidth non-hundred-percent-height-scrolling fusion-no-small-visibility fusion-no-medium-visibility\" style=\"--awb-border-radius-top-left:0px;--awb-border-radius-top-right:0px;--awb-border-radius-bottom-right:0px;--awb-border-radius-bottom-left:0px;--awb-padding-top:0px;--awb-padding-right:0px;--awb-padding-bottom:30px;--awb-padding-left:0px;--awb-margin-top:-10px;--awb-flex-wrap:wrap;\" ><div class=\"fusion-builder-row fusion-row\"><div class=\"fusion-layout-column fusion_builder_column fusion-builder-column-0 fusion_builder_column_1_2 1_2 fusion-one-half fusion-column-first fusion-animated\" style=\"--awb-bg-size:cover;width:50%;width:calc(50% - ( ( -1px ) * 0.5 ) );margin-right: -1px;\" data-animationType=\"fadeInUp\" data-animationDuration=\"0.4\" data-animationOffset=\"top-into-view\"><div class=\"fusion-column-wrapper fusion-column-has-shadow fusion-flex-column-wrapper-legacy\"><div class=\"fusion-image-carousel fusion-image-carousel-auto fusion-image-carousel-1 fusion-carousel-border\"><div class=\"awb-carousel awb-swiper awb-swiper-carousel\" data-autoplay=\"no\" data-columns=\"3\" data-itemmargin=\"0\" data-itemwidth=\"180\" data-touchscroll=\"no\" data-imagesize=\"auto\" style=\"--awb-columns:3;--awb-column-spacing:0px;\"><div class=\"swiper-wrapper awb-image-carousel-wrapper fusion-flex-align-items-center\"><div class=\"swiper-slide\"><div class=\"fusion-carousel-item-wrapper\"><div class=\"fusion-image-wrapper hover-type-liftup\"><a href=\"https:\/\/www.fraterinternacional.org\/en\/activity\/#missoes\" target=\"_self\"><img decoding=\"async\" width=\"720\" height=\"1000\" src=\"https:\/\/www.fraterinternacional.org\/wp-content\/uploads\/2025\/03\/Missions.jpg\" class=\"attachment-full size-full\" alt=\"\" srcset=\"https:\/\/www.fraterinternacional.org\/wp-content\/uploads\/2025\/03\/Missions-200x278.jpg 200w, https:\/\/www.fraterinternacional.org\/wp-content\/uploads\/2025\/03\/Missions-400x556.jpg 400w, https:\/\/www.fraterinternacional.org\/wp-content\/uploads\/2025\/03\/Missions-600x833.jpg 600w, https:\/\/www.fraterinternacional.org\/wp-content\/uploads\/2025\/03\/Missions.jpg 720w\" sizes=\"(min-width: 2200px) 100vw, (min-width: 824px) 400px, (min-width: 732px) 600px, (min-width: 640px) 732px, \" \/><\/a><\/div><\/div><\/div><div class=\"swiper-slide\"><div class=\"fusion-carousel-item-wrapper\"><div class=\"fusion-image-wrapper hover-type-liftup\"><a href=\"https:\/\/www.fraterinternacional.org\/en\/activity\/#servico\" target=\"_self\"><img decoding=\"async\" width=\"720\" height=\"1000\" src=\"https:\/\/www.fraterinternacional.org\/wp-content\/uploads\/2025\/03\/Altruistie.jpg\" class=\"attachment-full size-full\" alt=\"\" srcset=\"https:\/\/www.fraterinternacional.org\/wp-content\/uploads\/2025\/03\/Altruistie-200x278.jpg 200w, https:\/\/www.fraterinternacional.org\/wp-content\/uploads\/2025\/03\/Altruistie-400x556.jpg 400w, https:\/\/www.fraterinternacional.org\/wp-content\/uploads\/2025\/03\/Altruistie-600x833.jpg 600w, https:\/\/www.fraterinternacional.org\/wp-content\/uploads\/2025\/03\/Altruistie.jpg 720w\" sizes=\"(min-width: 2200px) 100vw, (min-width: 824px) 400px, (min-width: 732px) 600px, (min-width: 640px) 732px, \" \/><\/a><\/div><\/div><\/div><div class=\"swiper-slide\"><div class=\"fusion-carousel-item-wrapper\"><div class=\"fusion-image-wrapper hover-type-liftup\"><a href=\"https:\/\/www.fraterinternacional.org\/en\/activity\/#ambiente\" target=\"_self\"><img decoding=\"async\" width=\"720\" height=\"1000\" src=\"https:\/\/www.fraterinternacional.org\/wp-content\/uploads\/2025\/03\/nature.jpg\" class=\"attachment-full size-full\" alt=\"\" srcset=\"https:\/\/www.fraterinternacional.org\/wp-content\/uploads\/2025\/03\/nature-200x278.jpg 200w, https:\/\/www.fraterinternacional.org\/wp-content\/uploads\/2025\/03\/nature-400x556.jpg 400w, https:\/\/www.fraterinternacional.org\/wp-content\/uploads\/2025\/03\/nature-600x833.jpg 600w, https:\/\/www.fraterinternacional.org\/wp-content\/uploads\/2025\/03\/nature.jpg 720w\" sizes=\"(min-width: 2200px) 100vw, (min-width: 824px) 400px, (min-width: 732px) 600px, (min-width: 640px) 732px, \" \/><\/a><\/div><\/div><\/div><\/div><\/div><\/div><div class=\"fusion-clearfix\"><\/div><\/div><\/div><div class=\"fusion-layout-column fusion_builder_column fusion-builder-column-1 fusion_builder_column_1_2 1_2 fusion-one-half fusion-column-last fusion-animated\" style=\"--awb-bg-size:cover;width:50%;width:calc(50% - ( ( -1px ) * 0.5 ) );\" data-animationType=\"fadeInUp\" data-animationDuration=\"0.4\" data-animationOffset=\"top-into-view\"><div class=\"fusion-column-wrapper fusion-column-has-shadow fusion-flex-column-wrapper-legacy\"><div class=\"fusion-image-carousel fusion-image-carousel-auto fusion-image-carousel-2 fusion-carousel-border\"><div class=\"awb-carousel awb-swiper awb-swiper-carousel\" data-autoplay=\"no\" data-columns=\"3\" data-itemmargin=\"0\" data-itemwidth=\"180\" data-touchscroll=\"no\" data-imagesize=\"auto\" style=\"--awb-columns:3;--awb-column-spacing:0px;\"><div class=\"swiper-wrapper awb-image-carousel-wrapper fusion-flex-align-items-center\"><div class=\"swiper-slide\"><div class=\"fusion-carousel-item-wrapper\"><div class=\"fusion-image-wrapper hover-type-liftup\"><a href=\"https:\/\/www.fraterinternacional.org\/en\/activity\/#educacao\" target=\"_self\"><img decoding=\"async\" width=\"720\" height=\"1000\" src=\"https:\/\/www.fraterinternacional.org\/wp-content\/uploads\/2025\/07\/banner-arte-EN.jpg\" class=\"attachment-full size-full\" alt=\"\" srcset=\"https:\/\/www.fraterinternacional.org\/wp-content\/uploads\/2025\/07\/banner-arte-EN-200x278.jpg 200w, https:\/\/www.fraterinternacional.org\/wp-content\/uploads\/2025\/07\/banner-arte-EN-400x556.jpg 400w, https:\/\/www.fraterinternacional.org\/wp-content\/uploads\/2025\/07\/banner-arte-EN-600x833.jpg 600w, https:\/\/www.fraterinternacional.org\/wp-content\/uploads\/2025\/07\/banner-arte-EN.jpg 720w\" sizes=\"(min-width: 2200px) 100vw, (min-width: 824px) 400px, (min-width: 732px) 600px, (min-width: 640px) 732px, \" \/><\/a><\/div><\/div><\/div><div class=\"swiper-slide\"><div class=\"fusion-carousel-item-wrapper\"><div class=\"fusion-image-wrapper hover-type-liftup\"><a href=\"https:\/\/www.fraterinternacional.org\/en\/activity\/#grupal\" target=\"_self\"><img decoding=\"async\" width=\"720\" height=\"1000\" src=\"https:\/\/www.fraterinternacional.org\/wp-content\/uploads\/2025\/03\/community.jpg\" class=\"attachment-full size-full\" alt=\"\" srcset=\"https:\/\/www.fraterinternacional.org\/wp-content\/uploads\/2025\/03\/community-200x278.jpg 200w, https:\/\/www.fraterinternacional.org\/wp-content\/uploads\/2025\/03\/community-400x556.jpg 400w, https:\/\/www.fraterinternacional.org\/wp-content\/uploads\/2025\/03\/community-600x833.jpg 600w, https:\/\/www.fraterinternacional.org\/wp-content\/uploads\/2025\/03\/community.jpg 720w\" sizes=\"(min-width: 2200px) 100vw, (min-width: 824px) 400px, (min-width: 732px) 600px, (min-width: 640px) 732px, \" \/><\/a><\/div><\/div><\/div><div class=\"swiper-slide\"><div class=\"fusion-carousel-item-wrapper\"><div class=\"fusion-image-wrapper hover-type-liftup\"><a href=\"https:\/\/www.fraterinternacional.org\/en\/activity\/#oracao\" target=\"_self\"><img decoding=\"async\" width=\"720\" height=\"1000\" src=\"https:\/\/www.fraterinternacional.org\/wp-content\/uploads\/2025\/03\/ecumenical.jpg\" class=\"attachment-full size-full\" alt=\"\" srcset=\"https:\/\/www.fraterinternacional.org\/wp-content\/uploads\/2025\/03\/ecumenical-200x278.jpg 200w, https:\/\/www.fraterinternacional.org\/wp-content\/uploads\/2025\/03\/ecumenical-400x556.jpg 400w, https:\/\/www.fraterinternacional.org\/wp-content\/uploads\/2025\/03\/ecumenical-600x833.jpg 600w, https:\/\/www.fraterinternacional.org\/wp-content\/uploads\/2025\/03\/ecumenical.jpg 720w\" sizes=\"(min-width: 2200px) 100vw, (min-width: 824px) 400px, (min-width: 732px) 600px, (min-width: 640px) 732px, \" \/><\/a><\/div><\/div><\/div><\/div><\/div><\/div><div class=\"fusion-clearfix\"><\/div><\/div><\/div><\/div><\/div><div class=\"fusion-fullwidth fullwidth-box fusion-builder-row-2 hundred-percent-fullwidth non-hundred-percent-height-scrolling fusion-no-large-visibility\" style=\"--awb-border-radius-top-left:0px;--awb-border-radius-top-right:0px;--awb-border-radius-bottom-right:0px;--awb-border-radius-bottom-left:0px;--awb-padding-top:0px;--awb-padding-right:0px;--awb-padding-bottom:30px;--awb-padding-left:0px;--awb-margin-top:-10px;--awb-flex-wrap:wrap;\" ><div class=\"fusion-builder-row fusion-row\"><div class=\"fusion-layout-column fusion_builder_column fusion-builder-column-2 fusion_builder_column_1_1 1_1 fusion-one-full fusion-column-first fusion-column-last fusion-column-inner-bg-wrapper fusion-animated\" style=\"--awb-inner-bg-size:cover;\" data-animationType=\"fadeInUp\" data-animationDuration=\"0.4\" data-animationOffset=\"top-into-view\"><span class=\"fusion-column-inner-bg hover-type-none\"><a class=\"fusion-column-anchor\" href=\"https:\/\/www.fraterinternacional.org\/atuacao\/\"><span class=\"fusion-column-inner-bg-image\"><\/span><\/a><\/span><div class=\"fusion-column-wrapper fusion-column-has-shadow fusion-flex-column-wrapper-legacy\"><div class=\"fusion-image-carousel fusion-image-carousel-auto fusion-image-carousel-3 fusion-carousel-border\"><div class=\"awb-carousel awb-swiper awb-swiper-carousel\" data-autoplay=\"no\" data-columns=\"3\" data-itemmargin=\"0\" data-itemwidth=\"180\" data-touchscroll=\"no\" data-imagesize=\"auto\" style=\"--awb-columns:3;--awb-column-spacing:0px;\"><div class=\"swiper-wrapper awb-image-carousel-wrapper fusion-flex-align-items-center\"><div class=\"swiper-slide\"><div class=\"fusion-carousel-item-wrapper\"><div class=\"fusion-image-wrapper hover-type-liftup\"><a href=\"https:\/\/www.fraterinternacional.org\/en\/activity\/#missoes\" target=\"_self\"><img decoding=\"async\" width=\"720\" height=\"1000\" src=\"https:\/\/www.fraterinternacional.org\/wp-content\/uploads\/2025\/03\/Missions.jpg\" class=\"attachment-full size-full\" alt=\"\" srcset=\"https:\/\/www.fraterinternacional.org\/wp-content\/uploads\/2025\/03\/Missions-200x278.jpg 200w, https:\/\/www.fraterinternacional.org\/wp-content\/uploads\/2025\/03\/Missions-400x556.jpg 400w, https:\/\/www.fraterinternacional.org\/wp-content\/uploads\/2025\/03\/Missions-600x833.jpg 600w, https:\/\/www.fraterinternacional.org\/wp-content\/uploads\/2025\/03\/Missions.jpg 720w\" sizes=\"(min-width: 2200px) 100vw, (min-width: 732px) 600px, (min-width: 640px) 732px, \" \/><\/a><\/div><\/div><\/div><div class=\"swiper-slide\"><div class=\"fusion-carousel-item-wrapper\"><div class=\"fusion-image-wrapper hover-type-liftup\"><a href=\"https:\/\/www.fraterinternacional.org\/en\/activity\/#servico\" target=\"_self\"><img decoding=\"async\" width=\"720\" height=\"1000\" src=\"https:\/\/www.fraterinternacional.org\/wp-content\/uploads\/2025\/03\/Altruistie.jpg\" class=\"attachment-full size-full\" alt=\"\" srcset=\"https:\/\/www.fraterinternacional.org\/wp-content\/uploads\/2025\/03\/Altruistie-200x278.jpg 200w, https:\/\/www.fraterinternacional.org\/wp-content\/uploads\/2025\/03\/Altruistie-400x556.jpg 400w, https:\/\/www.fraterinternacional.org\/wp-content\/uploads\/2025\/03\/Altruistie-600x833.jpg 600w, https:\/\/www.fraterinternacional.org\/wp-content\/uploads\/2025\/03\/Altruistie.jpg 720w\" sizes=\"(min-width: 2200px) 100vw, (min-width: 732px) 600px, (min-width: 640px) 732px, \" \/><\/a><\/div><\/div><\/div><\/div><\/div><\/div><div class=\"fusion-sep-clear\"><\/div><div class=\"fusion-separator fusion-full-width-sep\" style=\"margin-left: auto;margin-right: auto;margin-top:-60px;width:100%;\"><\/div><div class=\"fusion-sep-clear\"><\/div><div class=\"fusion-image-carousel fusion-image-carousel-auto fusion-image-carousel-4 fusion-carousel-border\"><div class=\"awb-carousel awb-swiper awb-swiper-carousel\" data-autoplay=\"no\" data-columns=\"3\" data-itemmargin=\"0\" data-itemwidth=\"180\" data-touchscroll=\"no\" data-imagesize=\"auto\" style=\"--awb-columns:3;--awb-column-spacing:0px;\"><div class=\"swiper-wrapper awb-image-carousel-wrapper fusion-flex-align-items-center\"><div class=\"swiper-slide\"><div class=\"fusion-carousel-item-wrapper\"><div class=\"fusion-image-wrapper hover-type-liftup\"><a href=\"https:\/\/www.fraterinternacional.org\/en\/activity\/#ambiente\" target=\"_self\"><img decoding=\"async\" width=\"720\" height=\"1000\" src=\"https:\/\/www.fraterinternacional.org\/wp-content\/uploads\/2025\/03\/nature.jpg\" class=\"attachment-full size-full\" alt=\"\" srcset=\"https:\/\/www.fraterinternacional.org\/wp-content\/uploads\/2025\/03\/nature-200x278.jpg 200w, https:\/\/www.fraterinternacional.org\/wp-content\/uploads\/2025\/03\/nature-400x556.jpg 400w, https:\/\/www.fraterinternacional.org\/wp-content\/uploads\/2025\/03\/nature-600x833.jpg 600w, https:\/\/www.fraterinternacional.org\/wp-content\/uploads\/2025\/03\/nature.jpg 720w\" sizes=\"(min-width: 2200px) 100vw, (min-width: 732px) 600px, (min-width: 640px) 732px, \" \/><\/a><\/div><\/div><\/div><div class=\"swiper-slide\"><div class=\"fusion-carousel-item-wrapper\"><div class=\"fusion-image-wrapper hover-type-liftup\"><img decoding=\"async\" width=\"720\" height=\"1000\" src=\"https:\/\/www.fraterinternacional.org\/wp-content\/uploads\/2025\/07\/banner-arte-EN.jpg\" class=\"attachment-full size-full\" alt=\"\" srcset=\"https:\/\/www.fraterinternacional.org\/wp-content\/uploads\/2025\/07\/banner-arte-EN-200x278.jpg 200w, https:\/\/www.fraterinternacional.org\/wp-content\/uploads\/2025\/07\/banner-arte-EN-400x556.jpg 400w, https:\/\/www.fraterinternacional.org\/wp-content\/uploads\/2025\/07\/banner-arte-EN-600x833.jpg 600w, https:\/\/www.fraterinternacional.org\/wp-content\/uploads\/2025\/07\/banner-arte-EN.jpg 720w\" sizes=\"(min-width: 2200px) 100vw, (min-width: 732px) 600px, (min-width: 640px) 732px, \" \/><\/div><\/div><\/div><\/div><\/div><\/div><div class=\"fusion-sep-clear\"><\/div><div class=\"fusion-separator fusion-full-width-sep\" style=\"margin-left: auto;margin-right: auto;margin-top:-60px;width:100%;\"><\/div><div class=\"fusion-sep-clear\"><\/div><div class=\"fusion-image-carousel fusion-image-carousel-auto fusion-image-carousel-5 fusion-carousel-border\"><div class=\"awb-carousel awb-swiper awb-swiper-carousel\" data-autoplay=\"no\" data-columns=\"3\" data-itemmargin=\"0\" data-itemwidth=\"180\" data-touchscroll=\"no\" data-imagesize=\"auto\" style=\"--awb-columns:3;--awb-column-spacing:0px;\"><div class=\"swiper-wrapper awb-image-carousel-wrapper fusion-flex-align-items-center\"><div class=\"swiper-slide\"><div class=\"fusion-carousel-item-wrapper\"><div class=\"fusion-image-wrapper hover-type-liftup\"><a href=\"https:\/\/www.fraterinternacional.org\/en\/activity\/#grupal\" target=\"_self\"><img decoding=\"async\" width=\"720\" height=\"1000\" src=\"https:\/\/www.fraterinternacional.org\/wp-content\/uploads\/2025\/03\/community.jpg\" class=\"attachment-full size-full\" alt=\"\" srcset=\"https:\/\/www.fraterinternacional.org\/wp-content\/uploads\/2025\/03\/community-200x278.jpg 200w, https:\/\/www.fraterinternacional.org\/wp-content\/uploads\/2025\/03\/community-400x556.jpg 400w, https:\/\/www.fraterinternacional.org\/wp-content\/uploads\/2025\/03\/community-600x833.jpg 600w, https:\/\/www.fraterinternacional.org\/wp-content\/uploads\/2025\/03\/community.jpg 720w\" sizes=\"(min-width: 2200px) 100vw, (min-width: 732px) 600px, (min-width: 640px) 732px, \" \/><\/a><\/div><\/div><\/div><div class=\"swiper-slide\"><div class=\"fusion-carousel-item-wrapper\"><div class=\"fusion-image-wrapper hover-type-liftup\"><a href=\"https:\/\/www.fraterinternacional.org\/en\/activity\/#oracao\" target=\"_self\"><img decoding=\"async\" width=\"720\" height=\"1000\" src=\"https:\/\/www.fraterinternacional.org\/wp-content\/uploads\/2025\/03\/ecumenical.jpg\" class=\"attachment-full size-full\" alt=\"\" srcset=\"https:\/\/www.fraterinternacional.org\/wp-content\/uploads\/2025\/03\/ecumenical-200x278.jpg 200w, https:\/\/www.fraterinternacional.org\/wp-content\/uploads\/2025\/03\/ecumenical-400x556.jpg 400w, https:\/\/www.fraterinternacional.org\/wp-content\/uploads\/2025\/03\/ecumenical-600x833.jpg 600w, https:\/\/www.fraterinternacional.org\/wp-content\/uploads\/2025\/03\/ecumenical.jpg 720w\" sizes=\"(min-width: 2200px) 100vw, (min-width: 732px) 600px, (min-width: 640px) 732px, \" \/><\/a><\/div><\/div><\/div><\/div><\/div><\/div><div class=\"fusion-clearfix\"><\/div><\/div><\/div><\/div><\/div><div class=\"fusion-fullwidth fullwidth-box fusion-builder-row-3 nonhundred-percent-fullwidth non-hundred-percent-height-scrolling\" style=\"--awb-border-radius-top-left:0px;--awb-border-radius-top-right:0px;--awb-border-radius-bottom-right:0px;--awb-border-radius-bottom-left:0px;--awb-padding-top:0px;--awb-padding-right:0px;--awb-padding-bottom:40px;--awb-padding-left:0px;--awb-margin-top:-10px;--awb-flex-wrap:wrap;\" ><div class=\"fusion-builder-row fusion-row\"><div class=\"fusion-layout-column fusion_builder_column fusion-builder-column-3 fusion_builder_column_1_1 1_1 fusion-one-full fusion-column-first fusion-column-last\" style=\"--awb-padding-right:6%;--awb-padding-left:6%;--awb-bg-size:cover;\"><div class=\"fusion-column-wrapper fusion-column-has-shadow fusion-flex-column-wrapper-legacy\"><div class=\"fusion-text fusion-text-1\"><p style=\"text-align: center;\">The <strong>Fraternity \u2013 International Humanitarian Federation (FIHF)<\/strong> is a non-profit civil association that is active in 28 countries. Its world headquarters is located in the municipality of Carmo da Cachoeira, Minas Gerais, Brazil. It welcomes all beliefs, cultures, and religions and has no connections with political, economic or religious groups. It brings together 25 national and international civil associations that carry out humanitarian, environmental, cultural and philosophic volunteer activities.<\/p>\n<\/div><div class=\"aligncenter\"><div class=\"fusion-social-links fusion-social-links-1\" style=\"--awb-margin-top:0px;--awb-margin-right:0px;--awb-margin-bottom:0px;--awb-margin-left:0px;--awb-alignment:center;--awb-box-border-top:0px;--awb-box-border-right:0px;--awb-box-border-bottom:0px;--awb-box-border-left:0px;--awb-icon-colors-hover:rgba(255,255,255,0.8);--awb-box-colors-hover:rgba(232,232,232,0.8);--awb-box-border-color:var(--awb-color3);--awb-box-border-color-hover:var(--awb-color4);\"><div class=\"fusion-social-networks color-type-custom\"><div class=\"fusion-social-networks-wrapper\"><a class=\"fusion-social-network-icon fusion-tooltip fusion-instagram awb-icon-instagram\" style=\"color:#55555;font-size:22px;\" data-placement=\"top\" data-title=\"Instagram\" data-toggle=\"tooltip\" title=\"Instagram\" aria-label=\"instagram\" target=\"_blank\" rel=\"noopener noreferrer\" href=\"https:\/\/www.instagram.com\/fraternidadehumanitaria\/\"><\/a><a class=\"fusion-social-network-icon fusion-tooltip fusion-youtube awb-icon-youtube\" style=\"color:#55555;font-size:22px;\" data-placement=\"top\" data-title=\"YouTube\" data-toggle=\"tooltip\" title=\"YouTube\" aria-label=\"youtube\" target=\"_blank\" rel=\"noopener noreferrer\" href=\"https:\/\/www.youtube.com\/channel\/UCjZLon4RSuD3btCwQA22zmw?sub_confirmation=1\"><\/a><a class=\"fusion-social-network-icon fusion-tooltip fusion-telegram fa-telegram-plane fab\" style=\"color:#55555;font-size:22px;\" data-placement=\"top\" data-title=\"Telegram\" data-toggle=\"tooltip\" title=\"Telegram\" aria-label=\"telegram\" target=\"_blank\" rel=\"noopener noreferrer\" href=\"https:\/\/t.me\/fraternidadehumanitaria\"><\/a><\/div><\/div><\/div><\/div><div class=\"fusion-clearfix\"><\/div><\/div><\/div><\/div><\/div><div id=\"mundo\" class=\"fusion-container-anchor\"><div class=\"fusion-fullwidth fullwidth-box fusion-builder-row-4 nonhundred-percent-fullwidth non-hundred-percent-height-scrolling\" style=\"--awb-border-radius-top-left:0px;--awb-border-radius-top-right:0px;--awb-border-radius-bottom-right:0px;--awb-border-radius-bottom-left:0px;--awb-padding-bottom:2%;--awb-background-color:#102e66;--awb-flex-wrap:wrap;\" ><div class=\"fusion-builder-row fusion-row\"><div class=\"fusion-layout-column fusion_builder_column fusion-builder-column-4 fusion_builder_column_1_1 1_1 fusion-one-full fusion-column-first fusion-column-last\" style=\"--awb-bg-size:cover;--awb-margin-bottom:40px;\"><div class=\"fusion-column-wrapper fusion-column-has-shadow fusion-flex-column-wrapper-legacy\"><div class=\"fusion-section-separator section-separator slant fusion-section-separator-1\" style=\"--awb-spacer-height:99px;--awb-svg-margin-left:0;--awb-svg-margin-right:0;--awb-divider-height:99px;--awb-spacer-padding-top:inherit;--awb-sep-padding:0;--awb-svg-padding:0;\"><div class=\"fusion-section-separator-svg\"><svg class=\"fusion-slant-candy\" xmlns=\"http:\/\/www.w3.org\/2000\/svg\" version=\"1.1\" width=\"100%\" height=\"100\" viewBox=\"0 0 100 100\" preserveAspectRatio=\"none\" fill=\"rgba(250,244,238,1)\"><path d=\"M0 100 L0 0 L100 0 Z\"><\/path><\/svg><\/div><div class=\"fusion-section-separator-spacer\"><div class=\"fusion-section-separator-spacer-height\"><\/div><\/div><\/div><div class=\"fusion-clearfix\"><\/div><\/div><\/div><div class=\"fusion-layout-column fusion_builder_column fusion-builder-column-5 fusion_builder_column_1_1 1_1 fusion-one-full fusion-column-first fusion-column-last fusion-animated\" style=\"--awb-padding-top:2%;--awb-overflow:hidden;--awb-bg-size:cover;--awb-box-shadow: 0px 0px ;;--awb-border-radius:2px 2px 2px 2px;\" data-animationType=\"zoomInLeft\" data-animationDuration=\"0.3\" data-animationOffset=\"top-into-view\"><div class=\"fusion-column-wrapper fusion-column-has-shadow fusion-flex-column-wrapper-legacy\"><div class=\"fusion-title title fusion-title-1 fusion-sep-none fusion-title-center fusion-title-text fusion-title-size-one fusion-animated\" style=\"--awb-text-color:#ffffff;\" data-animationType=\"slideInDown\" data-animationDuration=\"0.3\" data-animationOffset=\"top-into-view\"><h1 class=\"fusion-title-heading title-heading-center fusion-responsive-typography-calculated\" style=\"margin:0;--fontSize:38;line-height:1.41;\">AFFILIATES ASSOCIATIONS<\/h1><\/div><div class=\"fusion-text fusion-text-2\"><div id=\"mapplic-id122435\" data-mapdata=\"{&quot;mapwidth&quot;:&quot;750&quot;,&quot;mapheight&quot;:&quot;750&quot;,&quot;height&quot;:&quot;700&quot;,&quot;action&quot;:&quot;open-link-new-tab&quot;,&quot;moretext&quot;:&quot;Saiba mais&quot;,&quot;maxscale&quot;:&quot;2&quot;,&quot;customcss&quot;:&quot;.mapplic-pin.pin-image {background-size:65px;width:45px;height: 45px;border: 0px solid #ddd; transform: scale(2.2)!important;}\\n.mapplic-pin.pin-lg {background-color:transparent; background-size:60px; width:60px; height: 60px; border: 0px solid #ddd; transform: scale(2.2)!important; margin:0px;}&quot;,&quot;fullscreen&quot;:false,&quot;hovertip&quot;:true,&quot;hovertipdesc&quot;:false,&quot;smartip&quot;:false,&quot;deeplinking&quot;:true,&quot;linknewtab&quot;:true,&quot;minimap&quot;:false,&quot;animations&quot;:false,&quot;zoom&quot;:false,&quot;zoombuttons&quot;:false,&quot;clearbutton&quot;:true,&quot;zoomoutclose&quot;:false,&quot;closezoomout&quot;:false,&quot;mousewheel&quot;:true,&quot;mapfill&quot;:false,&quot;sidebar&quot;:false,&quot;search&quot;:false,&quot;searchdescription&quot;:false,&quot;alphabetic&quot;:false,&quot;thumbholder&quot;:false,&quot;sidebartoggle&quot;:false,&quot;filtersopened&quot;:false,&quot;highlight&quot;:false,&quot;levels&quot;:[{&quot;id&quot;:&quot;my-map&quot;,&quot;title&quot;:&quot;My Map&quot;,&quot;map&quot;:&quot;\\\/\\\/www.fraterinternacional.org\\\/wp-content\\\/uploads\\\/2025\\\/03\\\/fundo-filiadas-EN02.png&quot;,&quot;minimap&quot;:&quot;&quot;,&quot;show&quot;:&quot;true&quot;}],&quot;styles&quot;:[],&quot;categories&quot;:[],&quot;locations&quot;:[{&quot;id&quot;:&quot;c01&quot;,&quot;title&quot;:&quot;Light-Community of Figueira&quot;,&quot;action&quot;:&quot;default&quot;,&quot;x&quot;:&quot;0.1450&quot;,&quot;y&quot;:&quot;0.1791&quot;,&quot;label&quot;:&quot;https:\\\/\\\/www.fraterinternacional.org\\\/wp-content\\\/uploads\\\/2022\\\/10\\\/logo-figueira-nova.png&quot;,&quot;level&quot;:&quot;my-map&quot;,&quot;link&quot;:&quot;http:\\\/\\\/www.comunidadefigueira.org.br\\\/en\\\/&quot;,&quot;pin&quot;:&quot;pin-lg pin-label&quot;},{&quot;id&quot;:&quot;cbase&quot;,&quot;title&quot;:&quot;Light-Community&quot;,&quot;pin&quot;:&quot;pin-text pin-label pin-lg&quot;,&quot;link&quot;:&quot;https:\\\/\\\/www.fraterinternacional.org\\\/en\\\/light-community\\\/&quot;,&quot;action&quot;:&quot;open-link&quot;,&quot;x&quot;:&quot;0.4993&quot;,&quot;y&quot;:&quot;0.1835&quot;,&quot;level&quot;:&quot;my-map&quot;},{&quot;id&quot;:&quot;co02&quot;,&quot;title&quot;:&quot;Light-Community of the New Earth (Crer-Sendo)&quot;,&quot;label&quot;:&quot;https:\\\/\\\/www.fraterinternacional.org\\\/wp-content\\\/uploads\\\/2023\\\/10\\\/logo-novaterra-2.png&quot;,&quot;link&quot;:&quot;https:\\\/\\\/comunidadeluznovaterra.org\\\/&quot;,&quot;action&quot;:&quot;default&quot;,&quot;x&quot;:&quot;0.0507&quot;,&quot;y&quot;:&quot;0.2848&quot;,&quot;level&quot;:&quot;my-map&quot;,&quot;pin&quot;:&quot;pin-lg pin-label&quot;},{&quot;id&quot;:&quot;co03&quot;,&quot;title&quot;:&quot;Light-Community Fraternity of Aurora&quot;,&quot;label&quot;:&quot;https:\\\/\\\/www.fraterinternacional.org\\\/wp-content\\\/uploads\\\/2021\\\/06\\\/logo-aurora01.png&quot;,&quot;link&quot;:&quot;https:\\\/\\\/www.fraternidadaurora.org\\\/en&quot;,&quot;action&quot;:&quot;default&quot;,&quot;x&quot;:&quot;0.0893&quot;,&quot;y&quot;:&quot;0.2205&quot;,&quot;level&quot;:&quot;my-map&quot;,&quot;pin&quot;:&quot;pin-lg pin-label&quot;},{&quot;id&quot;:&quot;co04&quot;,&quot;title&quot;:&quot;Light-Community of the Brotherhood&quot;,&quot;label&quot;:&quot;https:\\\/\\\/www.fraterinternacional.org\\\/wp-content\\\/uploads\\\/2021\\\/06\\\/logo-hermandad02.png&quot;,&quot;link&quot;:&quot;https:\\\/\\\/www.fraterinternacional.org\\\/en\\\/affiliates\\\/light-community-of-brotherhood\\\/&quot;,&quot;action&quot;:&quot;default&quot;,&quot;x&quot;:&quot;0.0507&quot;,&quot;y&quot;:&quot;0.3548&quot;,&quot;level&quot;:&quot;my-map&quot;,&quot;pin&quot;:&quot;pin-lg pin-label&quot;},{&quot;id&quot;:&quot;co05&quot;,&quot;title&quot;:&quot;Light-Community of Fleur-de-Lys&quot;,&quot;label&quot;:&quot;https:\\\/\\\/www.fraterinternacional.org\\\/wp-content\\\/uploads\\\/2021\\\/06\\\/logo-CLLyz01.png&quot;,&quot;link&quot;:&quot;https:\\\/\\\/www.fraterinternacional.org\\\/en\\\/affiliates\\\/light-community-of-fleur-de-lys\\\/&quot;,&quot;action&quot;:&quot;default&quot;,&quot;x&quot;:&quot;0.0807&quot;,&quot;y&quot;:&quot;0.4162&quot;,&quot;level&quot;:&quot;my-map&quot;,&quot;pin&quot;:&quot;pin-lg pin-label&quot;},{&quot;id&quot;:&quot;rd01&quot;,&quot;title&quot;:&quot;Light-Network&quot;,&quot;description&quot;:&quot;&lt;p data-fontsize=\\&quot;38\\&quot; data-lineheight=\\&quot;51.3px\\&quot;&gt;There are 241 groups that make up the Light-Network in 24 countries&lt;\\\/p&gt;&quot;,&quot;pin&quot;:&quot;pin-lg pin-label&quot;,&quot;label&quot;:&quot;https:\\\/\\\/www.fraterinternacional.org\\\/wp-content\\\/uploads\\\/2021\\\/06\\\/logo-redeluz01.png&quot;,&quot;link&quot;:&quot;https:\\\/\\\/www.fraterinternacional.org\\\/en\\\/light-network\\\/&quot;,&quot;action&quot;:&quot;default&quot;,&quot;x&quot;:&quot;0.0421&quot;,&quot;y&quot;:&quot;0.6619&quot;,&quot;level&quot;:&quot;my-map&quot;},{&quot;id&quot;:&quot;nl0&quot;,&quot;title&quot;:&quot;Light Nucleus&quot;,&quot;pin&quot;:&quot;pin-text pin-label pin-lg&quot;,&quot;link&quot;:&quot;https:\\\/\\\/www.fraterinternacional.org\\\/en\\\/light-nucleus\\\/&quot;,&quot;action&quot;:&quot;open-link&quot;,&quot;x&quot;:&quot;0.7921&quot;,&quot;y&quot;:&quot;0.3521&quot;,&quot;level&quot;:&quot;my-map&quot;},{&quot;id&quot;:&quot;nl01&quot;,&quot;title&quot;:&quot;Light-Nucleus in S\\u00e3o Carlos&quot;,&quot;label&quot;:&quot;https:\\\/\\\/www.fraterinternacional.org\\\/en\\\/affiliates\\\/light-nucleus-in-sao-carlos\\\/&quot;,&quot;link&quot;:&quot;https:\\\/\\\/www.fraterinternacional.org\\\/filiadas\\\/nucleo-luz-sao-carlos\\\/&quot;,&quot;action&quot;:&quot;default&quot;,&quot;x&quot;:&quot;0.8750&quot;,&quot;y&quot;:&quot;0.2292&quot;,&quot;level&quot;:&quot;my-map&quot;,&quot;pin&quot;:&quot;pin-lg pin-label&quot;},{&quot;id&quot;:&quot;nl03&quot;,&quot;title&quot;:&quot;Light-Nucleus in S\\u00e3o Paulo&quot;,&quot;label&quot;:&quot;https:\\\/\\\/www.fraterinternacional.org\\\/wp-content\\\/uploads\\\/2022\\\/10\\\/logo-figueira-nova.png&quot;,&quot;link&quot;:&quot;https:\\\/\\\/www.fraterinternacional.org\\\/en\\\/affiliates\\\/light-nucleus-in-sao-paulo\\\/&quot;,&quot;action&quot;:&quot;default&quot;,&quot;x&quot;:&quot;0.3821&quot;,&quot;y&quot;:&quot;0.9019&quot;,&quot;level&quot;:&quot;my-map&quot;,&quot;pin&quot;:&quot;pin-lg pin-label&quot;},{&quot;id&quot;:&quot;nl05&quot;,&quot;title&quot;:&quot;Light-Community Flor do Sagrado Tepui of Roraima&quot;,&quot;label&quot;:&quot;https:\\\/\\\/www.fraterinternacional.org\\\/wp-content\\\/uploads\\\/2022\\\/09\\\/logo-CL-roraima.png&quot;,&quot;link&quot;:&quot;https:\\\/\\\/www.fraterinternacional.org\\\/en\\\/affiliates\\\/light-community-roraima\\\/&quot;,&quot;action&quot;:&quot;default&quot;,&quot;x&quot;:&quot;0.1379&quot;,&quot;y&quot;:&quot;0.4591&quot;,&quot;level&quot;:&quot;my-map&quot;,&quot;pin&quot;:&quot;pin-lg pin-label&quot;},{&quot;id&quot;:&quot;nl04&quot;,&quot;title&quot;:&quot;Light-Nucleus in Bras\\u00edlia&quot;,&quot;label&quot;:&quot;https:\\\/\\\/www.fraterinternacional.org\\\/wp-content\\\/uploads\\\/2022\\\/10\\\/logo-figueira-nova.png&quot;,&quot;link&quot;:&quot;https:\\\/\\\/www.fraterinternacional.org\\\/en\\\/affiliates\\\/light-nucleus-in-brasilia\\\/&quot;,&quot;action&quot;:&quot;default&quot;,&quot;x&quot;:&quot;0.5264&quot;,&quot;y&quot;:&quot;0.9376&quot;,&quot;level&quot;:&quot;my-map&quot;,&quot;pin&quot;:&quot;pin-lg pin-label&quot;},{&quot;id&quot;:&quot;aci01&quot;,&quot;title&quot;:&quot;Association Irdin Editora&quot;,&quot;pin&quot;:&quot;pin-lg pin-label&quot;,&quot;label&quot;:&quot;https:\\\/\\\/www.fraterinternacional.org\\\/wp-content\\\/uploads\\\/2021\\\/06\\\/logo-irdin01.png&quot;,&quot;link&quot;:&quot;https:\\\/\\\/www.irdin.org.br\\\/site\\\/&quot;,&quot;action&quot;:&quot;default&quot;,&quot;x&quot;:&quot;0.4164&quot;,&quot;y&quot;:&quot;0.0376&quot;,&quot;level&quot;:&quot;my-map&quot;},{&quot;id&quot;:&quot;aci02&quot;,&quot;title&quot;:&quot;Irdin \\u2013 Association in Europe&quot;,&quot;pin&quot;:&quot;pin-lg pin-label&quot;,&quot;label&quot;:&quot;https:\\\/\\\/www.fraterinternacional.org\\\/wp-content\\\/uploads\\\/2021\\\/06\\\/logo-irdin-europa01.png&quot;,&quot;link&quot;:&quot;https:\\\/\\\/www.fraterinternacional.org\\\/en\\\/affiliates\\\/irdin-editora-europa\\\/&quot;,&quot;action&quot;:&quot;default&quot;,&quot;x&quot;:&quot;0.5650&quot;,&quot;y&quot;:&quot;0.0348&quot;,&quot;level&quot;:&quot;my-map&quot;},{&quot;id&quot;:&quot;aci03&quot;,&quot;title&quot;:&quot;Shasti Association Incorporation&quot;,&quot;pin&quot;:&quot;pin-lg pin-label&quot;,&quot;label&quot;:&quot;https:\\\/\\\/www.fraterinternacional.org\\\/wp-content\\\/uploads\\\/2021\\\/06\\\/logo-shasti01.png&quot;,&quot;link&quot;:&quot;http:\\\/\\\/www.shasti.org\\\/&quot;,&quot;action&quot;:&quot;default&quot;,&quot;x&quot;:&quot;0.4921&quot;,&quot;y&quot;:&quot;0.0219&quot;,&quot;level&quot;:&quot;my-map&quot;},{&quot;id&quot;:&quot;aci0&quot;,&quot;title&quot;:&quot;Instruction Association&quot;,&quot;pin&quot;:&quot;pin-text pin-label pin-lg&quot;,&quot;link&quot;:&quot;https:\\\/\\\/www.fraterinternacional.org\\\/en\\\/instruction-associations\\\/&quot;,&quot;action&quot;:&quot;default&quot;,&quot;x&quot;:&quot;0.5250&quot;,&quot;y&quot;:&quot;0.8121&quot;,&quot;level&quot;:&quot;my-map&quot;},{&quot;id&quot;:&quot;scr02&quot;,&quot;title&quot;:&quot;Associa\\u00e7\\u00e3o Maria&quot;,&quot;label&quot;:&quot;https:\\\/\\\/www.fraterinternacional.org\\\/wp-content\\\/uploads\\\/2021\\\/06\\\/logo-AM01.png&quot;,&quot;link&quot;:&quot;https:\\\/\\\/www.mensajerosdivinos.org\\\/pt-br\\\/asociacion-maria&quot;,&quot;action&quot;:&quot;default&quot;,&quot;x&quot;:&quot;0.8664&quot;,&quot;y&quot;:&quot;0.2005&quot;,&quot;level&quot;:&quot;my-map&quot;,&quot;pin&quot;:&quot;pin-lg pin-label&quot;},{&quot;id&quot;:&quot;scr02&quot;,&quot;title&quot;:&quot;Ordem Gra\\u00e7a Miseric\\u00f3rdia&quot;,&quot;pin&quot;:&quot;pin-image pin-label&quot;,&quot;label&quot;:&quot;https:\\\/\\\/www.fraterinternacional.org\\\/wp-content\\\/uploads\\\/2020\\\/05\\\/logo-OGM01.png&quot;,&quot;link&quot;:&quot;https:\\\/\\\/www.fraterinternacional.org\\\/filiada\\\/ordem-graca-misericordia\\\/?portfolioCats=4314&quot;,&quot;image&quot;:&quot;https:\\\/\\\/www.fraterinternacional.org\\\/wp-content\\\/uploads\\\/2020\\\/05\\\/logo-OGM01.png&quot;,&quot;action&quot;:&quot;default&quot;,&quot;x&quot;:&quot;0.1079&quot;,&quot;y&quot;:&quot;0.6721&quot;,&quot;level&quot;:&quot;my-map&quot;},{&quot;id&quot;:&quot;ar0&quot;,&quot;title&quot;:&quot;Service Association&quot;,&quot;action&quot;:&quot;default&quot;,&quot;x&quot;:&quot;0.7707&quot;,&quot;y&quot;:&quot;0.6335&quot;,&quot;level&quot;:&quot;my-map&quot;,&quot;pin&quot;:&quot;pin-text pin-label pin-lg&quot;,&quot;link&quot;:&quot;https:\\\/\\\/www.fraterinternacional.org\\\/associacoes-de-servico\\\/&quot;},{&quot;id&quot;:&quot;as01&quot;,&quot;title&quot;:&quot;Fraternity \\u2013 International Humanitarian Missions (FIHM)&quot;,&quot;pin&quot;:&quot;pin-lg pin-label&quot;,&quot;label&quot;:&quot;https:\\\/\\\/www.fraterinternacional.org\\\/wp-content\\\/uploads\\\/2021\\\/07\\\/logo-FMHI-EN.png&quot;,&quot;link&quot;:&quot;https:\\\/\\\/www.missoeshumanitarias.org\\\/en\\\/&quot;,&quot;action&quot;:&quot;default&quot;,&quot;x&quot;:&quot;0.8650&quot;,&quot;y&quot;:&quot;0.5362&quot;,&quot;level&quot;:&quot;my-map&quot;},{&quot;id&quot;:&quot;as02&quot;,&quot;title&quot;:&quot;House of the Light of the Hill&quot;,&quot;pin&quot;:&quot;pin-lg pin-label&quot;,&quot;label&quot;:&quot;https:\\\/\\\/www.fraterinternacional.org\\\/wp-content\\\/uploads\\\/2021\\\/06\\\/logo-CLC01.png&quot;,&quot;link&quot;:&quot;http:\\\/\\\/www.casaluzdacolina.org.br\\\/&quot;,&quot;action&quot;:&quot;default&quot;,&quot;x&quot;:&quot;0.9264&quot;,&quot;y&quot;:&quot;0.6605&quot;,&quot;level&quot;:&quot;my-map&quot;},{&quot;id&quot;:&quot;as03&quot;,&quot;title&quot;:&quot;House of the Christ of the Good&quot;,&quot;pin&quot;:&quot;pin-lg pin-label&quot;,&quot;label&quot;:&quot;https:\\\/\\\/www.fraterinternacional.org\\\/wp-content\\\/uploads\\\/2021\\\/06\\\/logo-casa-cristo01.png&quot;,&quot;link&quot;:&quot;http:\\\/\\\/www.casacristodobem.org.br\\\/&quot;,&quot;action&quot;:&quot;default&quot;,&quot;x&quot;:&quot;0.9064&quot;,&quot;y&quot;:&quot;0.7262&quot;,&quot;level&quot;:&quot;my-map&quot;},{&quot;id&quot;:&quot;as04&quot;,&quot;title&quot;:&quot;Francisco de Assis Park&quot;,&quot;pin&quot;:&quot;pin-lg pin-label&quot;,&quot;label&quot;:&quot;https:\\\/\\\/www.fraterinternacional.org\\\/wp-content\\\/uploads\\\/2021\\\/06\\\/logo-parqueFassis01.png&quot;,&quot;link&quot;:&quot;http:\\\/\\\/www.parquefranciscodeassis.com.br\\\/&quot;,&quot;action&quot;:&quot;default&quot;,&quot;x&quot;:&quot;0.8450&quot;,&quot;y&quot;:&quot;0.7791&quot;,&quot;level&quot;:&quot;my-map&quot;},{&quot;id&quot;:&quot;as05&quot;,&quot;title&quot;:&quot;Camino del Servicio&quot;,&quot;pin&quot;:&quot;pin-lg pin-label&quot;,&quot;label&quot;:&quot;https:\\\/\\\/www.fraterinternacional.org\\\/wp-content\\\/uploads\\\/2021\\\/06\\\/logo-FFHI-filiadas-neutra.png&quot;,&quot;link&quot;:&quot;https:\\\/\\\/www.fraterinternacional.org\\\/en\\\/affiliates\\\/camino-del-servicio\\\/&quot;,&quot;action&quot;:&quot;default&quot;,&quot;x&quot;:&quot;0.7764&quot;,&quot;y&quot;:&quot;0.8048&quot;,&quot;level&quot;:&quot;my-map&quot;},{&quot;id&quot;:&quot;ar0&quot;,&quot;title&quot;:&quot;Associa\\u00e7\\u00f5es Religiosas&quot;,&quot;pin&quot;:&quot;pin-icon pin-label&quot;,&quot;link&quot;:&quot;https:\\\/\\\/www.fraterinternacional.org\\\/filhas\\\/associacoes-religiosas\\\/&quot;,&quot;action&quot;:&quot;open-link&quot;,&quot;x&quot;:&quot;0.8469&quot;,&quot;y&quot;:&quot;0.7009&quot;},{&quot;title&quot;:&quot;N\\u00facleo-Luz de Figueira em Belo Horizonte&quot;,&quot;id&quot;:&quot;nl01&quot;,&quot;label&quot;:&quot;https:\\\/\\\/www.fraterinternacional.org\\\/wp-content\\\/uploads\\\/2020\\\/05\\\/logo-figueira-1.png&quot;,&quot;link&quot;:&quot;https:\\\/\\\/www.fraterinternacional.org\\\/filiadas\\\/nucleo-luz-belo-horizonte\\\/&quot;,&quot;image&quot;:&quot;https:\\\/\\\/www.fraterinternacional.org\\\/wp-content\\\/uploads\\\/2020\\\/05\\\/logo-figueira-1.png&quot;,&quot;action&quot;:&quot;default&quot;,&quot;x&quot;:&quot;0.8436&quot;,&quot;y&quot;:&quot;0.2463&quot;,&quot;level&quot;:&quot;my-map&quot;},{&quot;title&quot;:&quot;Light-Nucleus in Belo Horizonte&quot;,&quot;id&quot;:&quot;nl02&quot;,&quot;pin&quot;:&quot;pin-lg pin-label&quot;,&quot;label&quot;:&quot;https:\\\/\\\/www.fraterinternacional.org\\\/wp-content\\\/uploads\\\/2022\\\/10\\\/logo-figueira-nova.png&quot;,&quot;link&quot;:&quot;https:\\\/\\\/www.fraterinternacional.org\\\/en\\\/affiliates\\\/light-nucleus-in-belo-horizonte\\\/&quot;,&quot;action&quot;:&quot;default&quot;,&quot;x&quot;:&quot;0.5921&quot;,&quot;y&quot;:&quot;0.9048&quot;,&quot;level&quot;:&quot;my-map&quot;},{&quot;title&quot;:&quot;Religious Association&quot;,&quot;id&quot;:&quot;asr03&quot;,&quot;pin&quot;:&quot;pin-text pin-label pin-lg&quot;,&quot;link&quot;:&quot;https:\\\/\\\/www.fraterinternacional.org\\\/en\\\/instruction-associations\\\/&quot;,&quot;action&quot;:&quot;default&quot;,&quot;x&quot;:&quot;0.2179&quot;,&quot;y&quot;:&quot;0.6363&quot;,&quot;level&quot;:&quot;my-map&quot;},{&quot;title&quot;:&quot;Ordem Gra\\u00e7a Miseric\\u00f3rdia&quot;,&quot;id&quot;:&quot;scr02&quot;,&quot;pin&quot;:&quot;pin-lg pin-label&quot;,&quot;label&quot;:&quot;https:\\\/\\\/www.fraterinternacional.org\\\/wp-content\\\/uploads\\\/2020\\\/05\\\/logo-OGM01.png&quot;,&quot;link&quot;:&quot;http:\\\/\\\/www.ogmisericordia.org\\\/&quot;,&quot;image&quot;:&quot;https:\\\/\\\/www.fraterinternacional.org\\\/wp-content\\\/uploads\\\/2020\\\/05\\\/logo-OGM01.png&quot;,&quot;action&quot;:&quot;default&quot;,&quot;x&quot;:&quot;0.0879&quot;,&quot;y&quot;:&quot;0.6649&quot;,&quot;level&quot;:&quot;my-map&quot;},{&quot;title&quot;:&quot;Grace Mercy Order - Brazil&quot;,&quot;id&quot;:&quot;ogm&quot;,&quot;pin&quot;:&quot;pin-lg pin-label&quot;,&quot;label&quot;:&quot;https:\\\/\\\/www.fraterinternacional.org\\\/wp-content\\\/uploads\\\/2021\\\/06\\\/logo-OGM01.png&quot;,&quot;link&quot;:&quot;https:\\\/\\\/www.mensajerosdivinos.org\\\/en\\\/grace-mercy-order&quot;,&quot;action&quot;:&quot;default&quot;,&quot;x&quot;:&quot;0.9136&quot;,&quot;y&quot;:&quot;0.2562&quot;,&quot;level&quot;:&quot;my-map&quot;},{&quot;title&quot;:&quot;Fraternity \\u2013 International Humanitarian Missions (FIHM) Geneva&quot;,&quot;id&quot;:&quot;ac0g&quot;,&quot;pin&quot;:&quot;pin-lg pin-label&quot;,&quot;label&quot;:&quot;https:\\\/\\\/www.fraterinternacional.org\\\/wp-content\\\/uploads\\\/2021\\\/09\\\/logo-FMHI-FR.png&quot;,&quot;link&quot;:&quot;https:\\\/\\\/www.missoeshumanitarias.org\\\/en\\\/affiliated-in-geneva\\\/&quot;,&quot;action&quot;:&quot;default&quot;,&quot;x&quot;:&quot;0.9121&quot;,&quot;y&quot;:&quot;0.5919&quot;,&quot;level&quot;:&quot;my-map&quot;},{&quot;title&quot;:&quot;Orden Gracia Misericordia - Portugal&quot;,&quot;id&quot;:&quot;ogmes&quot;,&quot;pin&quot;:&quot;pin-lg pin-label&quot;,&quot;label&quot;:&quot;https:\\\/\\\/www.fraterinternacional.org\\\/wp-content\\\/uploads\\\/2021\\\/06\\\/logo-OGM01.png&quot;,&quot;link&quot;:&quot;https:\\\/\\\/www.mensajerosdivinos.org\\\/es\\\/la-orden-gracia-misericordia&quot;,&quot;action&quot;:&quot;default&quot;,&quot;x&quot;:&quot;0.9321&quot;,&quot;y&quot;:&quot;0.3348&quot;,&quot;level&quot;:&quot;my-map&quot;},{&quot;title&quot;:&quot;Grace Mercy Order Community - USA&quot;,&quot;id&quot;:&quot;ogmen&quot;,&quot;pin&quot;:&quot;pin-lg pin-label&quot;,&quot;label&quot;:&quot;https:\\\/\\\/www.fraterinternacional.org\\\/wp-content\\\/uploads\\\/2021\\\/06\\\/logo-OGM01.png&quot;,&quot;link&quot;:&quot;https:\\\/\\\/www.mensajerosdivinos.org\\\/en\\\/grace-mercy-order&quot;,&quot;action&quot;:&quot;default&quot;,&quot;x&quot;:&quot;0.8979&quot;,&quot;y&quot;:&quot;0.4048&quot;,&quot;level&quot;:&quot;my-map&quot;},{&quot;title&quot;:&quot;Fraternity \\u2013 International Humanitarian Missions (FIHM) Association in Portugal&quot;,&quot;id&quot;:&quot;aseu&quot;,&quot;pin&quot;:&quot;pin-lg pin-label&quot;,&quot;label&quot;:&quot;https:\\\/\\\/www.fraterinternacional.org\\\/wp-content\\\/uploads\\\/2024\\\/02\\\/logo-FMHI-bc-EN.png&quot;,&quot;action&quot;:&quot;default&quot;,&quot;x&quot;:&quot;0.7093&quot;,&quot;y&quot;:&quot;0.8005&quot;,&quot;level&quot;:&quot;my-map&quot;,&quot;link&quot;:&quot;https:\\\/\\\/www.fraterinternacional.org\\\/en\\\/affiliates\\\/fraternity-international-humanitarian-missions-fihm-association-in-portugal\\\/&quot;},{&quot;title&quot;:&quot;Light-Nucleus in S\\u00e3o Carlos&quot;,&quot;id&quot;:&quot;nlsc01&quot;,&quot;pin&quot;:&quot;pin-lg pin-label&quot;,&quot;label&quot;:&quot;https:\\\/\\\/www.fraterinternacional.org\\\/wp-content\\\/uploads\\\/2022\\\/10\\\/logo-figueira-nova.png&quot;,&quot;link&quot;:&quot;https:\\\/\\\/www.fraterinternacional.org\\\/en\\\/affiliates\\\/light-nucleus-in-sao-carlos\\\/&quot;,&quot;action&quot;:&quot;default&quot;,&quot;x&quot;:&quot;0.4536&quot;,&quot;y&quot;:&quot;0.9348&quot;,&quot;level&quot;:&quot;my-map&quot;},{&quot;title&quot;:&quot;Service Association&quot;,&quot;id&quot;:&quot;as01&quot;,&quot;pin&quot;:&quot;pin-text pin-label pin-lg&quot;,&quot;link&quot;:&quot;https:\\\/\\\/www.fraterinternacional.org\\\/en\\\/service-association\\\/&quot;,&quot;action&quot;:&quot;default&quot;,&quot;x&quot;:&quot;0.7693&quot;,&quot;y&quot;:&quot;0.6306&quot;,&quot;level&quot;:&quot;my-map&quot;}]}\"><\/div>\n<\/div><div class=\"fusion-clearfix\"><\/div><\/div><\/div><\/div><\/div><\/div><div class=\"fusion-fullwidth fullwidth-box fusion-builder-row-5 nonhundred-percent-fullwidth non-hundred-percent-height-scrolling\" style=\"--awb-border-radius-top-left:0px;--awb-border-radius-top-right:0px;--awb-border-radius-bottom-right:0px;--awb-border-radius-bottom-left:0px;--awb-padding-top:0px;--awb-padding-bottom:3%;--awb-background-color:#ffffff;--awb-flex-wrap:wrap;\" ><div class=\"fusion-builder-row fusion-row\"><div class=\"fusion-layout-column fusion_builder_column fusion-builder-column-6 fusion_builder_column_1_1 1_1 fusion-one-full fusion-column-first fusion-column-last\" style=\"--awb-bg-size:cover;--awb-margin-bottom:40px;\"><div class=\"fusion-column-wrapper fusion-column-has-shadow fusion-flex-column-wrapper-legacy\"><div class=\"fusion-section-separator section-separator slant fusion-section-separator-2\" style=\"--awb-spacer-height:99px;--awb-svg-margin-left:0;--awb-svg-margin-right:0;--awb-divider-height:99px;--awb-spacer-padding-top:inherit;--awb-sep-padding:0;--awb-svg-padding:0;\"><div class=\"fusion-section-separator-svg\"><svg class=\"fusion-slant-candy\" xmlns=\"http:\/\/www.w3.org\/2000\/svg\" version=\"1.1\" width=\"100%\" height=\"100\" viewBox=\"0 0 100 100\" preserveAspectRatio=\"none\" fill=\"rgba(16,46,102,1)\"><path d=\"M0 100 L0 0 L100 0 Z\"><\/path><\/svg><\/div><div class=\"fusion-section-separator-spacer\"><div class=\"fusion-section-separator-spacer-height\"><\/div><\/div><\/div><div class=\"fusion-clearfix\"><\/div><\/div><\/div><div class=\"fusion-layout-column fusion_builder_column fusion-builder-column-7 fusion_builder_column_1_1 1_1 fusion-one-full fusion-column-first fusion-column-last\" style=\"--awb-padding-bottom:2%;--awb-bg-size:cover;\"><div class=\"fusion-column-wrapper fusion-column-has-shadow fusion-flex-column-wrapper-legacy\"><div class=\"fusion-title title fusion-title-2 fusion-sep-none fusion-title-center fusion-title-text fusion-title-size-one fusion-animated\" data-animationType=\"slideInDown\" data-animationDuration=\"0.3\" data-animationOffset=\"top-into-view\"><h1 class=\"fusion-title-heading title-heading-center fusion-responsive-typography-calculated\" style=\"margin:0;--fontSize:38;line-height:1.41;\">IN THE WORLD<\/h1><\/div><div class=\"fusion-text fusion-text-3\"><p style=\"text-align: center;\">Find out about the main representations of the Humanitarian Fraternity (FIHF) and its Affiliates.<\/p>\n<\/div><div class=\"fusion-text fusion-text-4\"><div id=\"mapplic-id122445\" data-mapdata=\"{&quot;mapwidth&quot;:&quot;1000&quot;,&quot;mapheight&quot;:&quot;400&quot;,&quot;height&quot;:&quot;700&quot;,&quot;minheight&quot;:&quot;400&quot;,&quot;maxheight&quot;:&quot;1000&quot;,&quot;action&quot;:&quot;tooltip&quot;,&quot;moretext&quot;:&quot;saiba mais&quot;,&quot;maxscale&quot;:&quot;6&quot;,&quot;zoommargin&quot;:&quot;200&quot;,&quot;basecolor&quot;:&quot;#ffffff&quot;,&quot;bgcolor&quot;:&quot;#ffffff&quot;,&quot;bgcolor2&quot;:&quot;#ffffff&quot;,&quot;customcss&quot;:&quot;.mapplic-pin.pin-pulse {background-size:70px; width:70px; height: 70px; transform: scale(2.2)!important; margin:0px;}\\n.mapplic-pin.pin-pulse:before {border: 2px solid #888; border-radius: 40px;}&quot;,&quot;fullscreen&quot;:true,&quot;hovertip&quot;:true,&quot;hovertipdesc&quot;:false,&quot;smartip&quot;:false,&quot;deeplinking&quot;:true,&quot;linknewtab&quot;:true,&quot;minimap&quot;:false,&quot;animations&quot;:false,&quot;zoom&quot;:true,&quot;zoombuttons&quot;:true,&quot;clearbutton&quot;:true,&quot;zoomoutclose&quot;:true,&quot;closezoomout&quot;:true,&quot;mousewheel&quot;:false,&quot;mapfill&quot;:true,&quot;sidebar&quot;:false,&quot;search&quot;:true,&quot;searchdescription&quot;:false,&quot;alphabetic&quot;:true,&quot;thumbholder&quot;:false,&quot;sidebartoggle&quot;:false,&quot;filtersopened&quot;:false,&quot;highlight&quot;:false,&quot;levels&quot;:[{&quot;id&quot;:&quot;world&quot;,&quot;title&quot;:&quot;Atualmente no Mundo&quot;,&quot;map&quot;:&quot;\\\/\\\/www.fraterinternacional.org\\\/\\\/wp-content\\\/plugins\\\/mapplic\\\/maps\\\/world.svg&quot;,&quot;minimap&quot;:&quot;&quot;,&quot;show&quot;:&quot;true&quot;}],&quot;styles&quot;:[],&quot;categories&quot;:[{&quot;title&quot;:&quot;No Mundo&quot;,&quot;id&quot;:&quot;mundo&quot;,&quot;about&quot;:&quot;&quot;,&quot;icon&quot;:&quot;&quot;,&quot;toggle&quot;:&quot;true&quot;,&quot;color&quot;:&quot;&quot;}],&quot;locations&quot;:[{&quot;id&quot;:&quot;f01&quot;,&quot;title&quot;:&quot;OGM - Ordem Gra\\u00e7a Miseric\\u00f3rdia&quot;,&quot;pin&quot;:&quot;pin-image pin-label&quot;,&quot;label&quot;:&quot;https:\\\/\\\/www.fraterinternacional.org\\\/wp-content\\\/uploads\\\/2018\\\/06\\\/logo-ogm-n.png&quot;,&quot;category&quot;:&quot;filiadas&quot;,&quot;image&quot;:&quot;https:\\\/\\\/www.fraterinternacional.org\\\/wp-content\\\/uploads\\\/2018\\\/06\\\/logo-ogm-n.png&quot;,&quot;action&quot;:&quot;default&quot;,&quot;x&quot;:&quot;0.3999&quot;,&quot;y&quot;:&quot;0.7904&quot;,&quot;fill&quot;:&quot;#462882&quot;,&quot;description&quot;:&quot;&lt;p&gt;Carmo da Cachoeira, Minas Gerais, Brasil&lt;\\\/p&gt;&quot;,&quot;link&quot;:&quot;https:\\\/\\\/www.fraterinternacional.org\\\/filiadas\\\/ordem-graca-misericordia\\\/&quot;,&quot;color&quot;:&quot;#462882&quot;,&quot;level&quot;:&quot;CL&quot;},{&quot;id&quot;:&quot;f02&quot;,&quot;title&quot;:&quot;Associa\\u00e7\\u00e3o Maria, M\\u00e3e da Divina Concep\\u00e7\\u00e3o&quot;,&quot;description&quot;:&quot;&lt;p&gt;Carmo da Cachoeira, Minas Gerais, Brasil&lt;\\\/p&gt;&quot;,&quot;pin&quot;:&quot;pin-image pin-label&quot;,&quot;label&quot;:&quot;https:\\\/\\\/www.fraterinternacional.org\\\/wp-content\\\/uploads\\\/2015\\\/10\\\/logo-ass-maria.png&quot;,&quot;link&quot;:&quot;https:\\\/\\\/www.fraterinternacional.org\\\/filiadas\\\/associacao-maria\\\/&quot;,&quot;category&quot;:&quot;filiadas&quot;,&quot;image&quot;:&quot;https:\\\/\\\/www.fraterinternacional.org\\\/wp-content\\\/uploads\\\/2015\\\/10\\\/logo-ass-maria.png&quot;,&quot;action&quot;:&quot;default&quot;,&quot;x&quot;:&quot;0.3872&quot;,&quot;y&quot;:&quot;0.7857&quot;,&quot;fill&quot;:&quot;#462882&quot;,&quot;color&quot;:&quot;#462882&quot;,&quot;level&quot;:&quot;CL&quot;},{&quot;id&quot;:&quot;f03&quot;,&quot;title&quot;:&quot;Comunidade-Luz Figueira&quot;,&quot;description&quot;:&quot;&lt;p&gt;Carmo da Cachoeira, Minas Gerais, Brasil&lt;\\\/p&gt;&quot;,&quot;pin&quot;:&quot;pin-image pin-label&quot;,&quot;label&quot;:&quot;https:\\\/\\\/www.fraterinternacional.org\\\/wp-content\\\/uploads\\\/2015\\\/10\\\/logo-figueira.png&quot;,&quot;fill&quot;:&quot;#690e0e&quot;,&quot;link&quot;:&quot;https:\\\/\\\/www.fraterinternacional.org\\\/filiadas\\\/comunidade-luz-figueira\\\/&quot;,&quot;category&quot;:&quot;filiadas&quot;,&quot;image&quot;:&quot;https:\\\/\\\/www.fraterinternacional.org\\\/wp-content\\\/uploads\\\/2015\\\/10\\\/logo-figueira.png&quot;,&quot;action&quot;:&quot;default&quot;,&quot;x&quot;:&quot;0.4629&quot;,&quot;y&quot;:&quot;0.7650&quot;,&quot;color&quot;:&quot;#690e0e&quot;,&quot;level&quot;:&quot;CL&quot;},{&quot;id&quot;:&quot;f04&quot;,&quot;title&quot;:&quot;Casa-Luz da Colina&quot;,&quot;description&quot;:&quot;&lt;p&gt;Carmo da Cachoeira, Minas Gerais, Brasil&lt;\\\/p&gt;&quot;,&quot;pin&quot;:&quot;pin-image pin-label&quot;,&quot;label&quot;:&quot;https:\\\/\\\/www.fraterinternacional.org\\\/wp-content\\\/uploads\\\/2015\\\/10\\\/logo-casa-luz-da-colina.png&quot;,&quot;fill&quot;:&quot;#008037&quot;,&quot;link&quot;:&quot;https:\\\/\\\/www.fraterinternacional.org\\\/filiadas\\\/casa-luz-da-colina\\\/&quot;,&quot;category&quot;:&quot;filiadas&quot;,&quot;action&quot;:&quot;default&quot;,&quot;x&quot;:&quot;0.3705&quot;,&quot;y&quot;:&quot;0.7460&quot;,&quot;image&quot;:&quot;https:\\\/\\\/www.fraterinternacional.org\\\/wp-content\\\/uploads\\\/2015\\\/10\\\/logo-casa-luz-da-colina.png&quot;,&quot;color&quot;:&quot;#008037&quot;,&quot;level&quot;:&quot;CL&quot;},{&quot;id&quot;:&quot;f05&quot;,&quot;title&quot;:&quot;Associa\\u00e7\\u00e3o Irdin Editora&quot;,&quot;description&quot;:&quot;&lt;p&gt;Carmo da Cachoeira, Minas Gerais, Brasil&lt;\\\/p&gt;&quot;,&quot;pin&quot;:&quot;pin-image pin-label&quot;,&quot;label&quot;:&quot;https:\\\/\\\/www.fraterinternacional.org\\\/wp-content\\\/uploads\\\/2015\\\/10\\\/logo-irdin.png&quot;,&quot;fill&quot;:&quot;#00c2cb&quot;,&quot;link&quot;:&quot;https:\\\/\\\/www.fraterinternacional.org\\\/filiadas\\\/irdin-editora\\\/&quot;,&quot;category&quot;:&quot;filiadas&quot;,&quot;image&quot;:&quot;https:\\\/\\\/www.fraterinternacional.org\\\/wp-content\\\/uploads\\\/2015\\\/10\\\/logo-irdin.png&quot;,&quot;action&quot;:&quot;default&quot;,&quot;x&quot;:&quot;0.4134&quot;,&quot;y&quot;:&quot;0.7452&quot;,&quot;color&quot;:&quot;#00c2cb&quot;,&quot;level&quot;:&quot;CL&quot;},{&quot;id&quot;:&quot;f06&quot;,&quot;title&quot;:&quot;Comunidade-Luz Nova Terra, N\\u00facleo de Servi\\u00e7o Crer-Sendo&quot;,&quot;description&quot;:&quot;&lt;p&gt;Teres\\u00f3polis, Rio de Janeiro, Brasil&lt;\\\/p&gt;&quot;,&quot;pin&quot;:&quot;pin-image pin-label&quot;,&quot;label&quot;:&quot;https:\\\/\\\/www.fraterinternacional.org\\\/wp-content\\\/uploads\\\/2015\\\/10\\\/logo-crersendo.png&quot;,&quot;fill&quot;:&quot;#690e0e&quot;,&quot;link&quot;:&quot;https:\\\/\\\/www.fraterinternacional.org\\\/filiadas\\\/comunidade-luz-nova-terra\\\/&quot;,&quot;category&quot;:&quot;filiadas&quot;,&quot;image&quot;:&quot;https:\\\/\\\/www.fraterinternacional.org\\\/wp-content\\\/uploads\\\/2015\\\/10\\\/logo-crersendo.png&quot;,&quot;action&quot;:&quot;default&quot;,&quot;x&quot;:&quot;0.3908&quot;,&quot;y&quot;:&quot;0.8071&quot;,&quot;color&quot;:&quot;#690e0e&quot;,&quot;level&quot;:&quot;CL&quot;},{&quot;id&quot;:&quot;f07&quot;,&quot;title&quot;:&quot;Comunidade-Luz Fraternidade de Aurora&quot;,&quot;description&quot;:&quot;&lt;p&gt;Paysandu, Uruguai&lt;\\\/p&gt;&quot;,&quot;pin&quot;:&quot;pin-image pin-label&quot;,&quot;label&quot;:&quot;https:\\\/\\\/www.fraterinternacional.org\\\/wp-content\\\/uploads\\\/2015\\\/10\\\/logo-casa-redencion.png&quot;,&quot;fill&quot;:&quot;#690e0e&quot;,&quot;link&quot;:&quot;https:\\\/\\\/www.fraterinternacional.org\\\/filiadas\\\/comunidade-luz-fraternidade-aurora\\\/&quot;,&quot;category&quot;:&quot;filiadas&quot;,&quot;image&quot;:&quot;https:\\\/\\\/www.fraterinternacional.org\\\/wp-content\\\/uploads\\\/2015\\\/10\\\/logo-casa-redencion.png&quot;,&quot;action&quot;:&quot;default&quot;,&quot;x&quot;:&quot;0.3785&quot;,&quot;y&quot;:&quot;0.8448&quot;,&quot;color&quot;:&quot;#690e0e&quot;,&quot;level&quot;:&quot;CL&quot;},{&quot;id&quot;:&quot;f08&quot;,&quot;title&quot;:&quot;Comunidade-Luz da Irmandade&quot;,&quot;description&quot;:&quot;&lt;p&gt;C\\u00f3rdoba, Argentina&lt;\\\/p&gt;&quot;,&quot;pin&quot;:&quot;pin-lg pin-label&quot;,&quot;label&quot;:&quot;https:\\\/\\\/www.fraterinternacional.org\\\/wp-content\\\/uploads\\\/2015\\\/10\\\/logo-centro-union-luz.png&quot;,&quot;link&quot;:&quot;https:\\\/\\\/www.fraterinternacional.org\\\/filiadas\\\/comunidade-luz-da-irmandade\\\/&quot;,&quot;category&quot;:&quot;filiadas&quot;,&quot;image&quot;:&quot;https:\\\/\\\/www.fraterinternacional.org\\\/wp-content\\\/uploads\\\/2015\\\/10\\\/logo-centro-union-luz.png&quot;,&quot;action&quot;:&quot;open-link-new-tab&quot;,&quot;x&quot;:&quot;0.3626&quot;,&quot;y&quot;:&quot;0.8443&quot;,&quot;color&quot;:&quot;#f1574d&quot;,&quot;level&quot;:&quot;CL&quot;},{&quot;id&quot;:&quot;f09&quot;,&quot;title&quot;:&quot;Comunidade-Luz Flor de Lys&quot;,&quot;description&quot;:&quot;&lt;p&gt;Dornes, Portugal&lt;\\\/p&gt;&quot;,&quot;pin&quot;:&quot;pin-lg pin-label&quot;,&quot;label&quot;:&quot;https:\\\/\\\/www.fraterinternacional.org\\\/wp-content\\\/uploads\\\/2016\\\/09\\\/logo-flordelys.png&quot;,&quot;link&quot;:&quot;https:\\\/\\\/www.fraterinternacional.org\\\/filiadas\\\/comunidade-luz-flor-de-lys\\\/&quot;,&quot;category&quot;:&quot;filiadas&quot;,&quot;image&quot;:&quot;https:\\\/\\\/www.fraterinternacional.org\\\/wp-content\\\/uploads\\\/2016\\\/09\\\/logo-flordelys.png&quot;,&quot;action&quot;:&quot;open-link-new-tab&quot;,&quot;x&quot;:&quot;0.4975&quot;,&quot;y&quot;:&quot;0.5017&quot;,&quot;color&quot;:&quot;#f1574d&quot;,&quot;level&quot;:&quot;CL&quot;},{&quot;id&quot;:&quot;f10&quot;,&quot;title&quot;:&quot;N\\u00facleo-Luz Sagrado C\\u00e9u &quot;,&quot;description&quot;:&quot;&lt;p&gt;Belo Horizonte, Minas Gerais, Brasil&lt;\\\/p&gt;&quot;,&quot;pin&quot;:&quot;pin-image pin-label&quot;,&quot;label&quot;:&quot;https:\\\/\\\/www.fraterinternacional.org\\\/wp-content\\\/uploads\\\/2015\\\/10\\\/logo-figueira.png&quot;,&quot;link&quot;:&quot;https:\\\/\\\/www.fraterinternacional.org\\\/filiadas\\\/nucleo-luz-belo-horizonte\\\/&quot;,&quot;category&quot;:&quot;filiadas&quot;,&quot;image&quot;:&quot;https:\\\/\\\/www.fraterinternacional.org\\\/wp-content\\\/uploads\\\/2015\\\/10\\\/logo-figueira.png&quot;,&quot;action&quot;:&quot;default&quot;,&quot;x&quot;:&quot;0.3983&quot;,&quot;y&quot;:&quot;0.7182&quot;,&quot;fill&quot;:&quot;#d45610&quot;,&quot;color&quot;:&quot;#d45610&quot;,&quot;level&quot;:&quot;CL&quot;},{&quot;id&quot;:&quot;f11&quot;,&quot;title&quot;:&quot;N\\u00facleo-Luz Sagrada Casa de Maria, M\\u00e3e Paulista&quot;,&quot;description&quot;:&quot;&lt;p&gt;S\\u00e3o Paulo, Brasil&lt;\\\/p&gt;&quot;,&quot;pin&quot;:&quot;pin-image pin-label&quot;,&quot;label&quot;:&quot;https:\\\/\\\/www.fraterinternacional.org\\\/wp-content\\\/uploads\\\/2015\\\/10\\\/logo-figueira.png&quot;,&quot;link&quot;:&quot;https:\\\/\\\/www.fraterinternacional.org\\\/filiadas\\\/nucleo-luz-sao-paulo\\\/&quot;,&quot;category&quot;:&quot;filiadas&quot;,&quot;image&quot;:&quot;https:\\\/\\\/www.fraterinternacional.org\\\/wp-content\\\/uploads\\\/2015\\\/10\\\/logo-figueira.png&quot;,&quot;action&quot;:&quot;default&quot;,&quot;x&quot;:&quot;0.4264&quot;,&quot;y&quot;:&quot;0.7175&quot;,&quot;fill&quot;:&quot;#d45610&quot;,&quot;color&quot;:&quot;#d45610&quot;,&quot;level&quot;:&quot;CL&quot;},{&quot;id&quot;:&quot;f12&quot;,&quot;title&quot;:&quot;N\\u00facleo-Luz Imaculada Casa do Al\\u00edvio do Sofrimento&quot;,&quot;description&quot;:&quot;&lt;p&gt;S\\u00e3o Carlos, S\\u00e3o Paulo, Brasil&lt;\\\/p&gt;&quot;,&quot;pin&quot;:&quot;pin-image pin-label&quot;,&quot;label&quot;:&quot;https:\\\/\\\/www.fraterinternacional.org\\\/wp-content\\\/uploads\\\/2015\\\/10\\\/logo-figueira.png&quot;,&quot;link&quot;:&quot;https:\\\/\\\/www.fraterinternacional.org\\\/filiadas\\\/nucleo-luz-sao-carlos\\\/&quot;,&quot;category&quot;:&quot;filiadas&quot;,&quot;image&quot;:&quot;https:\\\/\\\/www.fraterinternacional.org\\\/wp-content\\\/uploads\\\/2015\\\/10\\\/logo-figueira.png&quot;,&quot;action&quot;:&quot;default&quot;,&quot;x&quot;:&quot;0.4126&quot;,&quot;y&quot;:&quot;0.7182&quot;,&quot;fill&quot;:&quot;#d45610&quot;,&quot;color&quot;:&quot;#d45610&quot;,&quot;level&quot;:&quot;CL&quot;},{&quot;id&quot;:&quot;f13&quot;,&quot;title&quot;:&quot;Parque S\\u00e3o Francisco de Assis&quot;,&quot;pin&quot;:&quot;pin-image pin-label&quot;,&quot;label&quot;:&quot;https:\\\/\\\/www.fraterinternacional.org\\\/wp-content\\\/uploads\\\/2015\\\/10\\\/logo-parque-francisco-de-assis.png&quot;,&quot;fill&quot;:&quot;#008037&quot;,&quot;link&quot;:&quot;https:\\\/\\\/www.fraterinternacional.org\\\/filiadas\\\/parque-francisco-de-assis\\\/&quot;,&quot;category&quot;:&quot;filiadas&quot;,&quot;image&quot;:&quot;https:\\\/\\\/www.fraterinternacional.org\\\/wp-content\\\/uploads\\\/2015\\\/10\\\/logo-parque-francisco-de-assis.png&quot;,&quot;action&quot;:&quot;default&quot;,&quot;x&quot;:&quot;0.3848&quot;,&quot;y&quot;:&quot;0.7460&quot;,&quot;color&quot;:&quot;#008037&quot;,&quot;level&quot;:&quot;CL&quot;},{&quot;id&quot;:&quot;f14&quot;,&quot;title&quot;:&quot;Casa Cristo Do Bem&quot;,&quot;description&quot;:&quot;&lt;p&gt;Rio de Janeiro, Brasil&lt;\\\/p&gt;&quot;,&quot;pin&quot;:&quot;pin-image pin-label&quot;,&quot;label&quot;:&quot;https:\\\/\\\/www.fraterinternacional.org\\\/wp-content\\\/uploads\\\/2019\\\/06\\\/logos-casa-cristo-cl.png&quot;,&quot;fill&quot;:&quot;#008037&quot;,&quot;link&quot;:&quot;https:\\\/\\\/www.fraterinternacional.org\\\/filiadas\\\/casa-cristo-do-bem\\\/&quot;,&quot;category&quot;:&quot;filiadas&quot;,&quot;image&quot;:&quot;https:\\\/\\\/www.fraterinternacional.org\\\/wp-content\\\/uploads\\\/2019\\\/06\\\/logos-casa-cristo-cl.png&quot;,&quot;action&quot;:&quot;default&quot;,&quot;x&quot;:&quot;0.3987&quot;,&quot;y&quot;:&quot;0.7460&quot;,&quot;color&quot;:&quot;#008037&quot;,&quot;level&quot;:&quot;CL&quot;},{&quot;id&quot;:&quot;f17&quot;,&quot;title&quot;:&quot;Associa\\u00e7\\u00e3o Irdin Editora Europa&quot;,&quot;description&quot;:&quot;&lt;p&gt;Portugal&lt;\\\/p&gt;&quot;,&quot;pin&quot;:&quot;pin-lg pin-label&quot;,&quot;label&quot;:&quot;https:\\\/\\\/www.fraterinternacional.org\\\/wp-content\\\/uploads\\\/2020\\\/05\\\/logo-irdin-europa01.png&quot;,&quot;category&quot;:&quot;filiadas&quot;,&quot;image&quot;:&quot;https:\\\/\\\/www.fraterinternacional.org\\\/wp-content\\\/uploads\\\/2020\\\/05\\\/logo-irdin-europa01.png&quot;,&quot;action&quot;:&quot;open-link-new-tab&quot;,&quot;x&quot;:&quot;0.4854&quot;,&quot;y&quot;:&quot;0.5160&quot;,&quot;color&quot;:&quot;#f1574d&quot;,&quot;level&quot;:&quot;CL&quot;,&quot;link&quot;:&quot;https:\\\/\\\/www.fraterinternacional.org\\\/associacoes-de-instrucao\\\/&quot;},{&quot;id&quot;:&quot;f18&quot;,&quot;title&quot;:&quot;Shasti Association Incorporation&quot;,&quot;description&quot;:&quot;&lt;p&gt;Monte Shasta, EUA&lt;\\\/p&gt;&quot;,&quot;pin&quot;:&quot;pin-lg pin-label&quot;,&quot;label&quot;:&quot;https:\\\/\\\/www.fraterinternacional.org\\\/wp-content\\\/uploads\\\/2019\\\/06\\\/logo-c-shasti-2.png&quot;,&quot;link&quot;:&quot;https:\\\/\\\/www.fraterinternacional.org\\\/filiadas\\\/associacao-shasti\\\/&quot;,&quot;category&quot;:&quot;filiadas&quot;,&quot;image&quot;:&quot;https:\\\/\\\/www.fraterinternacional.org\\\/wp-content\\\/uploads\\\/2019\\\/06\\\/logo-c-shasti-2.png&quot;,&quot;action&quot;:&quot;open-link-new-tab&quot;,&quot;x&quot;:&quot;0.2448&quot;,&quot;y&quot;:&quot;0.5360&quot;,&quot;color&quot;:&quot;#f1574d&quot;,&quot;level&quot;:&quot;CL&quot;},{&quot;id&quot;:&quot;f19&quot;,&quot;title&quot;:&quot;N\\u00facleo-Luz Sagrados Reinos&quot;,&quot;description&quot;:&quot;&lt;p&gt;Distrito Federal, Brasil&lt;\\\/p&gt;&quot;,&quot;pin&quot;:&quot;pin-image pin-label&quot;,&quot;label&quot;:&quot;https:\\\/\\\/www.fraterinternacional.org\\\/wp-content\\\/uploads\\\/2015\\\/10\\\/logo-figueira.png&quot;,&quot;link&quot;:&quot;https:\\\/\\\/www.fraterinternacional.org\\\/filiadas\\\/nucleo-luz-brasilia\\\/&quot;,&quot;category&quot;:&quot;filiadas&quot;,&quot;image&quot;:&quot;https:\\\/\\\/www.fraterinternacional.org\\\/wp-content\\\/uploads\\\/2015\\\/10\\\/logo-figueira.png&quot;,&quot;action&quot;:&quot;default&quot;,&quot;x&quot;:&quot;0.3844&quot;,&quot;y&quot;:&quot;0.7182&quot;,&quot;fill&quot;:&quot;#d45610&quot;,&quot;color&quot;:&quot;#d45610&quot;,&quot;level&quot;:&quot;CL&quot;},{&quot;id&quot;:&quot;f20&quot;,&quot;title&quot;:&quot;N\\u00facleo-Luz Flor do Sagrado Tepui de Roraima&quot;,&quot;description&quot;:&quot;&lt;p&gt;Roraima, Brasil&lt;\\\/p&gt;&quot;,&quot;pin&quot;:&quot;pin-image pin-label&quot;,&quot;label&quot;:&quot;https:\\\/\\\/www.fraterinternacional.org\\\/wp-content\\\/uploads\\\/2015\\\/10\\\/logo-figueira.png&quot;,&quot;fill&quot;:&quot;#d45610&quot;,&quot;category&quot;:&quot;filiadas&quot;,&quot;image&quot;:&quot;https:\\\/\\\/www.fraterinternacional.org\\\/wp-content\\\/uploads\\\/2015\\\/10\\\/logo-figueira.png&quot;,&quot;action&quot;:&quot;default&quot;,&quot;x&quot;:&quot;0.3701&quot;,&quot;y&quot;:&quot;0.7182&quot;,&quot;color&quot;:&quot;#d45610&quot;,&quot;level&quot;:&quot;CL&quot;},{&quot;id&quot;:&quot;0amc&quot;,&quot;title&quot;:&quot;Rede-Luz  Am\\u00e9rica Central &quot;,&quot;description&quot;:&quot;&lt;p&gt;6 Grupos 28 Membros&lt;\\\/p&gt;&quot;,&quot;pin&quot;:&quot;pin-lg pin-label&quot;,&quot;action&quot;:&quot;default&quot;,&quot;x&quot;:&quot;0.3069&quot;,&quot;y&quot;:&quot;0.6259&quot;,&quot;link&quot;:&quot;https:\\\/\\\/www.fraterinternacional.org\\\/rede-luz\\\/&quot;,&quot;fill&quot;:&quot;#ffc107&quot;,&quot;label&quot;:&quot;https:\\\/\\\/www.fraterinternacional.org\\\/wp-content\\\/uploads\\\/2020\\\/05\\\/logo-redeluz01.png&quot;,&quot;color&quot;:&quot;#ffc107&quot;,&quot;level&quot;:&quot;RL&quot;},{&quot;id&quot;:&quot;0ar&quot;,&quot;title&quot;:&quot;Red-Luz Argentina&quot;,&quot;description&quot;:&quot;&lt;p&gt;57 Grupos 288 Membros&lt;\\\/p&gt;&quot;,&quot;pin&quot;:&quot;pin-lg pin-label&quot;,&quot;link&quot;:&quot;https:\\\/\\\/www.fraterinternacional.org\\\/rede-luz\\\/&quot;,&quot;category&quot;:&quot;redeluz&quot;,&quot;action&quot;:&quot;default&quot;,&quot;x&quot;:&quot;0.3563&quot;,&quot;y&quot;:&quot;0.8396&quot;,&quot;fill&quot;:&quot;#ffc107&quot;,&quot;label&quot;:&quot;https:\\\/\\\/www.fraterinternacional.org\\\/wp-content\\\/uploads\\\/2020\\\/05\\\/logo-redeluz01.png&quot;,&quot;color&quot;:&quot;#ffc107&quot;,&quot;level&quot;:&quot;RL&quot;},{&quot;id&quot;:&quot;1br&quot;,&quot;title&quot;:&quot;Red-Luz Brasil&quot;,&quot;description&quot;:&quot;&lt;ul&gt;&lt;li&gt;Norte e Nordeste - 15 Grupos 89 Membros&lt;\\\/li&gt;&lt;li&gt;Mato Grosso - 1 Grupos 2 Membros&lt;\\\/li&gt;&lt;li&gt;DF e Goi\\u00e1s - 3 Grupos \\u00a056 Membros&lt;\\\/li&gt;&lt;li&gt;Minas Gerais - 45 Grupos \\u00a0268 Membros&lt;\\\/li&gt;&lt;li&gt;S\\u00e3o Paulo - 21 Grupos 167 Membros&lt;\\\/li&gt;&lt;li&gt;S\\u00e3o Carlos - 19 Grupos 126 Membros&lt;\\\/li&gt;&lt;li&gt;Esp\\u00edrito Santo - 2 Grupos 25 Membros&lt;\\\/li&gt;&lt;li&gt;Mato Grosso do Sul - 2 Grupos 12 Membros&lt;\\\/li&gt;&lt;li&gt;Sul - 18 Grupos 110 Membros&lt;\\\/li&gt;&lt;\\\/ul&gt;&quot;,&quot;pin&quot;:&quot;pin-lg pin-label&quot;,&quot;link&quot;:&quot;https:\\\/\\\/www.fraterinternacional.org\\\/rede-luz\\\/&quot;,&quot;category&quot;:&quot;redeluz&quot;,&quot;action&quot;:&quot;default&quot;,&quot;x&quot;:&quot;0.3838&quot;,&quot;y&quot;:&quot;0.7314&quot;,&quot;fill&quot;:&quot;#ffc107&quot;,&quot;label&quot;:&quot;https:\\\/\\\/www.fraterinternacional.org\\\/wp-content\\\/uploads\\\/2020\\\/05\\\/logo-redeluz01.png&quot;,&quot;color&quot;:&quot;#ffc107&quot;,&quot;level&quot;:&quot;RL&quot;},{&quot;id&quot;:&quot;0bl&quot;,&quot;title&quot;:&quot;Rede-Luz Bol\\u00edvia&quot;,&quot;description&quot;:&quot;&lt;p&gt;1 Grupos 8 Membros&lt;\\\/p&gt;&quot;,&quot;pin&quot;:&quot;pin-lg pin-label&quot;,&quot;fill&quot;:&quot;#ffc107&quot;,&quot;link&quot;:&quot;https:\\\/\\\/www.fraterinternacional.org\\\/rede-luz\\\/&quot;,&quot;action&quot;:&quot;default&quot;,&quot;x&quot;:&quot;0.3567&quot;,&quot;y&quot;:&quot;0.7571&quot;,&quot;label&quot;:&quot;https:\\\/\\\/www.fraterinternacional.org\\\/wp-content\\\/uploads\\\/2020\\\/05\\\/logo-redeluz01.png&quot;,&quot;color&quot;:&quot;#ffc107&quot;,&quot;level&quot;:&quot;RL&quot;},{&quot;id&quot;:&quot;0cl&quot;,&quot;title&quot;:&quot;Rede-Luz Chile&quot;,&quot;description&quot;:&quot;&lt;p&gt;4 Grupos 12 Membros&lt;\\\/p&gt;&quot;,&quot;pin&quot;:&quot;pin-lg pin-label&quot;,&quot;fill&quot;:&quot;#ffc107&quot;,&quot;link&quot;:&quot;https:\\\/\\\/www.fraterinternacional.org\\\/rede-luz\\\/&quot;,&quot;category&quot;:&quot;redeluz&quot;,&quot;action&quot;:&quot;default&quot;,&quot;x&quot;:&quot;0.3408&quot;,&quot;y&quot;:&quot;0.8650&quot;,&quot;label&quot;:&quot;https:\\\/\\\/www.fraterinternacional.org\\\/wp-content\\\/uploads\\\/2020\\\/05\\\/logo-redeluz01.png&quot;,&quot;color&quot;:&quot;#ffc107&quot;,&quot;level&quot;:&quot;RL&quot;},{&quot;id&quot;:&quot;0co&quot;,&quot;title&quot;:&quot;Rede-Luz Col\\u00f4mbia&quot;,&quot;description&quot;:&quot;&lt;p&gt;8 Grupos 29 Membros&lt;\\\/p&gt;&quot;,&quot;pin&quot;:&quot;pin-lg pin-label&quot;,&quot;fill&quot;:&quot;#ffc107&quot;,&quot;link&quot;:&quot;https:\\\/\\\/www.fraterinternacional.org\\\/rede-luz\\\/&quot;,&quot;category&quot;:&quot;redeluz&quot;,&quot;action&quot;:&quot;default&quot;,&quot;x&quot;:&quot;0.3380&quot;,&quot;y&quot;:&quot;0.6707&quot;,&quot;label&quot;:&quot;https:\\\/\\\/www.fraterinternacional.org\\\/wp-content\\\/uploads\\\/2020\\\/05\\\/logo-redeluz01.png&quot;,&quot;color&quot;:&quot;#ffc107&quot;,&quot;level&quot;:&quot;RL&quot;},{&quot;id&quot;:&quot;0ec&quot;,&quot;title&quot;:&quot;Rede-Luz Equador&quot;,&quot;description&quot;:&quot;&lt;p&gt;2 Grupos 21 Membros&lt;\\\/p&gt;&quot;,&quot;pin&quot;:&quot;pin-lg pin-label&quot;,&quot;fill&quot;:&quot;#ffc107&quot;,&quot;link&quot;:&quot;https:\\\/\\\/www.fraterinternacional.org\\\/rede-luz\\\/&quot;,&quot;category&quot;:&quot;redeluz&quot;,&quot;action&quot;:&quot;default&quot;,&quot;x&quot;:&quot;0.3245&quot;,&quot;y&quot;:&quot;0.6968&quot;,&quot;label&quot;:&quot;https:\\\/\\\/www.fraterinternacional.org\\\/wp-content\\\/uploads\\\/2020\\\/05\\\/logo-redeluz01.png&quot;,&quot;color&quot;:&quot;#ffc107&quot;,&quot;level&quot;:&quot;RL&quot;},{&quot;id&quot;:&quot;0us&quot;,&quot;title&quot;:&quot;Rede-Luz Estados Unidos&quot;,&quot;description&quot;:&quot;&lt;p&gt;21 Grupos 21 Membros&lt;\\\/p&gt;&quot;,&quot;pin&quot;:&quot;pin-lg pin-label&quot;,&quot;fill&quot;:&quot;#ffc107&quot;,&quot;link&quot;:&quot;https:\\\/\\\/www.fraterinternacional.org\\\/rede-luz\\\/&quot;,&quot;category&quot;:&quot;redeluz&quot;,&quot;action&quot;:&quot;default&quot;,&quot;x&quot;:&quot;0.2801&quot;,&quot;y&quot;:&quot;0.4970&quot;,&quot;label&quot;:&quot;https:\\\/\\\/www.fraterinternacional.org\\\/wp-content\\\/uploads\\\/2020\\\/05\\\/logo-redeluz01.png&quot;,&quot;color&quot;:&quot;#ffc107&quot;,&quot;level&quot;:&quot;RL&quot;},{&quot;id&quot;:&quot;0eu&quot;,&quot;title&quot;:&quot;Rede-Luz Europa&quot;,&quot;description&quot;:&quot;&lt;p&gt;15 Grupos 100 Membros&lt;\\\/p&gt;&quot;,&quot;pin&quot;:&quot;pin-lg pin-label&quot;,&quot;fill&quot;:&quot;#ffc107&quot;,&quot;link&quot;:&quot;https:\\\/\\\/www.fraterinternacional.org\\\/rede-luz\\\/&quot;,&quot;category&quot;:&quot;redeluz&quot;,&quot;action&quot;:&quot;default&quot;,&quot;x&quot;:&quot;0.4855&quot;,&quot;y&quot;:&quot;0.5025&quot;,&quot;label&quot;:&quot;https:\\\/\\\/www.fraterinternacional.org\\\/wp-content\\\/uploads\\\/2020\\\/05\\\/logo-redeluz01.png&quot;,&quot;color&quot;:&quot;#ffc107&quot;,&quot;level&quot;:&quot;RL&quot;},{&quot;id&quot;:&quot;0mx&quot;,&quot;title&quot;:&quot;Rede-Luz M\\u00e9xico&quot;,&quot;description&quot;:&quot;&lt;p&gt;4 Grupos \\u00a013 Membros&lt;\\\/p&gt;&quot;,&quot;pin&quot;:&quot;pin-lg pin-label&quot;,&quot;fill&quot;:&quot;#ffc107&quot;,&quot;link&quot;:&quot;https:\\\/\\\/www.fraterinternacional.org\\\/rede-luz\\\/&quot;,&quot;category&quot;:&quot;redeluz&quot;,&quot;action&quot;:&quot;default&quot;,&quot;x&quot;:&quot;0.2777&quot;,&quot;y&quot;:&quot;0.5845&quot;,&quot;label&quot;:&quot;https:\\\/\\\/www.fraterinternacional.org\\\/wp-content\\\/uploads\\\/2020\\\/05\\\/logo-redeluz01.png&quot;,&quot;color&quot;:&quot;#ffc107&quot;,&quot;level&quot;:&quot;RL&quot;},{&quot;id&quot;:&quot;0py&quot;,&quot;title&quot;:&quot;Rede-Luz Paraguai&quot;,&quot;description&quot;:&quot;&lt;p&gt;3 Grupos 11 Membros&lt;\\\/p&gt;&quot;,&quot;pin&quot;:&quot;pin-lg pin-label&quot;,&quot;fill&quot;:&quot;#ffc107&quot;,&quot;link&quot;:&quot;https:\\\/\\\/www.fraterinternacional.org\\\/rede-luz\\\/&quot;,&quot;category&quot;:&quot;redeluz&quot;,&quot;action&quot;:&quot;default&quot;,&quot;x&quot;:&quot;0.3743&quot;,&quot;y&quot;:&quot;0.7924&quot;,&quot;label&quot;:&quot;https:\\\/\\\/www.fraterinternacional.org\\\/wp-content\\\/uploads\\\/2020\\\/05\\\/logo-redeluz01.png&quot;,&quot;color&quot;:&quot;#ffc107&quot;,&quot;level&quot;:&quot;RL&quot;},{&quot;id&quot;:&quot;0ur&quot;,&quot;title&quot;:&quot;Rede-Luz Uruguai&quot;,&quot;description&quot;:&quot;&lt;p&gt;18 Grupos 70 Membros&lt;\\\/p&gt;&quot;,&quot;pin&quot;:&quot;pin-lg pin-label&quot;,&quot;fill&quot;:&quot;#ffc107&quot;,&quot;link&quot;:&quot;https:\\\/\\\/www.fraterinternacional.org\\\/rede-luz\\\/&quot;,&quot;category&quot;:&quot;redeluz&quot;,&quot;action&quot;:&quot;default&quot;,&quot;x&quot;:&quot;0.3753&quot;,&quot;y&quot;:&quot;0.8293&quot;,&quot;label&quot;:&quot;https:\\\/\\\/www.fraterinternacional.org\\\/wp-content\\\/uploads\\\/2020\\\/05\\\/logo-redeluz01.png&quot;,&quot;color&quot;:&quot;#ffc107&quot;,&quot;level&quot;:&quot;RL&quot;},{&quot;id&quot;:&quot;0ve&quot;,&quot;title&quot;:&quot;Rede-Luz Venezuela &quot;,&quot;description&quot;:&quot;&lt;p&gt;3 Grupos 24 Membros&lt;\\\/p&gt;&quot;,&quot;pin&quot;:&quot;pin-rounded pin-lg pin-label&quot;,&quot;fill&quot;:&quot;#ffc107&quot;,&quot;link&quot;:&quot;https:\\\/\\\/www.fraterinternacional.org\\\/rede-luz\\\/&quot;,&quot;category&quot;:&quot;redeluz&quot;,&quot;action&quot;:&quot;default&quot;,&quot;x&quot;:&quot;0.3531&quot;,&quot;y&quot;:&quot;0.6477&quot;,&quot;label&quot;:&quot;https:\\\/\\\/www.fraterinternacional.org\\\/wp-content\\\/uploads\\\/2020\\\/05\\\/logo-redeluz01.png&quot;,&quot;color&quot;:&quot;#ffc107&quot;,&quot;level&quot;:&quot;RL&quot;},{&quot;id&quot;:&quot;01&quot;,&quot;title&quot;:&quot;MISS\\u00c3O NEPAL&quot;,&quot;description&quot;:&quot;&lt;p&gt;&lt;strong&gt;Data&lt;\\\/strong&gt;: Outubro de 2011&lt;\\\/p&gt;&lt;p&gt;&lt;strong&gt;Local&lt;\\\/strong&gt;: Katmandu, Nepal&lt;\\\/p&gt;&quot;,&quot;pin&quot;:&quot;pin-image pin-label&quot;,&quot;label&quot;:&quot;https:\\\/\\\/www.fraterinternacional.org\\\/wp-content\\\/uploads\\\/2020\\\/03\\\/logo-FMHI.png&quot;,&quot;link&quot;:&quot;https:\\\/\\\/www.fraterinternacional.org\\\/missao-nepal\\\/&quot;,&quot;category&quot;:&quot;missoes&quot;,&quot;action&quot;:&quot;default&quot;,&quot;x&quot;:&quot;0.6733&quot;,&quot;y&quot;:&quot;0.5673&quot;,&quot;fill&quot;:&quot;#204b9a&quot;,&quot;image&quot;:&quot;https:\\\/\\\/www.fraterinternacional.org\\\/wp-content\\\/uploads\\\/2020\\\/03\\\/logo-FMHI.png&quot;,&quot;color&quot;:&quot;#204b9a&quot;,&quot;level&quot;:&quot;MH&quot;},{&quot;id&quot;:&quot;03&quot;,&quot;title&quot;:&quot;MISS\\u00c3O ETI\\u00d3PIA&quot;,&quot;description&quot;:&quot;&lt;p&gt;&lt;strong&gt;Data&lt;\\\/strong&gt;: Novembro de 2012, Fevereiro de 2013 e Abril de 2013&lt;\\\/p&gt;&lt;p&gt;&lt;strong&gt;Local&lt;\\\/strong&gt;: Addis Abeba, Eti\\u00f3pia&lt;\\\/p&gt;&quot;,&quot;pin&quot;:&quot;pin-image pin-label&quot;,&quot;label&quot;:&quot;https:\\\/\\\/www.fraterinternacional.org\\\/wp-content\\\/uploads\\\/2020\\\/03\\\/logo-FMHI.png&quot;,&quot;fill&quot;:&quot;#204b9a&quot;,&quot;link&quot;:&quot;https:\\\/\\\/www.fraterinternacional.org\\\/missao-etiopia\\\/&quot;,&quot;category&quot;:&quot;missoes&quot;,&quot;image&quot;:&quot;https:\\\/\\\/www.fraterinternacional.org\\\/wp-content\\\/uploads\\\/2020\\\/03\\\/logo-FMHI.png&quot;,&quot;action&quot;:&quot;default&quot;,&quot;x&quot;:&quot;0.5858&quot;,&quot;y&quot;:&quot;0.6607&quot;,&quot;color&quot;:&quot;#204b9a&quot;,&quot;level&quot;:&quot;MH&quot;},{&quot;id&quot;:&quot;04&quot;,&quot;title&quot;:&quot;MISS\\u00c3O NICAR\\u00c1GUA&quot;,&quot;description&quot;:&quot;&lt;p&gt;&lt;strong&gt;Data&lt;\\\/strong&gt;: Julho de 2012&lt;\\\/p&gt;&lt;p&gt;&lt;strong&gt;Local&lt;\\\/strong&gt;: Man\\u00e1gua, Nicar\\u00e1gua&lt;\\\/p&gt;&quot;,&quot;pin&quot;:&quot;pin-image pin-label&quot;,&quot;label&quot;:&quot;https:\\\/\\\/www.fraterinternacional.org\\\/wp-content\\\/uploads\\\/2020\\\/03\\\/logo-FMHI.png&quot;,&quot;fill&quot;:&quot;#204b9a&quot;,&quot;link&quot;:&quot;https:\\\/\\\/www.fraterinternacional.org\\\/missao-nicaragua\\\/&quot;,&quot;category&quot;:&quot;missoes&quot;,&quot;image&quot;:&quot;https:\\\/\\\/www.fraterinternacional.org\\\/wp-content\\\/uploads\\\/2020\\\/03\\\/logo-FMHI.png&quot;,&quot;action&quot;:&quot;default&quot;,&quot;x&quot;:&quot;0.3197&quot;,&quot;y&quot;:&quot;0.6441&quot;,&quot;color&quot;:&quot;#204b9a&quot;,&quot;level&quot;:&quot;MH&quot;},{&quot;id&quot;:&quot;05&quot;,&quot;title&quot;:&quot;MISS\\u00c3O RUANDA&quot;,&quot;description&quot;:&quot;&lt;p&gt;&lt;strong&gt;Data&lt;\\\/strong&gt;: Abril de 2015&lt;\\\/p&gt;&lt;p&gt;&lt;strong&gt;Local&lt;\\\/strong&gt;: Kigali, Ruanda&lt;\\\/p&gt;&quot;,&quot;pin&quot;:&quot;pin-image pin-label&quot;,&quot;label&quot;:&quot;https:\\\/\\\/www.fraterinternacional.org\\\/wp-content\\\/uploads\\\/2020\\\/03\\\/logo-FMHI.png&quot;,&quot;fill&quot;:&quot;#204b9a&quot;,&quot;link&quot;:&quot;https:\\\/\\\/www.fraterinternacional.org\\\/missao-ruanda\\\/&quot;,&quot;category&quot;:&quot;missoes&quot;,&quot;image&quot;:&quot;https:\\\/\\\/www.fraterinternacional.org\\\/wp-content\\\/uploads\\\/2020\\\/03\\\/logo-FMHI.png&quot;,&quot;action&quot;:&quot;default&quot;,&quot;x&quot;:&quot;0.5617&quot;,&quot;y&quot;:&quot;0.7020&quot;,&quot;color&quot;:&quot;#204b9a&quot;,&quot;level&quot;:&quot;MH&quot;},{&quot;id&quot;:&quot;06&quot;,&quot;title&quot;:&quot;MISS\\u00c3O UGANDA&quot;,&quot;description&quot;:&quot;&lt;p&gt;&lt;strong&gt;Data&lt;\\\/strong&gt;: Abril de 2015&lt;\\\/p&gt;&lt;p&gt;&lt;strong&gt;Local&lt;\\\/strong&gt;: Kampala, Uganda&lt;\\\/p&gt;&quot;,&quot;pin&quot;:&quot;pin-image pin-label&quot;,&quot;label&quot;:&quot;https:\\\/\\\/www.fraterinternacional.org\\\/wp-content\\\/uploads\\\/2020\\\/03\\\/logo-FMHI.png&quot;,&quot;fill&quot;:&quot;#204b9a&quot;,&quot;link&quot;:&quot;https:\\\/\\\/www.fraterinternacional.org\\\/missao-uganda\\\/&quot;,&quot;category&quot;:&quot;missoes&quot;,&quot;image&quot;:&quot;https:\\\/\\\/www.fraterinternacional.org\\\/wp-content\\\/uploads\\\/2020\\\/03\\\/logo-FMHI.png&quot;,&quot;action&quot;:&quot;default&quot;,&quot;x&quot;:&quot;0.5673&quot;,&quot;y&quot;:&quot;0.6876&quot;,&quot;color&quot;:&quot;#204b9a&quot;,&quot;level&quot;:&quot;MH&quot;},{&quot;id&quot;:&quot;07&quot;,&quot;title&quot;:&quot;MISS\\u00c3O CONGO&quot;,&quot;description&quot;:&quot;&lt;p&gt;&lt;strong&gt;Data&lt;\\\/strong&gt;: Abril de 2015&lt;\\\/p&gt;&lt;p&gt;&lt;strong&gt;Local&lt;\\\/strong&gt;: Kinshasa, Rep\\u00fablica Democr\\u00e1tica do Congo&lt;\\\/p&gt;&quot;,&quot;pin&quot;:&quot;pin-image pin-label&quot;,&quot;label&quot;:&quot;https:\\\/\\\/www.fraterinternacional.org\\\/wp-content\\\/uploads\\\/2020\\\/03\\\/logo-FMHI.png&quot;,&quot;fill&quot;:&quot;#204b9a&quot;,&quot;link&quot;:&quot;https:\\\/\\\/www.fraterinternacional.org\\\/missao-congo\\\/&quot;,&quot;category&quot;:&quot;missoes&quot;,&quot;image&quot;:&quot;https:\\\/\\\/www.fraterinternacional.org\\\/wp-content\\\/uploads\\\/2020\\\/03\\\/logo-FMHI.png&quot;,&quot;action&quot;:&quot;default&quot;,&quot;x&quot;:&quot;0.5449&quot;,&quot;y&quot;:&quot;0.7051&quot;,&quot;color&quot;:&quot;#204b9a&quot;,&quot;level&quot;:&quot;MH&quot;},{&quot;id&quot;:&quot;08&quot;,&quot;title&quot;:&quot;MISS\\u00c3O ORIENTE M\\u00c9DIO&quot;,&quot;description&quot;:&quot;&lt;p&gt;&lt;strong&gt;Data&lt;\\\/strong&gt;: Janeiro e fevereiro de 2016&lt;\\\/p&gt;&lt;p&gt;&lt;strong&gt;Local&lt;\\\/strong&gt;: Ankara, Gaziantep, Adana, Nidge, Mugla, Izmir e Istambul, Turquia&lt;\\\/p&gt;&quot;,&quot;pin&quot;:&quot;pin-image pin-label&quot;,&quot;label&quot;:&quot;https:\\\/\\\/www.fraterinternacional.org\\\/wp-content\\\/uploads\\\/2020\\\/03\\\/logo-FMHI.png&quot;,&quot;fill&quot;:&quot;#204b9a&quot;,&quot;link&quot;:&quot;https:\\\/\\\/www.fraterinternacional.org\\\/missao-oriente-medio\\\/&quot;,&quot;category&quot;:&quot;missoes&quot;,&quot;image&quot;:&quot;https:\\\/\\\/www.fraterinternacional.org\\\/wp-content\\\/uploads\\\/2020\\\/03\\\/logo-FMHI.png&quot;,&quot;action&quot;:&quot;default&quot;,&quot;x&quot;:&quot;0.5649&quot;,&quot;y&quot;:&quot;0.5199&quot;,&quot;color&quot;:&quot;#204b9a&quot;,&quot;level&quot;:&quot;MH&quot;},{&quot;id&quot;:&quot;09&quot;,&quot;title&quot;:&quot;MISS\\u00c3O URUGUAI&quot;,&quot;description&quot;:&quot;&lt;p&gt;&lt;strong&gt;Data&lt;\\\/strong&gt;: Maio de 2016&lt;\\\/p&gt;&lt;p&gt;&lt;strong&gt;Local&lt;\\\/strong&gt;: Dolores, Uruguai&lt;\\\/p&gt;&quot;,&quot;pin&quot;:&quot;pin-image pin-label&quot;,&quot;label&quot;:&quot;https:\\\/\\\/www.fraterinternacional.org\\\/wp-content\\\/uploads\\\/2020\\\/03\\\/logo-FMHI.png&quot;,&quot;fill&quot;:&quot;#204b9a&quot;,&quot;link&quot;:&quot;https:\\\/\\\/www.fraterinternacional.org\\\/missao-uruguai\\\/&quot;,&quot;category&quot;:&quot;missoes&quot;,&quot;image&quot;:&quot;https:\\\/\\\/www.fraterinternacional.org\\\/wp-content\\\/uploads\\\/2020\\\/03\\\/logo-FMHI.png&quot;,&quot;action&quot;:&quot;default&quot;,&quot;x&quot;:&quot;0.3796&quot;,&quot;y&quot;:&quot;0.8397&quot;,&quot;color&quot;:&quot;#204b9a&quot;,&quot;level&quot;:&quot;MH&quot;},{&quot;id&quot;:&quot;10&quot;,&quot;title&quot;:&quot;MISS\\u00c3O GR\\u00c9CIA&quot;,&quot;description&quot;:&quot;&lt;p&gt;&lt;strong&gt;Data&lt;\\\/strong&gt;: Desde setembro de 2016&lt;\\\/p&gt;&lt;p&gt;&lt;strong&gt;Local&lt;\\\/strong&gt;: Atenas, Gr\\u00e9cia&lt;\\\/p&gt;&quot;,&quot;pin&quot;:&quot;pin-image pin-label&quot;,&quot;label&quot;:&quot;https:\\\/\\\/www.fraterinternacional.org\\\/wp-content\\\/uploads\\\/2020\\\/03\\\/logo-FMHI.png&quot;,&quot;fill&quot;:&quot;#204b9a&quot;,&quot;link&quot;:&quot;https:\\\/\\\/www.fraterinternacional.org\\\/missao-grecia\\\/&quot;,&quot;category&quot;:&quot;missoes&quot;,&quot;image&quot;:&quot;https:\\\/\\\/www.fraterinternacional.org\\\/wp-content\\\/uploads\\\/2020\\\/03\\\/logo-FMHI.png&quot;,&quot;action&quot;:&quot;default&quot;,&quot;x&quot;:&quot;0.5457&quot;,&quot;y&quot;:&quot;0.5190&quot;,&quot;color&quot;:&quot;#204b9a&quot;,&quot;level&quot;:&quot;MH&quot;},{&quot;id&quot;:&quot;11&quot;,&quot;title&quot;:&quot;MISS\\u00c3O CHILE&quot;,&quot;description&quot;:&quot;&lt;p&gt;&lt;strong&gt;Data&lt;\\\/strong&gt;: Fevereiro de 2017&lt;\\\/p&gt;&lt;p&gt;&lt;strong&gt;Local&lt;\\\/strong&gt;: Regi\\u00f5es de O\\u2019Higgins e Maule, Chile&lt;\\\/p&gt;&quot;,&quot;pin&quot;:&quot;pin-image pin-label&quot;,&quot;label&quot;:&quot;https:\\\/\\\/www.fraterinternacional.org\\\/wp-content\\\/uploads\\\/2020\\\/03\\\/logo-FMHI.png&quot;,&quot;fill&quot;:&quot;#204b9a&quot;,&quot;link&quot;:&quot;https:\\\/\\\/www.fraterinternacional.org\\\/missao-chile\\\/&quot;,&quot;category&quot;:&quot;missoes&quot;,&quot;image&quot;:&quot;https:\\\/\\\/www.fraterinternacional.org\\\/wp-content\\\/uploads\\\/2020\\\/03\\\/logo-FMHI.png&quot;,&quot;action&quot;:&quot;default&quot;,&quot;x&quot;:&quot;0.3499&quot;,&quot;y&quot;:&quot;0.8178&quot;,&quot;color&quot;:&quot;#204b9a&quot;,&quot;level&quot;:&quot;MH&quot;},{&quot;id&quot;:&quot;11&quot;,&quot;title&quot;:&quot;MISS\\u00c3O ZONA DA MATA&quot;,&quot;description&quot;:&quot;&lt;p&gt;&lt;strong&gt;Data&lt;\\\/strong&gt;: Dezembro de 2017&lt;\\\/p&gt;&lt;p&gt;&lt;strong&gt;Local&lt;\\\/strong&gt;: Rio Casca, Minas Gerais&lt;\\\/p&gt;&quot;,&quot;pin&quot;:&quot;pin-image pin-label&quot;,&quot;label&quot;:&quot;https:\\\/\\\/www.fraterinternacional.org\\\/wp-content\\\/uploads\\\/2020\\\/03\\\/logo-FMHI.png&quot;,&quot;fill&quot;:&quot;#204b9a&quot;,&quot;link&quot;:&quot;https:\\\/\\\/www.fraterinternacional.org\\\/missao-zona-da-mata\\\/&quot;,&quot;category&quot;:[&quot;missoes&quot;],&quot;image&quot;:&quot;https:\\\/\\\/www.fraterinternacional.org\\\/wp-content\\\/uploads\\\/2020\\\/03\\\/logo-FMHI.png&quot;,&quot;action&quot;:&quot;default&quot;,&quot;x&quot;:&quot;0.3997&quot;,&quot;y&quot;:&quot;0.7682&quot;},{&quot;id&quot;:&quot;12&quot;,&quot;title&quot;:&quot;MISS\\u00c3O ARGENTINA&quot;,&quot;description&quot;:&quot;&lt;p&gt;&lt;strong&gt;Data&lt;\\\/strong&gt;: Fevereiro de 2018&lt;\\\/p&gt;&lt;p&gt;&lt;strong&gt;Local&lt;\\\/strong&gt;: Tartagal, estado de Salta, Argentina&lt;\\\/p&gt;&quot;,&quot;pin&quot;:&quot;pin-image pin-label&quot;,&quot;label&quot;:&quot;https:\\\/\\\/www.fraterinternacional.org\\\/wp-content\\\/uploads\\\/2020\\\/03\\\/logo-FMHI.png&quot;,&quot;fill&quot;:&quot;#204b9a&quot;,&quot;link&quot;:&quot;https:\\\/\\\/www.fraterinternacional.org\\\/missao-argentina\\\/&quot;,&quot;category&quot;:&quot;missoes&quot;,&quot;image&quot;:&quot;https:\\\/\\\/www.fraterinternacional.org\\\/wp-content\\\/uploads\\\/2020\\\/03\\\/logo-FMHI.png&quot;,&quot;action&quot;:&quot;default&quot;,&quot;x&quot;:&quot;0.3594&quot;,&quot;y&quot;:&quot;0.8564&quot;,&quot;color&quot;:&quot;#204b9a&quot;,&quot;level&quot;:&quot;MH&quot;},{&quot;id&quot;:&quot;13&quot;,&quot;title&quot;:&quot;MISS\\u00c3O EGITO&quot;,&quot;description&quot;:&quot;&lt;p&gt;&lt;strong&gt;Data&lt;\\\/strong&gt;: Junho de 2018&lt;\\\/p&gt;&lt;p&gt;&lt;strong&gt;Local&lt;\\\/strong&gt;: Cairo, Egito&lt;\\\/p&gt;&quot;,&quot;pin&quot;:&quot;pin-image pin-label&quot;,&quot;label&quot;:&quot;https:\\\/\\\/www.fraterinternacional.org\\\/wp-content\\\/uploads\\\/2020\\\/03\\\/logo-FMHI.png&quot;,&quot;fill&quot;:&quot;#204b9a&quot;,&quot;link&quot;:&quot;https:\\\/\\\/www.fraterinternacional.org\\\/missao-egito\\\/&quot;,&quot;category&quot;:&quot;missoes&quot;,&quot;image&quot;:&quot;https:\\\/\\\/www.fraterinternacional.org\\\/wp-content\\\/uploads\\\/2020\\\/03\\\/logo-FMHI.png&quot;,&quot;action&quot;:&quot;default&quot;,&quot;x&quot;:&quot;0.5614&quot;,&quot;y&quot;:&quot;0.5828&quot;,&quot;color&quot;:&quot;#204b9a&quot;,&quot;level&quot;:&quot;MH&quot;},{&quot;id&quot;:&quot;14&quot;,&quot;title&quot;:&quot;MISS\\u00c3O L\\u00cdBANO&quot;,&quot;description&quot;:&quot;&lt;p&gt;&lt;strong&gt;Data&lt;\\\/strong&gt;:\\u00a0 Maio e Junho de 2019&lt;\\\/p&gt;&lt;p&gt;&lt;strong&gt;Local&lt;\\\/strong&gt;: Beirute e Vale do Beqaa, L\\u00edbano&lt;\\\/p&gt;&quot;,&quot;pin&quot;:&quot;pin-image pin-label&quot;,&quot;label&quot;:&quot;https:\\\/\\\/www.fraterinternacional.org\\\/wp-content\\\/uploads\\\/2020\\\/03\\\/logo-FMHI.png&quot;,&quot;fill&quot;:&quot;#204b9a&quot;,&quot;link&quot;:&quot;https:\\\/\\\/www.fraterinternacional.org\\\/missao-libano\\\/&quot;,&quot;category&quot;:&quot;missoes&quot;,&quot;image&quot;:&quot;https:\\\/\\\/www.fraterinternacional.org\\\/wp-content\\\/uploads\\\/2020\\\/03\\\/logo-FMHI.png&quot;,&quot;action&quot;:&quot;default&quot;,&quot;x&quot;:&quot;0.5746&quot;,&quot;y&quot;:&quot;0.5459&quot;,&quot;color&quot;:&quot;#204b9a&quot;,&quot;level&quot;:&quot;MH&quot;},{&quot;id&quot;:&quot;15&quot;,&quot;title&quot;:&quot;MISS\\u00c3O ANGOLA&quot;,&quot;description&quot;:&quot;&lt;p&gt;&lt;strong&gt;Data&lt;\\\/strong&gt;:\\u00a0 Junho 2019&lt;\\\/p&gt;&lt;p&gt;&lt;strong&gt;Local&lt;\\\/strong&gt;: Luanda, Angola&lt;\\\/p&gt;&lt;p&gt;&lt;em&gt;*Miss\\u00e3o Recorrente suspensa devido ao COVID19&lt;\\\/em&gt;&lt;\\\/p&gt;&quot;,&quot;pin&quot;:&quot;pin-image pin-label&quot;,&quot;label&quot;:&quot;https:\\\/\\\/www.fraterinternacional.org\\\/wp-content\\\/uploads\\\/2020\\\/03\\\/logo-FMHI.png&quot;,&quot;fill&quot;:&quot;#204b9a&quot;,&quot;link&quot;:&quot;https:\\\/\\\/www.fraterinternacional.org\\\/missao-angola\\\/&quot;,&quot;category&quot;:&quot;missoes&quot;,&quot;image&quot;:&quot;https:\\\/\\\/www.fraterinternacional.org\\\/wp-content\\\/uploads\\\/2020\\\/03\\\/logo-FMHI.png&quot;,&quot;action&quot;:&quot;default&quot;,&quot;x&quot;:&quot;0.5347&quot;,&quot;y&quot;:&quot;0.7469&quot;,&quot;color&quot;:&quot;#204b9a&quot;,&quot;level&quot;:&quot;MH&quot;},{&quot;id&quot;:&quot;16&quot;,&quot;title&quot;:&quot;MISS\\u00c3O PARAGUAI&quot;,&quot;description&quot;:&quot;&lt;p&gt;&lt;strong&gt;Data&lt;\\\/strong&gt;:\\u00a0 Junho de 2016&lt;\\\/p&gt;&lt;p&gt;&lt;strong&gt;Local&lt;\\\/strong&gt;: Ciudad do Leste, Paraguai&lt;\\\/p&gt;&lt;p&gt;&lt;em&gt;*Miss\\u00e3o Recorrente suspensa devido ao COVID19&lt;\\\/em&gt;&lt;\\\/p&gt;&quot;,&quot;pin&quot;:&quot;pin-image pin-label&quot;,&quot;label&quot;:&quot;https:\\\/\\\/www.fraterinternacional.org\\\/wp-content\\\/uploads\\\/2020\\\/03\\\/logo-FMHI.png&quot;,&quot;fill&quot;:&quot;#204b9a&quot;,&quot;link&quot;:&quot;https:\\\/\\\/www.fraterinternacional.org\\\/missao-paraguai\\\/&quot;,&quot;category&quot;:&quot;missoes&quot;,&quot;image&quot;:&quot;https:\\\/\\\/www.fraterinternacional.org\\\/wp-content\\\/uploads\\\/2020\\\/03\\\/logo-FMHI.png&quot;,&quot;action&quot;:&quot;default&quot;,&quot;x&quot;:&quot;0.3725&quot;,&quot;y&quot;:&quot;0.7917&quot;,&quot;color&quot;:&quot;#204b9a&quot;,&quot;level&quot;:&quot;MH&quot;},{&quot;id&quot;:&quot;17&quot;,&quot;title&quot;:&quot;MISS\\u00c3O CARMO DA CACHOEIRA&quot;,&quot;description&quot;:&quot;&lt;p&gt;&lt;strong&gt;Data&lt;\\\/strong&gt;: Desde outubro de 2013&lt;\\\/p&gt;&lt;p&gt;&lt;strong&gt;Local&lt;\\\/strong&gt;:\\u00a0 Carmo da Cachoeira, Minas Gerais&lt;\\\/p&gt;&lt;p&gt;&lt;em&gt;*Miss\\u00e3o Permanente suspensa devido ao COVID19&lt;\\\/em&gt;&lt;\\\/p&gt;&quot;,&quot;pin&quot;:&quot;pin-image pin-label&quot;,&quot;label&quot;:&quot;https:\\\/\\\/www.fraterinternacional.org\\\/wp-content\\\/uploads\\\/2020\\\/03\\\/logo-FMHI.png&quot;,&quot;fill&quot;:&quot;#204b9a&quot;,&quot;link&quot;:&quot;https:\\\/\\\/www.fraterinternacional.org\\\/missao-carmo-da-cachoeira\\\/&quot;,&quot;category&quot;:&quot;missoes&quot;,&quot;image&quot;:&quot;https:\\\/\\\/www.fraterinternacional.org\\\/wp-content\\\/uploads\\\/2020\\\/03\\\/logo-FMHI.png&quot;,&quot;action&quot;:&quot;default&quot;,&quot;x&quot;:&quot;0.4030&quot;,&quot;y&quot;:&quot;0.7662&quot;,&quot;color&quot;:&quot;#204b9a&quot;,&quot;level&quot;:&quot;MH&quot;},{&quot;id&quot;:&quot;18&quot;,&quot;title&quot;:&quot;MISS\\u00c3O COL\\u00d4MBIA&quot;,&quot;description&quot;:&quot;&lt;p&gt;&lt;strong&gt;Data&lt;\\\/strong&gt;: Desde 2018&lt;\\\/p&gt;&lt;p&gt;&lt;strong&gt;Local&lt;\\\/strong&gt;: Bogot\\u00e1, Col\\u00f4mbia e regi\\u00e3o&lt;\\\/p&gt;&lt;p&gt;&lt;em&gt;*Miss\\u00e3o Permanente suspensa devido ao COVID19&lt;\\\/em&gt;&lt;\\\/p&gt;&quot;,&quot;pin&quot;:&quot;pin-image pin-label&quot;,&quot;label&quot;:&quot;https:\\\/\\\/www.fraterinternacional.org\\\/wp-content\\\/uploads\\\/2020\\\/03\\\/logo-FMHI.png&quot;,&quot;fill&quot;:&quot;#204b9a&quot;,&quot;link&quot;:&quot;https:\\\/\\\/www.fraterinternacional.org\\\/missao-colombia\\\/&quot;,&quot;category&quot;:&quot;missoes&quot;,&quot;image&quot;:&quot;https:\\\/\\\/www.fraterinternacional.org\\\/wp-content\\\/uploads\\\/2020\\\/03\\\/logo-FMHI.png&quot;,&quot;action&quot;:&quot;default&quot;,&quot;x&quot;:&quot;0.3440&quot;,&quot;y&quot;:&quot;0.6826&quot;,&quot;color&quot;:&quot;#204b9a&quot;,&quot;level&quot;:&quot;MH&quot;},{&quot;id&quot;:&quot;19&quot;,&quot;title&quot;:&quot;MISS\\u00c3O BRUMADINHO&quot;,&quot;description&quot;:&quot;&lt;p&gt;&lt;strong&gt;Data&lt;\\\/strong&gt;: Desde Janeiro de 2019&lt;\\\/p&gt;&lt;p&gt;&lt;strong&gt;Local&lt;\\\/strong&gt;: Brumadinho, Minas Gerais&lt;\\\/p&gt;&lt;p&gt;&lt;em&gt;*Miss\\u00e3o Recorrente suspensa devido ao COVID19&lt;\\\/em&gt;&lt;\\\/p&gt;&quot;,&quot;pin&quot;:&quot;pin-image pin-label&quot;,&quot;label&quot;:&quot;https:\\\/\\\/www.fraterinternacional.org\\\/wp-content\\\/uploads\\\/2020\\\/03\\\/logo-FMHI.png&quot;,&quot;fill&quot;:&quot;#204b9a&quot;,&quot;link&quot;:&quot;https:\\\/\\\/www.fraterinternacional.org\\\/missao-brumadinho\\\/&quot;,&quot;category&quot;:&quot;missoes&quot;,&quot;image&quot;:&quot;https:\\\/\\\/www.fraterinternacional.org\\\/wp-content\\\/uploads\\\/2020\\\/03\\\/logo-FMHI.png&quot;,&quot;action&quot;:&quot;default&quot;,&quot;x&quot;:&quot;0.4004&quot;,&quot;y&quot;:&quot;0.7602&quot;,&quot;color&quot;:&quot;#204b9a&quot;,&quot;level&quot;:&quot;MH&quot;},{&quot;id&quot;:&quot;20&quot;,&quot;title&quot;:&quot;MISS\\u00c3O RORAIMA&quot;,&quot;description&quot;:&quot;&lt;p&gt;&lt;strong&gt;Data&lt;\\\/strong&gt;: Desde Novembro de 2016&lt;\\\/p&gt;&lt;p&gt;&lt;strong&gt;Local&lt;\\\/strong&gt;: Boa vista, Roraima&lt;\\\/p&gt;&lt;p&gt;&lt;em&gt;*Atua\\u00e7\\u00e3o em parceira com &lt;a href=\\&quot;https:\\\/\\\/www.acnur.org\\\/portugues\\\/\\&quot; target=\\&quot;_blank\\&quot; rel=\\&quot;noopener\\&quot;&gt;&lt;strong&gt;ACNUR&lt;\\\/strong&gt; &lt;\\\/a&gt;e &lt;a href=\\&quot;https:\\\/\\\/www.gov.br\\\/acolhida\\\/\\&quot; target=\\&quot;_blank\\&quot; rel=\\&quot;noopener\\&quot;&gt;&lt;strong&gt;Opera\\u00e7\\u00e3o Acolhida&lt;\\\/strong&gt;&lt;\\\/a&gt;&lt;\\\/em&gt;&lt;\\\/p&gt;&quot;,&quot;pin&quot;:&quot;pin-image pin-label&quot;,&quot;label&quot;:&quot;https:\\\/\\\/www.fraterinternacional.org\\\/wp-content\\\/uploads\\\/2020\\\/03\\\/logo-FMHI.png&quot;,&quot;fill&quot;:&quot;#204b9a&quot;,&quot;link&quot;:&quot;https:\\\/\\\/www.fraterinternacional.org\\\/missao-roraima\\\/&quot;,&quot;category&quot;:&quot;missoes&quot;,&quot;image&quot;:&quot;https:\\\/\\\/www.fraterinternacional.org\\\/wp-content\\\/uploads\\\/2020\\\/03\\\/logo-FMHI.png&quot;,&quot;action&quot;:&quot;default&quot;,&quot;x&quot;:&quot;0.3677&quot;,&quot;y&quot;:&quot;0.6896&quot;,&quot;color&quot;:&quot;#204b9a&quot;,&quot;level&quot;:&quot;MH&quot;},{&quot;id&quot;:&quot;21&quot;,&quot;title&quot;:&quot;MISS\\u00c3O MANAUS&quot;,&quot;description&quot;:&quot;&lt;p&gt;&lt;strong&gt;Data&lt;\\\/strong&gt;: XXXX de 2019&lt;\\\/p&gt;&lt;p&gt;&lt;strong&gt;Local&lt;\\\/strong&gt;: Manaus, Amazonas&lt;\\\/p&gt;&lt;p&gt;&lt;em&gt;*Miss\\u00e3o Permanente, em parceira com &lt;a href=\\&quot;https:\\\/\\\/www.acnur.org\\\/portugues\\\/\\&quot; target=\\&quot;_blank\\&quot; rel=\\&quot;noopener\\&quot;&gt;&lt;strong&gt;ACNUR&lt;\\\/strong&gt; &lt;\\\/a&gt;e &lt;a href=\\&quot;https:\\\/\\\/www.gov.br\\\/acolhida\\\/\\&quot; target=\\&quot;_blank\\&quot; rel=\\&quot;noopener\\&quot;&gt;&lt;strong&gt;Opera\\u00e7\\u00e3o Acolhida&lt;\\\/strong&gt;&lt;\\\/a&gt;,\\u00a0suspensa devido ao COVID19&lt;\\\/em&gt;&lt;\\\/p&gt;&quot;,&quot;pin&quot;:&quot;pin-image pin-label&quot;,&quot;label&quot;:&quot;https:\\\/\\\/www.fraterinternacional.org\\\/wp-content\\\/uploads\\\/2020\\\/03\\\/logo-FMHI.png&quot;,&quot;fill&quot;:&quot;#204b9a&quot;,&quot;link&quot;:&quot;https:\\\/\\\/www.missoeshumanitarias.org\\\/missao-manaus&quot;,&quot;category&quot;:&quot;missoes&quot;,&quot;image&quot;:&quot;https:\\\/\\\/www.fraterinternacional.org\\\/wp-content\\\/uploads\\\/2020\\\/03\\\/logo-FMHI.png&quot;,&quot;action&quot;:&quot;default&quot;,&quot;x&quot;:&quot;0.3699&quot;,&quot;y&quot;:&quot;0.7158&quot;,&quot;color&quot;:&quot;#204b9a&quot;,&quot;level&quot;:&quot;MH&quot;},{&quot;id&quot;:&quot;22&quot;,&quot;title&quot;:&quot;MISS\\u00c3O CHACO&quot;,&quot;description&quot;:&quot;&lt;p&gt;&lt;strong&gt;Data&lt;\\\/strong&gt;: Desde janeiro de 2016&lt;\\\/p&gt;&lt;p&gt;&lt;strong&gt;Local&lt;\\\/strong&gt;: Resist\\u00eancia, Chaco, Argentina&lt;\\\/p&gt;&lt;p&gt;&lt;em&gt;*Miss\\u00e3o Recorrente suspensa devido ao COVID19&lt;\\\/em&gt;&lt;\\\/p&gt;&quot;,&quot;pin&quot;:&quot;pin-image pin-label&quot;,&quot;label&quot;:&quot;https:\\\/\\\/www.fraterinternacional.org\\\/wp-content\\\/uploads\\\/2020\\\/03\\\/logo-FMHI.png&quot;,&quot;fill&quot;:&quot;#204b9a&quot;,&quot;link&quot;:&quot;https:\\\/\\\/www.fraterinternacional.org\\\/missao-chaco\\\/&quot;,&quot;category&quot;:&quot;missoes&quot;,&quot;image&quot;:&quot;https:\\\/\\\/www.fraterinternacional.org\\\/wp-content\\\/uploads\\\/2020\\\/03\\\/logo-FMHI.png&quot;,&quot;action&quot;:&quot;default&quot;,&quot;x&quot;:&quot;0.3627&quot;,&quot;y&quot;:&quot;0.8434&quot;,&quot;color&quot;:&quot;#204b9a&quot;,&quot;level&quot;:&quot;MH&quot;},{&quot;id&quot;:&quot;23&quot;,&quot;title&quot;:&quot;MISS\\u00c3O SERT\\u00c3O&quot;,&quot;description&quot;:&quot;&lt;p&gt;&lt;strong&gt;Data&lt;\\\/strong&gt;: Desde Novembro de 2014&lt;\\\/p&gt;&lt;p&gt;&lt;strong&gt;Local&lt;\\\/strong&gt;: Palmeira dos \\u00cdndios, Alagoas&lt;\\\/p&gt;&lt;p&gt;&lt;em&gt;*Miss\\u00e3o Recorrente suspensa devido ao COVID19&lt;\\\/em&gt;&lt;\\\/p&gt;&quot;,&quot;pin&quot;:&quot;pin-image pin-label&quot;,&quot;label&quot;:&quot;https:\\\/\\\/www.fraterinternacional.org\\\/wp-content\\\/uploads\\\/2020\\\/03\\\/logo-FMHI.png&quot;,&quot;fill&quot;:&quot;#204b9a&quot;,&quot;link&quot;:&quot;https:\\\/\\\/www.fraterinternacional.org\\\/missao-sertao\\\/&quot;,&quot;category&quot;:&quot;missoes&quot;,&quot;image&quot;:&quot;https:\\\/\\\/www.fraterinternacional.org\\\/wp-content\\\/uploads\\\/2020\\\/03\\\/logo-FMHI.png&quot;,&quot;action&quot;:&quot;default&quot;,&quot;x&quot;:&quot;0.4214&quot;,&quot;y&quot;:&quot;0.7317&quot;,&quot;color&quot;:&quot;#204b9a&quot;,&quot;level&quot;:&quot;MH&quot;},{&quot;id&quot;:&quot;001e&quot;,&quot;title&quot;:&quot;USA&quot;,&quot;description&quot;:&quot;&lt;p&gt;&lt;strong&gt;AFILIATES&lt;\\\/strong&gt;:&lt;\\\/p&gt;&lt;ol&gt;&lt;li&gt;&lt;strong&gt;&lt;a href=\\&quot;http:\\\/\\\/www.shasti.org\\\/\\&quot; target=\\&quot;_blank\\&quot; rel=\\&quot;noopener\\&quot; aria-label=\\&quot; (opens in a new tab)\\&quot;&gt;Shasti Association Incorporation&lt;\\\/a&gt;&lt;\\\/strong&gt;&lt;\\\/li&gt;&lt;li&gt;&lt;strong&gt;&lt;a href=\\&quot;https:\\\/\\\/www.mensajerosdivinos.org\\\/en\\\/grace-mercy-order\\&quot; target=\\&quot;_blank\\&quot; rel=\\&quot;noopener\\&quot;&gt;Grace Mercy Order Community&lt;\\\/a&gt;&lt;\\\/strong&gt;&lt;\\\/li&gt;&lt;\\\/ol&gt;&quot;,&quot;label&quot;:&quot;https:\\\/\\\/www.fraterinternacional.org\\\/wp-content\\\/uploads\\\/2021\\\/06\\\/pin-EUA.png&quot;,&quot;action&quot;:&quot;default&quot;,&quot;x&quot;:&quot;0.3194&quot;,&quot;y&quot;:&quot;0.4934&quot;,&quot;color&quot;:&quot;rgba(255,255,255,0)&quot;,&quot;level&quot;:&quot;world&quot;,&quot;pin&quot;:&quot;pin-pulse pin-label&quot;,&quot;fill&quot;:&quot;rgba(255,255,255,0)&quot;},{&quot;id&quot;:&quot;001ur&quot;,&quot;title&quot;:&quot;Uruguay&quot;,&quot;description&quot;:&quot;&lt;p&gt;&lt;strong&gt;AFFILIATES&lt;\\\/strong&gt;:&lt;\\\/p&gt;&lt;ol&gt;&lt;li&gt;&lt;a href=\\&quot;https:\\\/\\\/www.fraternidadaurora.org\\\/en\\&quot; target=\\&quot;_blank\\&quot; rel=\\&quot;noopener\\&quot; aria-label=\\&quot; (opens in a new tab)\\&quot;&gt;Light-Community Fraternity of Aurora&lt;\\\/a&gt;&lt;\\\/li&gt;&lt;li&gt;&lt;a href=\\&quot;https:\\\/\\\/www.mensajerosdivinos.org\\\/en\\\/grace-mercy-order\\&quot; target=\\&quot;_blank\\&quot; rel=\\&quot;noopener\\&quot;&gt;Grace Mercy Order - 6 Monasteries&lt;\\\/a&gt;&lt;\\\/li&gt;&lt;\\\/ol&gt;&lt;p&gt;&lt;strong&gt;MARIAN CENTER:&lt;\\\/strong&gt;&lt;\\\/p&gt;&lt;p&gt;&lt;a href=\\&quot;https:\\\/\\\/www.mensajerosdivinos.org\\\/en\\\/centros-marianos-de-oracion#aurora\\&quot; target=\\&quot;_blank\\&quot; rel=\\&quot;noopener\\&quot;&gt;Marian Center of Aurora, Paysandu, Uruguay&lt;\\\/a&gt;&lt;\\\/p&gt;&quot;,&quot;label&quot;:&quot;https:\\\/\\\/www.fraterinternacional.org\\\/wp-content\\\/uploads\\\/2021\\\/06\\\/pin-uruguai.png&quot;,&quot;category&quot;:&quot;mundo&quot;,&quot;action&quot;:&quot;default&quot;,&quot;x&quot;:&quot;0.3963&quot;,&quot;y&quot;:&quot;0.7992&quot;,&quot;color&quot;:&quot;rgba(255,255,255,0)&quot;,&quot;level&quot;:&quot;world&quot;,&quot;pin&quot;:&quot;pin-pulse pin-label&quot;,&quot;fill&quot;:&quot;rgba(255,255,255,0)&quot;},{&quot;id&quot;:&quot;001p&quot;,&quot;title&quot;:&quot;Portugal&quot;,&quot;description&quot;:&quot;&lt;strong&gt;AFFILIATES&lt;\\\/strong&gt;:\\n&lt;ol&gt;\\n \\t&lt;li&gt;&lt;a href=\\&quot;https:\\\/\\\/www.fraterinternacional.org\\\/en\\\/affiliates\\\/light-community-of-fleur-de-lys\\\/\\&quot; target=\\&quot;_blank\\&quot; rel=\\&quot;noopener\\&quot;&gt;Light-Community of Fleur-de-Lys&lt;\\\/a&gt;&lt;\\\/li&gt;\\n \\t&lt;li&gt;&lt;a href=\\&quot;https:\\\/\\\/www.fraterinternacional.org\\\/en\\\/affiliates\\\/fraternity-international-humanitarian-association\\\/\\&quot; target=\\&quot;_blank\\&quot; rel=\\&quot;noopener\\&quot;&gt;Fraternity \\u2013 International Humanitarian Association&lt;\\\/a&gt;&lt;\\\/li&gt;\\n \\t&lt;li&gt;&lt;a href=\\&quot;https:\\\/\\\/www.fraterinternacional.org\\\/en\\\/affiliates\\\/fraternity-international-humanitarian-missions-fihm-association-in-portugal\\\/\\&quot; target=\\&quot;_blank\\&quot; rel=\\&quot;noopener\\&quot;&gt;&lt;strong&gt;Fraternity \\u2013 International Humanitarian Missions (FIHM) Association in Portugal&lt;\\\/strong&gt;&lt;\\\/a&gt;&lt;\\\/li&gt;\\n \\t&lt;li&gt;&lt;a href=\\&quot;https:\\\/\\\/www.fraterinternacional.org\\\/en\\\/affiliates\\\/light-community-of-fleur-de-lys\\\/\\&quot; target=\\&quot;_blank\\&quot; rel=\\&quot;noopener\\&quot;&gt;Orden Gracia Misericordia&lt;\\\/a&gt;&lt;\\\/li&gt;\\n&lt;\\\/ol&gt;&quot;,&quot;label&quot;:&quot;https:\\\/\\\/www.fraterinternacional.org\\\/wp-content\\\/uploads\\\/2021\\\/06\\\/pin-portugal.png&quot;,&quot;action&quot;:&quot;default&quot;,&quot;x&quot;:&quot;0.4826&quot;,&quot;y&quot;:&quot;0.4671&quot;,&quot;color&quot;:&quot;rgba(255,255,255,0)&quot;,&quot;level&quot;:&quot;world&quot;,&quot;pin&quot;:&quot;pin-pulse pin-label&quot;,&quot;fill&quot;:&quot;rgba(255,255,255,0)&quot;},{&quot;id&quot;:&quot;001c&quot;,&quot;title&quot;:&quot;Col\\u00f4mbia&quot;,&quot;description&quot;:&quot;&lt;p&gt;&lt;strong&gt;MISSIONS&lt;\\\/strong&gt;:&lt;\\\/p&gt;&lt;p&gt;&lt;a href=\\&quot;https:\\\/\\\/www.missoeshumanitarias.org\\\/en\\\/colombia-mission\\\/\\&quot; target=\\&quot;_blank\\&quot; rel=\\&quot;noopener\\&quot;&gt;Colombia Mission&lt;\\\/a&gt;&lt;\\\/p&gt;&lt;p&gt;&lt;strong&gt;REPRESENTATION:&lt;\\\/strong&gt;&lt;\\\/p&gt;&lt;p&gt;Humanitarian Fraternity Bogota&lt;\\\/p&gt;&quot;,&quot;label&quot;:&quot;https:\\\/\\\/www.fraterinternacional.org\\\/wp-content\\\/uploads\\\/2021\\\/06\\\/pin-colombia.png&quot;,&quot;category&quot;:&quot;mundo&quot;,&quot;action&quot;:&quot;default&quot;,&quot;x&quot;:&quot;0.3769&quot;,&quot;y&quot;:&quot;0.6301&quot;,&quot;color&quot;:&quot;rgba(255,255,255,0)&quot;,&quot;level&quot;:&quot;world&quot;,&quot;pin&quot;:&quot;pin-pulse pin-label&quot;,&quot;fill&quot;:&quot;rgba(255,255,255,0)&quot;},{&quot;id&quot;:&quot;001ur&quot;,&quot;title&quot;:&quot;Paraguai&quot;,&quot;description&quot;:&quot;&lt;ol&gt;&lt;li&gt;Miss\\u00e3o Paraguai (recorrente)&lt;\\\/li&gt;&lt;\\\/ol&gt;&quot;,&quot;label&quot;:&quot;https:\\\/\\\/www.fraterinternacional.org\\\/wp-content\\\/uploads\\\/2020\\\/05\\\/pin-uruguai.png&quot;,&quot;category&quot;:&quot;mundo&quot;,&quot;action&quot;:&quot;default&quot;,&quot;x&quot;:&quot;0.3738&quot;,&quot;y&quot;:&quot;0.7925&quot;,&quot;fill&quot;:&quot;#b7b7b7&quot;,&quot;color&quot;:&quot;#b7b7b7&quot;,&quot;level&quot;:&quot;world&quot;},{&quot;title&quot;:&quot;Argentina&quot;,&quot;id&quot;:&quot;001ar&quot;,&quot;description&quot;:&quot;&lt;p&gt;&lt;strong&gt;AFFILIATES&lt;\\\/strong&gt;:&lt;\\\/p&gt;&lt;ol&gt;&lt;li&gt;&lt;a href=\\&quot;https:\\\/\\\/www.fraterinternacional.org\\\/en\\\/affiliates\\\/light-community-of-brotherhood\\\/\\&quot; target=\\&quot;_blank\\&quot; rel=\\&quot;noopener\\&quot;&gt;&lt;strong&gt;Light-Community of the Brotherhood&lt;\\\/strong&gt;&lt;\\\/a&gt;&lt;\\\/li&gt;&lt;li&gt;&lt;a href=\\&quot;https:\\\/\\\/www.fraterinternacional.org\\\/en\\\/affiliates\\\/camino-del-servicio\\\/\\&quot; target=\\&quot;_blank\\&quot; rel=\\&quot;noopener\\&quot;&gt;Camino del Servicio&lt;\\\/a&gt;&lt;\\\/li&gt;&lt;li&gt;&lt;strong&gt;&lt;a href=\\&quot;https:\\\/\\\/www.mensajerosdivinos.org\\\/en\\\/grace-mercy-order\\&quot; target=\\&quot;_blank\\&quot; rel=\\&quot;noopener\\&quot;&gt;Grace Mercy Order&lt;\\\/a&gt;&lt;\\\/strong&gt; - 2 monasteries&lt;\\\/li&gt;&lt;\\\/ol&gt;&lt;p&gt;&lt;strong&gt;REPRESENTATION:&lt;\\\/strong&gt;&lt;\\\/p&gt;&lt;p&gt;Humanitarian Fraternity Buenos Aires&lt;\\\/p&gt;&lt;p&gt;&lt;strong&gt;CENTER MARIAN:&lt;\\\/strong&gt;&lt;\\\/p&gt;&lt;p&gt;&lt;a href=\\&quot;https:\\\/\\\/www.mensajerosdivinos.org\\\/en\\\/centros-marianos-de-oracion#espiritu\\&quot; target=\\&quot;_blank\\&quot; rel=\\&quot;noopener\\&quot;&gt;Marian Center of the Holy Spirit, C\\u00f3rdoba, Argentina&lt;\\\/a&gt;&lt;\\\/p&gt;&quot;,&quot;label&quot;:&quot;https:\\\/\\\/www.fraterinternacional.org\\\/wp-content\\\/uploads\\\/2021\\\/06\\\/pin-argentina.png&quot;,&quot;action&quot;:&quot;default&quot;,&quot;x&quot;:&quot;0.3871&quot;,&quot;y&quot;:&quot;0.8278&quot;,&quot;level&quot;:&quot;world&quot;,&quot;color&quot;:&quot;rgba(255,255,255,0)&quot;,&quot;pin&quot;:&quot;pin-pulse pin-label&quot;,&quot;fill&quot;:&quot;rgba(255,255,255,0)&quot;},{&quot;title&quot;:&quot;Brazil&quot;,&quot;id&quot;:&quot;01br&quot;,&quot;description&quot;:&quot;&lt;p&gt;&lt;strong&gt;AFFILIATES&lt;\\\/strong&gt;:&lt;\\\/p&gt;&lt;ol&gt;&lt;li&gt;&lt;a href=\\&quot;http:\\\/\\\/www.comunidadefigueira.org.br\\\/portal\\\/en\\\/\\&quot; target=\\&quot;_blank\\&quot; rel=\\&quot;noopener\\&quot;&gt;&lt;strong&gt;Light-Community of Figueira&lt;\\\/strong&gt;&lt;\\\/a&gt;&lt;\\\/li&gt;&lt;li&gt;&lt;strong&gt;&lt;a href=\\&quot;https:\\\/\\\/comunidadenovaterra.org\\\/\\&quot; target=\\&quot;_blank\\&quot; rel=\\&quot;noopener\\&quot;&gt;Light-Community of the New Earth\\u00a0&lt;\\\/a&gt;&lt;a href=\\&quot;https:\\\/\\\/comunidadenovaterra.org\\\/\\&quot; target=\\&quot;_blank\\&quot; rel=\\&quot;noopener\\&quot;&gt;(Crer-Sendo)&lt;\\\/a&gt;&lt;\\\/strong&gt;&lt;\\\/li&gt;&lt;li&gt;&lt;a href=\\&quot;https:\\\/\\\/www.fraterinternacional.org\\\/en\\\/affiliates\\\/light-community-roraima\\\/\\&quot; target=\\&quot;_blank\\&quot; rel=\\&quot;noopener\\&quot;&gt;&lt;strong&gt;Light-Community&lt;br \\\/&gt;Flor do Sagrado Tepui of Roraima&lt;\\\/strong&gt;&lt;\\\/a&gt;&lt;\\\/li&gt;&lt;li&gt;&lt;a href=\\&quot;https:\\\/\\\/www.fraterinternacional.org\\\/en\\\/affiliates\\\/light-nucleus-in-sao-paulo\\\/\\&quot; target=\\&quot;_blank\\&quot; rel=\\&quot;noopener\\&quot;&gt;&lt;strong&gt;Light-Nucleus in S\\u00e3o Paulo&lt;\\\/strong&gt;&lt;\\\/a&gt;&lt;\\\/li&gt;&lt;li&gt;&lt;a href=\\&quot;https:\\\/\\\/www.fraterinternacional.org\\\/en\\\/affiliates\\\/light-nucleus-in-sao-carlos\\\/\\&quot; target=\\&quot;_blank\\&quot; rel=\\&quot;noopener\\&quot;&gt;&lt;strong&gt;Light-Nucleus in S\\u00e3o Carlos&lt;\\\/strong&gt;&lt;\\\/a&gt;&lt;\\\/li&gt;&lt;li&gt;&lt;a href=\\&quot;https:\\\/\\\/www.fraterinternacional.org\\\/en\\\/affiliates\\\/light-nucleus-in-belo-horizonte\\\/\\&quot; target=\\&quot;_blank\\&quot; rel=\\&quot;noopener\\&quot;&gt;&lt;strong&gt;Light-Nucleus in Belo Horizonte&lt;\\\/strong&gt;&lt;\\\/a&gt;&lt;\\\/li&gt;&lt;li&gt;&lt;a href=\\&quot;https:\\\/\\\/www.fraterinternacional.org\\\/en\\\/affiliates\\\/light-nucleus-in-brasilia\\\/\\&quot; target=\\&quot;_blank\\&quot; rel=\\&quot;noopener\\&quot;&gt;&lt;strong&gt;Light-Nucleus in Bras\\u00edlia&lt;\\\/strong&gt;&lt;\\\/a&gt;&lt;\\\/li&gt;&lt;li&gt;&lt;strong&gt;&lt;a href=\\&quot;https:\\\/\\\/www.missoeshumanitarias.org\\\/en\\\/\\&quot; target=\\&quot;_blank\\&quot; rel=\\&quot;noopener\\&quot;&gt;Fraternity \\u2013 International Humanitarian Missions (FIHM)&lt;\\\/a&gt;&lt;\\\/strong&gt;&lt;\\\/li&gt;&lt;li&gt;&lt;strong&gt;&lt;a href=\\&quot;http:\\\/\\\/www.casaluzdacolina.org.br\\\/\\&quot; target=\\&quot;_blank\\&quot; rel=\\&quot;noopener\\&quot;&gt;House Luz da Colina&lt;\\\/a&gt;&lt;\\\/strong&gt;&lt;\\\/li&gt;&lt;li&gt;&lt;strong&gt;&lt;a href=\\&quot;http:\\\/\\\/www.casacristodobem.org.br\\\/\\&quot; target=\\&quot;_blank\\&quot; rel=\\&quot;noopener\\&quot; aria-label=\\&quot; (opens in a new tab)\\&quot;&gt;House Cristo do Bem&lt;\\\/a&gt;&lt;\\\/strong&gt;&lt;\\\/li&gt;&lt;li&gt;&lt;strong&gt;&lt;a href=\\&quot;http:\\\/\\\/www.parquefranciscodeassis.com.br\\\/\\&quot; target=\\&quot;_blank\\&quot; rel=\\&quot;noopener\\&quot; aria-label=\\&quot; (opens in a new tab)\\&quot;&gt;Francisco de Assis Park&lt;\\\/a&gt;&lt;\\\/strong&gt;&lt;\\\/li&gt;&lt;li&gt;&lt;strong&gt;&lt;a href=\\&quot;http:\\\/\\\/irdin.org.br\\\/\\&quot; target=\\&quot;_blank\\&quot; rel=\\&quot;noopener\\&quot; aria-label=\\&quot; (opens in a new tab)\\&quot;&gt;Association Irdin Editora&lt;\\\/a&gt;&lt;\\\/strong&gt;&lt;\\\/li&gt;&lt;li&gt;&lt;a href=\\&quot;https:\\\/\\\/www.mensajerosdivinos.org\\\/en\\\/asociacion-maria\\&quot; target=\\&quot;_blank\\&quot; rel=\\&quot;noopener\\&quot;&gt;&lt;strong&gt;Association Mary&lt;\\\/strong&gt;&lt;\\\/a&gt;&lt;\\\/li&gt;&lt;li&gt;&lt;strong&gt;&lt;a href=\\&quot;https:\\\/\\\/www.mensajerosdivinos.org\\\/en\\\/grace-mercy-order\\&quot; target=\\&quot;_blank\\&quot; rel=\\&quot;noopener\\&quot;&gt;Grace Mercy Order&lt;\\\/a&gt;&lt;\\\/strong&gt;&lt;\\\/li&gt;&lt;\\\/ol&gt;&lt;p&gt;&lt;strong&gt;MISSIONS:&lt;\\\/strong&gt;&lt;\\\/p&gt;&lt;ol&gt;&lt;li&gt;&lt;a href=\\&quot;https:\\\/\\\/www.missoeshumanitarias.org\\\/en\\\/mission-roraima\\\/\\&quot; target=\\&quot;_blank\\&quot; rel=\\&quot;noopener\\&quot;&gt;Roraima Humanitarian Mission&lt;\\\/a&gt;&lt;\\\/li&gt;&lt;li&gt;&lt;a href=\\&quot;https:\\\/\\\/www.missoeshumanitarias.org\\\/en\\\/transit-lodging-in-manaus\\\/\\&quot; target=\\&quot;_blank\\&quot; rel=\\&quot;noopener\\&quot;&gt;Transit Lodging in Manaus (ATM)&lt;\\\/a&gt;&lt;\\\/li&gt;&lt;\\\/ol&gt;&lt;p&gt;&lt;strong&gt;AFFILIATES:&lt;\\\/strong&gt;&lt;\\\/p&gt;&lt;ol&gt;&lt;li&gt;Boa Vista, Roraima&lt;\\\/li&gt;&lt;li&gt;Guaruj\\u00e1, S\\u00e3o Paulo&lt;\\\/li&gt;&lt;li&gt;Manaus, Amazonas&lt;\\\/li&gt;&lt;\\\/ol&gt;&lt;p&gt;&lt;strong&gt;MARIAN CENTERS:&lt;\\\/strong&gt;&lt;\\\/p&gt;&lt;ol&gt;&lt;li&gt;&lt;a href=\\&quot;https:\\\/\\\/www.mensajerosdivinos.org\\\/en\\\/centros-marianos-de-oracion#figueira\\&quot; target=\\&quot;_blank\\&quot; rel=\\&quot;noopener\\&quot;&gt;Marian Center of Figueira, Minas Gerais, Brazil&lt;\\\/a&gt;&lt;\\\/li&gt;&lt;li&gt;&lt;a href=\\&quot;https:\\\/\\\/www.mensajerosdivinos.org\\\/en\\\/centros-marianos-de-oracion#nino\\&quot; target=\\&quot;_blank\\&quot; rel=\\&quot;noopener\\&quot;&gt;Marian Center of the Child King, Teres\\u00f3polis, Brazil&lt;\\\/a&gt;&lt;\\\/li&gt;&lt;li&gt;&lt;a href=\\&quot;https:\\\/\\\/www.mensajerosdivinos.org\\\/pt-br\\\/centros-marianos-de-oracion\\&quot; target=\\&quot;_blank\\&quot; rel=\\&quot;noopener\\&quot;&gt;Centro Mariano dos Reinos (SC)&lt;\\\/a&gt;&lt;\\\/li&gt;&lt;\\\/ol&gt;&quot;,&quot;pin&quot;:&quot;pin-pulse pin-label&quot;,&quot;label&quot;:&quot;https:\\\/\\\/www.fraterinternacional.org\\\/wp-content\\\/uploads\\\/2021\\\/06\\\/pin-brasil.png&quot;,&quot;fill&quot;:&quot;rgba(255,255,255,0)&quot;,&quot;action&quot;:&quot;default&quot;,&quot;x&quot;:&quot;0.4163&quot;,&quot;y&quot;:&quot;0.7122&quot;,&quot;level&quot;:&quot;world&quot;,&quot;color&quot;:&quot;rgba(255,255,255,0)&quot;},{&quot;title&quot;:&quot;Switzerland&quot;,&quot;id&quot;:&quot;01su&quot;,&quot;description&quot;:&quot;&lt;p&gt;&lt;strong&gt;AFFILIATED&lt;\\\/strong&gt;:&lt;\\\/p&gt;&lt;p&gt;&lt;strong&gt;&lt;a href=\\&quot;https:\\\/\\\/www.missoeshumanitarias.org\\\/filiada-genebra\\\/\\&quot; target=\\&quot;_blank\\&quot; rel=\\&quot;noopener\\&quot;&gt;Fraternity \\u2013 International Humanitarian Missions (FIHM) Geneva&lt;\\\/a&gt;&lt;\\\/strong&gt;&lt;\\\/p&gt;&quot;,&quot;pin&quot;:&quot;pin-pulse pin-label&quot;,&quot;label&quot;:&quot;https:\\\/\\\/www.fraterinternacional.org\\\/wp-content\\\/uploads\\\/2021\\\/06\\\/pin-Suica-01.png&quot;,&quot;fill&quot;:&quot;rgba(255,255,255,0)&quot;,&quot;action&quot;:&quot;default&quot;,&quot;x&quot;:&quot;0.5086&quot;,&quot;y&quot;:&quot;0.4273&quot;,&quot;level&quot;:&quot;world&quot;,&quot;color&quot;:&quot;rgba(255,255,255,0)&quot;},{&quot;title&quot;:&quot;Angola&quot;,&quot;id&quot;:&quot;ago&quot;,&quot;description&quot;:&quot;&lt;p&gt;&lt;strong&gt;MISSION:&lt;\\\/strong&gt;&lt;\\\/p&gt;&lt;p&gt;&lt;a href=\\&quot;https:\\\/\\\/www.missoeshumanitarias.org\\\/en\\\/angola-mission\\\/\\&quot; target=\\&quot;_blank\\&quot; rel=\\&quot;noopener\\&quot;&gt;Angola Mission&lt;\\\/a&gt;&lt;\\\/p&gt;&quot;,&quot;pin&quot;:&quot;pin-pulse pin-label&quot;,&quot;label&quot;:&quot;https:\\\/\\\/www.fraterinternacional.org\\\/wp-content\\\/uploads\\\/2021\\\/06\\\/pin-angola.png&quot;,&quot;fill&quot;:&quot;rgba(255,255,255,0)&quot;,&quot;action&quot;:&quot;default&quot;,&quot;x&quot;:&quot;0.5317&quot;,&quot;y&quot;:&quot;0.7215&quot;,&quot;level&quot;:&quot;world&quot;,&quot;color&quot;:&quot;rgba(255,255,255,0)&quot;}]}\"><\/div>\n<\/div><div class=\"fusion-clearfix\"><\/div><\/div><\/div><div class=\"fusion-layout-column fusion_builder_column fusion-builder-column-8 fusion_builder_column_1_5 1_5 fusion-one-fifth fusion-column-first\" style=\"--awb-bg-size:cover;--awb-border-color:#ffffff;--awb-border-left:0;--awb-border-style:solid;width:20%;width:calc(20% - ( ( 10px + 10px + 10px ) * 0.2 ) );margin-right: 10px;\"><div class=\"fusion-column-wrapper fusion-column-has-shadow fusion-flex-column-wrapper-legacy\"><div class=\"fusion-text fusion-text-5\"><p style=\"text-align: center;\"><img decoding=\"async\" class=\"alignnone size-full wp-image-121716\" src=\"https:\/\/www.fraterinternacional.org\/wp-content\/uploads\/2021\/06\/bd-brasil.png\" alt=\"\" width=\"40\" \/><\/p>\n<p style=\"text-align: center;\"><strong>World Headquarters <\/strong><\/p>\n<p style=\"text-align: center;\">Carmo da Cachoeira &#8211; Minas Gerais<\/p>\n<\/div><div class=\"fusion-clearfix\"><\/div><\/div><\/div><div class=\"fusion-layout-column fusion_builder_column fusion-builder-column-9 fusion_builder_column_1_4 1_4 fusion-one-fourth\" style=\"--awb-bg-size:cover;--awb-border-color:#ffffff;--awb-border-left:0;--awb-border-style:solid;width:25%;width:calc(25% - ( ( 10px + 10px + 10px ) * 0.25 ) );margin-right: 10px;\"><div class=\"fusion-column-wrapper fusion-column-has-shadow fusion-flex-column-wrapper-legacy\"><div class=\"fusion-text fusion-text-6\"><p style=\"text-align: center;\"><strong><img decoding=\"async\" class=\"alignnone size-full wp-image-121716\" src=\"https:\/\/www.fraterinternacional.org\/wp-content\/uploads\/2021\/06\/bd-brasil.png\" alt=\"\" width=\"40\" \/><\/strong><\/p>\n<p style=\"text-align: center;\"><span class=\"fusion-tooltip tooltip-shortcode dica\" data-animation=\"\" data-delay=\"0\" data-placement=\"top\" data-title=\"Affiliates: they are extensions of the Headquarters established in Brazil and managed by the same social statutes and the original CNPJ (National Registry of Legal Entities) of the Headquarters .\" title=\"Affiliates: they are extensions of the Headquarters established in Brazil and managed by the same social statutes and the original CNPJ (National Registry of Legal Entities) of the Headquarters .\" data-toggle=\"tooltip\" data-trigger=\"hover\">Affiliates in Brazil<\/span><\/p>\n<p style=\"text-align: center;\">Boa Vista &#8211; Roraima,<br \/>\nGuaruj\u00e1 &#8211; S\u00e3o Paulo e<br \/>\nManaus &#8211; Amazonas<\/p>\n<\/div><div class=\"fusion-clearfix\"><\/div><\/div><\/div><div class=\"fusion-layout-column fusion_builder_column fusion-builder-column-10 fusion_builder_column_1_3 1_3 fusion-one-third\" style=\"--awb-bg-size:cover;--awb-border-color:#ffffff;--awb-border-left:0;--awb-border-style:solid;width:33.333333333333%;width:calc(33.333333333333% - ( ( 10px + 10px + 10px ) * 0.33333333333333 ) );margin-right: 10px;\"><div class=\"fusion-column-wrapper fusion-column-has-shadow fusion-flex-column-wrapper-legacy\"><div class=\"fusion-text fusion-text-7\"><p style=\"text-align: center;\"><img decoding=\"async\" class=\"alignnone size-full wp-image-121720\" src=\"https:\/\/www.fraterinternacional.org\/wp-content\/uploads\/2021\/06\/flag-representacao.jpg\" alt=\"Argentina e Col\u00f4mbia\" width=\"106\" height=\"41\" \/><\/p>\n<p style=\"text-align: center;\"><span class=\"fusion-tooltip tooltip-shortcode dica\" data-animation=\"\" data-delay=\"0\" data-placement=\"top\" data-title=\"Representations: they are extensions established Overseas and managed by the same social statutes of the Headquarters, registered abroad as a foreign entity.\" title=\"Representations: they are extensions established Overseas and managed by the same social statutes of the Headquarters, registered abroad as a foreign entity.\" data-toggle=\"tooltip\" data-trigger=\"hover\">Representations<\/span><\/p>\n<p style=\"text-align: center;\">Humanitarian Fraternity Buenos Aires<br \/>\nHumanitarian Fraternity Bogot\u00e1<\/p>\n<\/div><div class=\"fusion-clearfix\"><\/div><\/div><\/div><div class=\"fusion-layout-column fusion_builder_column fusion-builder-column-11 fusion_builder_column_1_5 1_5 fusion-one-fifth fusion-column-last\" style=\"--awb-bg-size:cover;--awb-border-color:#ffffff;--awb-border-left:0;--awb-border-style:solid;width:20%;width:calc(20% - ( ( 10px + 10px + 10px ) * 0.2 ) );\"><div class=\"fusion-column-wrapper fusion-column-has-shadow fusion-flex-column-wrapper-legacy\"><div class=\"fusion-text fusion-text-8\"><p style=\"text-align: center;\"><img decoding=\"async\" class=\"alignnone size-full wp-image-121723\" src=\"https:\/\/www.fraterinternacional.org\/wp-content\/uploads\/2021\/06\/logo-redeluz01.png\" alt=\"Rede-Luz Planet\u00e1ria\" width=\"42\" height=\"42\" srcset=\"https:\/\/www.fraterinternacional.org\/wp-content\/uploads\/2021\/06\/logo-redeluz01-150x150.png 150w, https:\/\/www.fraterinternacional.org\/wp-content\/uploads\/2021\/06\/logo-redeluz01.png 500w\" sizes=\"(max-width: 42px) 100vw, 42px\" \/><\/p>\n<p style=\"text-align: center;\"><b>Planetary Light-Network<\/b><\/p>\n<p style=\"text-align: center;\">259 groups in 26 countries<\/p>\n<\/div><div class=\"fusion-clearfix\"><\/div><\/div><\/div><\/div><\/div><div class=\"fusion-fullwidth fullwidth-box fusion-builder-row-6 nonhundred-percent-fullwidth non-hundred-percent-height-scrolling\" style=\"--awb-border-radius-top-left:0px;--awb-border-radius-top-right:0px;--awb-border-radius-bottom-right:0px;--awb-border-radius-bottom-left:0px;--awb-padding-top:0px;--awb-padding-bottom:3%;--awb-flex-wrap:wrap;\" ><div class=\"fusion-builder-row fusion-row\"><div class=\"fusion-layout-column fusion_builder_column fusion-builder-column-12 fusion_builder_column_1_1 1_1 fusion-one-full fusion-column-first fusion-column-last\" style=\"--awb-bg-size:cover;--awb-margin-bottom:40px;\"><div class=\"fusion-column-wrapper fusion-column-has-shadow fusion-flex-column-wrapper-legacy\"><div class=\"fusion-section-separator section-separator slant fusion-section-separator-3\" style=\"--awb-spacer-height:99px;--awb-svg-margin-left:0;--awb-svg-margin-right:0;--awb-divider-height:99px;--awb-spacer-padding-top:inherit;--awb-sep-padding:0;--awb-svg-padding:0;\"><div class=\"fusion-section-separator-svg\"><svg class=\"fusion-slant-candy\" xmlns=\"http:\/\/www.w3.org\/2000\/svg\" version=\"1.1\" width=\"100%\" height=\"100\" viewBox=\"0 0 100 100\" preserveAspectRatio=\"none\" fill=\"rgba(255,255,255,1)\"><path d=\"M0 100 L0 0 L100 0 Z\"><\/path><\/svg><\/div><div class=\"fusion-section-separator-spacer\"><div class=\"fusion-section-separator-spacer-height\"><\/div><\/div><\/div><div class=\"fusion-clearfix\"><\/div><\/div><\/div><div class=\"fusion-layout-column fusion_builder_column fusion-builder-column-13 fusion_builder_column_1_2 1_2 fusion-one-half fusion-column-first\" style=\"--awb-padding-right:0px;--awb-padding-left:0px;--awb-bg-size:cover;width:50%;width:calc(50% - ( ( 4% ) * 0.5 ) );margin-right: 4%;\"><div class=\"fusion-column-wrapper fusion-column-has-shadow fusion-flex-column-wrapper-legacy\"><div class=\"fusion-title title fusion-title-3 fusion-sep-none fusion-title-text fusion-title-size-one fusion-animated\" data-animationType=\"slideInDown\" data-animationDuration=\"0.3\" data-animationOffset=\"top-into-view\"><h1 class=\"fusion-title-heading title-heading-left fusion-responsive-typography-calculated\" style=\"margin:0;--fontSize:38;line-height:1.41;\">THOUGHTS OF THE DAY<\/h1><\/div><div class=\"fusion-text fusion-text-9\" style=\"--awb-text-transform:none;\"><p>Daily reflections for your spiritual awakening of the Philosopher-Spiritualist <a href=\"https:\/\/www.trigueirinho.org.br\/\" target=\"_blank\" rel=\"noopener noreferrer\">Jos\u00e9 Trigueirinho Netto.<\/a>\u00a0He wrote 84 books, gave more than 3,000 lectures recorded live.<\/p>\n<p><a href=\"https:\/\/www.youtube.com\/channel\/UChdWvWo42nXl7wUbRlzk36w\" target=\"_blank\" rel=\"noopener noreferrer\">Get to know his work! <\/a> Receive the &#8220;Thought of the Day&#8221; straight on your cell phone, via Telegram. Join the Channel <a class=\"text-entity-link\" dir=\"auto\" title=\"http:\/\/t.me\/irdinpublishinghouse\" href=\"http:\/\/t.me\/irdinpublishinghouse\" target=\"_blank\" rel=\"noopener noreferrer\">t.me\/irdinpublishinghouse<\/a>\u00a0and follow the instructions.<\/p>\n<\/div><div class=\"fusion-clearfix\"><\/div><\/div><\/div><div class=\"fusion-layout-column fusion_builder_column fusion-builder-column-14 fusion_builder_column_1_2 1_2 fusion-one-half fusion-column-last\" style=\"--awb-padding-right:0px;--awb-padding-left:0px;--awb-bg-size:cover;width:50%;width:calc(50% - ( ( 4% ) * 0.5 ) );\"><div class=\"fusion-column-wrapper fusion-column-has-shadow fusion-flex-column-wrapper-legacy\"><div class=\"fusion-text fusion-text-10\"><div class=\"video-shortcode\"><iframe title=\"Pensamento do Dia \/ Thought of the Day \/ Pensamiento del D\u00eda\" width=\"1200\" height=\"675\" src=\"https:\/\/www.youtube.com\/embed\/videoseries?list=PLxOs5L66MT9GeZbzd2Nhyi8uO-XIf2N9g\" frameborder=\"0\" allow=\"accelerometer; autoplay; clipboard-write; encrypted-media; gyroscope; picture-in-picture\" allowfullscreen><\/iframe><\/div>\n<\/div><div class=\"fusion-clearfix\"><\/div><\/div><\/div><\/div><\/div><\/p>\n","protected":false},"excerpt":{"rendered":"","protected":false},"author":4,"featured_media":44203,"parent":0,"menu_order":71,"comment_status":"closed","ping_status":"closed","template":"100-width.php","meta":{"footnotes":""},"class_list":["post-6332","page","type-page","status-publish","has-post-thumbnail","hentry"],"yoast_head":"<!-- This site is optimized with the Yoast SEO Premium plugin v21.0 (Yoast SEO v21.0) - https:\/\/yoast.com\/wordpress\/plugins\/seo\/ -->\n<title>Fraternidade - International Humanitarian Federation<\/title>\n<meta name=\"description\" content=\"The Fraternidade was created by the join voluntary and selfless action of collaborators; it manifests it self in group practices and in altruistic services.\" \/>\n<meta name=\"robots\" content=\"index, follow, max-snippet:-1, max-image-preview:large, max-video-preview:-1\" \/>\n<link rel=\"canonical\" href=\"https:\/\/www.fraterinternacional.org\/en\/\" \/>\n<meta property=\"og:locale\" content=\"en_US\" \/>\n<meta property=\"og:type\" content=\"article\" \/>\n<meta property=\"og:title\" content=\"Fraternity\" \/>\n<meta property=\"og:description\" content=\"The Fraternidade was created by the join voluntary and selfless action of collaborators; it manifests it self in group practices and in altruistic services.\" \/>\n<meta property=\"og:url\" content=\"https:\/\/www.fraterinternacional.org\/en\/\" \/>\n<meta property=\"og:site_name\" content=\"Fraternidade - Federa\u00e7\u00e3o Humanit\u00e1ria Internacional\" \/>\n<meta property=\"article:publisher\" content=\"https:\/\/www.facebook.com\/fraternidadehumanitaria\" \/>\n<meta property=\"article:modified_time\" content=\"2026-03-09T20:55:54+00:00\" \/>\n<meta property=\"og:image\" content=\"https:\/\/www.fraterinternacional.org\/wp-content\/uploads\/2015\/09\/imagem-destaque-fraternidade-pg_inicial.jpg\" \/>\n<meta name=\"twitter:card\" content=\"summary_large_image\" \/>\n<meta name=\"twitter:site\" content=\"@fraternidadeFHI\" \/>\n<meta name=\"twitter:label1\" content=\"Est. reading time\" \/>\n\t<meta name=\"twitter:data1\" content=\"19 minutes\" \/>\n<script type=\"application\/ld+json\" class=\"yoast-schema-graph\">{\"@context\":\"https:\/\/schema.org\",\"@graph\":[{\"@type\":\"WebPage\",\"@id\":\"https:\/\/www.fraterinternacional.org\/en\/\",\"url\":\"https:\/\/www.fraterinternacional.org\/en\/\",\"name\":\"Fraternidade - International Humanitarian Federation\",\"isPartOf\":{\"@id\":\"https:\/\/www.fraterinternacional.org\/es\/#website\"},\"datePublished\":\"2015-09-03T11:01:00+00:00\",\"dateModified\":\"2026-03-09T20:55:54+00:00\",\"description\":\"The Fraternidade was created by the join voluntary and selfless action of collaborators; it manifests it self in group practices and in altruistic services.\",\"breadcrumb\":{\"@id\":\"https:\/\/www.fraterinternacional.org\/en\/#breadcrumb\"},\"inLanguage\":\"en-US\",\"potentialAction\":[{\"@type\":\"ReadAction\",\"target\":[\"https:\/\/www.fraterinternacional.org\/en\/\"]}]},{\"@type\":\"BreadcrumbList\",\"@id\":\"https:\/\/www.fraterinternacional.org\/en\/#breadcrumb\",\"itemListElement\":[{\"@type\":\"ListItem\",\"position\":1,\"name\":\"In\u00edcio\",\"item\":\"https:\/\/www.fraterinternacional.org\/en\/\"},{\"@type\":\"ListItem\",\"position\":2,\"name\":\"Fraternity\"}]},{\"@type\":\"WebSite\",\"@id\":\"https:\/\/www.fraterinternacional.org\/es\/#website\",\"url\":\"https:\/\/www.fraterinternacional.org\/es\/\",\"name\":\"Fraternidade - Federa\u00e7\u00e3o Humanit\u00e1ria Internacional\",\"description\":\"Fraternidade - Federa\u00e7\u00e3o Humanit\u00e1ria Internacional\",\"potentialAction\":[{\"@type\":\"SearchAction\",\"target\":{\"@type\":\"EntryPoint\",\"urlTemplate\":\"https:\/\/www.fraterinternacional.org\/es\/?s={search_term_string}\"},\"query-input\":\"required name=search_term_string\"}],\"inLanguage\":\"en-US\"}]}<\/script>\n<!-- \/ Yoast SEO Premium plugin. -->","yoast_head_json":{"title":"Fraternidade - International Humanitarian Federation","description":"The Fraternidade was created by the join voluntary and selfless action of collaborators; it manifests it self in group practices and in altruistic services.","robots":{"index":"index","follow":"follow","max-snippet":"max-snippet:-1","max-image-preview":"max-image-preview:large","max-video-preview":"max-video-preview:-1"},"canonical":"https:\/\/www.fraterinternacional.org\/en\/","og_locale":"en_US","og_type":"article","og_title":"Fraternity","og_description":"The Fraternidade was created by the join voluntary and selfless action of collaborators; it manifests it self in group practices and in altruistic services.","og_url":"https:\/\/www.fraterinternacional.org\/en\/","og_site_name":"Fraternidade - Federa\u00e7\u00e3o Humanit\u00e1ria Internacional","article_publisher":"https:\/\/www.facebook.com\/fraternidadehumanitaria","article_modified_time":"2026-03-09T20:55:54+00:00","og_image":[{"url":"https:\/\/www.fraterinternacional.org\/wp-content\/uploads\/2015\/09\/imagem-destaque-fraternidade-pg_inicial.jpg"}],"twitter_card":"summary_large_image","twitter_site":"@fraternidadeFHI","twitter_misc":{"Est. reading time":"19 minutes"},"schema":{"@context":"https:\/\/schema.org","@graph":[{"@type":"WebPage","@id":"https:\/\/www.fraterinternacional.org\/en\/","url":"https:\/\/www.fraterinternacional.org\/en\/","name":"Fraternidade - International Humanitarian Federation","isPartOf":{"@id":"https:\/\/www.fraterinternacional.org\/es\/#website"},"datePublished":"2015-09-03T11:01:00+00:00","dateModified":"2026-03-09T20:55:54+00:00","description":"The Fraternidade was created by the join voluntary and selfless action of collaborators; it manifests it self in group practices and in altruistic services.","breadcrumb":{"@id":"https:\/\/www.fraterinternacional.org\/en\/#breadcrumb"},"inLanguage":"en-US","potentialAction":[{"@type":"ReadAction","target":["https:\/\/www.fraterinternacional.org\/en\/"]}]},{"@type":"BreadcrumbList","@id":"https:\/\/www.fraterinternacional.org\/en\/#breadcrumb","itemListElement":[{"@type":"ListItem","position":1,"name":"In\u00edcio","item":"https:\/\/www.fraterinternacional.org\/en\/"},{"@type":"ListItem","position":2,"name":"Fraternity"}]},{"@type":"WebSite","@id":"https:\/\/www.fraterinternacional.org\/es\/#website","url":"https:\/\/www.fraterinternacional.org\/es\/","name":"Fraternidade - Federa\u00e7\u00e3o Humanit\u00e1ria Internacional","description":"Fraternidade - Federa\u00e7\u00e3o Humanit\u00e1ria Internacional","potentialAction":[{"@type":"SearchAction","target":{"@type":"EntryPoint","urlTemplate":"https:\/\/www.fraterinternacional.org\/es\/?s={search_term_string}"},"query-input":"required name=search_term_string"}],"inLanguage":"en-US"}]}},"_links":{"self":[{"href":"https:\/\/www.fraterinternacional.org\/en\/wp-json\/wp\/v2\/pages\/6332"}],"collection":[{"href":"https:\/\/www.fraterinternacional.org\/en\/wp-json\/wp\/v2\/pages"}],"about":[{"href":"https:\/\/www.fraterinternacional.org\/en\/wp-json\/wp\/v2\/types\/page"}],"author":[{"embeddable":true,"href":"https:\/\/www.fraterinternacional.org\/en\/wp-json\/wp\/v2\/users\/4"}],"replies":[{"embeddable":true,"href":"https:\/\/www.fraterinternacional.org\/en\/wp-json\/wp\/v2\/comments?post=6332"}],"version-history":[{"count":3,"href":"https:\/\/www.fraterinternacional.org\/en\/wp-json\/wp\/v2\/pages\/6332\/revisions"}],"predecessor-version":[{"id":127621,"href":"https:\/\/www.fraterinternacional.org\/en\/wp-json\/wp\/v2\/pages\/6332\/revisions\/127621"}],"wp:featuredmedia":[{"embeddable":true,"href":"https:\/\/www.fraterinternacional.org\/en\/wp-json\/wp\/v2\/media\/44203"}],"wp:attachment":[{"href":"https:\/\/www.fraterinternacional.org\/en\/wp-json\/wp\/v2\/media?parent=6332"}],"curies":[{"name":"wp","href":"https:\/\/api.w.org\/{rel}","templated":true}]}}