{"id":105105,"date":"2019-07-03T10:11:54","date_gmt":"2019-07-03T13:11:54","guid":{"rendered":"https:\/\/www.fraterinternacional.org\/?page_id=105105"},"modified":"2021-07-01T15:58:58","modified_gmt":"2021-07-01T18:58:58","slug":"publications","status":"publish","type":"page","link":"https:\/\/www.fraterinternacional.org\/en\/publications\/","title":{"rendered":"Publications"},"content":{"rendered":"<p><div class=\"fusion-fullwidth fullwidth-box fusion-builder-row-1 fusion-flex-container nonhundred-percent-fullwidth non-hundred-percent-height-scrolling\" style=\"--awb-border-radius-top-left:0px;--awb-border-radius-top-right:0px;--awb-border-radius-bottom-right:0px;--awb-border-radius-bottom-left:0px;--awb-padding-bottom:40px;--awb-flex-wrap:wrap;\" ><div class=\"fusion-builder-row fusion-row fusion-flex-align-items-flex-start fusion-flex-content-wrap\" style=\"max-width:1248px;margin-left: calc(-4% \/ 2 );margin-right: calc(-4% \/ 2 );\"><div class=\"fusion-layout-column fusion_builder_column fusion-builder-column-0 fusion_builder_column_1_4 1_4 fusion-flex-column\" style=\"--awb-bg-size:cover;--awb-width-large:25%;--awb-margin-top-large:0px;--awb-spacing-right-large:7.68%;--awb-margin-bottom-large:20px;--awb-spacing-left-large:7.68%;--awb-width-medium:100%;--awb-order-medium:0;--awb-spacing-right-medium:1.92%;--awb-spacing-left-medium:1.92%;--awb-width-small:100%;--awb-order-small:0;--awb-spacing-right-small:1.92%;--awb-spacing-left-small:1.92%;\"><div class=\"fusion-column-wrapper fusion-column-has-shadow fusion-flex-justify-content-flex-start fusion-content-layout-column\"><div class=\"fusion-image-element \" style=\"--awb-caption-title-font-family:var(--h2_typography-font-family);--awb-caption-title-font-weight:var(--h2_typography-font-weight);--awb-caption-title-font-style:var(--h2_typography-font-style);--awb-caption-title-size:var(--h2_typography-font-size);--awb-caption-title-transform:var(--h2_typography-text-transform);--awb-caption-title-line-height:var(--h2_typography-line-height);--awb-caption-title-letter-spacing:var(--h2_typography-letter-spacing);\"><span class=\" fusion-imageframe imageframe-none imageframe-1 hover-type-none\"><a class=\"fusion-no-lightbox\" href=\"https:\/\/youtu.be\/4iJHshau6OY\" target=\"_blank\" aria-label=\"img-doc-hermanos-FMHI\" rel=\"noopener noreferrer\"><img decoding=\"async\" width=\"600\" height=\"400\" alt=\"Document\u00e1rio Hermanos\" src=\"https:\/\/www.fraterinternacional.org\/wp-content\/uploads\/2021\/06\/img-doc-hermanos-FMHI.jpg\" class=\"img-responsive wp-image-121753\" srcset=\"https:\/\/www.fraterinternacional.org\/wp-content\/uploads\/2021\/06\/img-doc-hermanos-FMHI-200x133.jpg 200w, https:\/\/www.fraterinternacional.org\/wp-content\/uploads\/2021\/06\/img-doc-hermanos-FMHI-400x267.jpg 400w, https:\/\/www.fraterinternacional.org\/wp-content\/uploads\/2021\/06\/img-doc-hermanos-FMHI.jpg 600w\" sizes=\"(max-width: 1024px) 100vw, (max-width: 640px) 100vw, 400px\" \/><\/a><\/span><\/div><\/div><\/div><div class=\"fusion-layout-column fusion_builder_column fusion-builder-column-1 fusion_builder_column_3_4 3_4 fusion-flex-column\" style=\"--awb-bg-size:cover;--awb-width-large:75%;--awb-margin-top-large:0px;--awb-spacing-right-large:2.56%;--awb-margin-bottom-large:20px;--awb-spacing-left-large:2.56%;--awb-width-medium:100%;--awb-order-medium:0;--awb-spacing-right-medium:1.92%;--awb-spacing-left-medium:1.92%;--awb-width-small:100%;--awb-order-small:0;--awb-spacing-right-small:1.92%;--awb-spacing-left-small:1.92%;\"><div class=\"fusion-column-wrapper fusion-column-has-shadow fusion-flex-justify-content-flex-start fusion-content-layout-column\"><div class=\"fusion-text fusion-text-1\"><h6>April de 2021<\/h6>\n<p><strong>\u201cHERMANOS\u2013 BRAZIL IN THE HUMANITARIAN RESPONSE TO THE VENEZUELAN CRISIS\u201d<\/strong><\/p>\n<p>Dynamic and engaging, the documentary HERMANOS \u2013 Brazil in the humanitarian response to the Venezuelan crisis was filmed in the period of January and February of 2020 by the Fraternity \u2013 International Humanitarian Federation (FIHF), and offers the public an in-depth look at this present-day reality, still little known by a great part of the Brazilian society.<\/p>\n<p><a href=\"https:\/\/youtu.be\/4iJHshau6OY\" target=\"_blank\" rel=\"noopener\">Watch the documentary.<\/a><\/p>\n<\/div><\/div><\/div><\/div><\/div><div class=\"fusion-fullwidth fullwidth-box fusion-builder-row-2 fusion-flex-container nonhundred-percent-fullwidth non-hundred-percent-height-scrolling\" style=\"--awb-border-radius-top-left:0px;--awb-border-radius-top-right:0px;--awb-border-radius-bottom-right:0px;--awb-border-radius-bottom-left:0px;--awb-padding-bottom:40px;--awb-flex-wrap:wrap;\" ><div class=\"fusion-builder-row fusion-row fusion-flex-align-items-flex-start fusion-flex-content-wrap\" style=\"max-width:1248px;margin-left: calc(-4% \/ 2 );margin-right: calc(-4% \/ 2 );\"><div class=\"fusion-layout-column fusion_builder_column fusion-builder-column-2 fusion_builder_column_1_4 1_4 fusion-flex-column\" style=\"--awb-bg-size:cover;--awb-width-large:25%;--awb-margin-top-large:0px;--awb-spacing-right-large:7.68%;--awb-margin-bottom-large:20px;--awb-spacing-left-large:7.68%;--awb-width-medium:100%;--awb-order-medium:0;--awb-spacing-right-medium:1.92%;--awb-spacing-left-medium:1.92%;--awb-width-small:100%;--awb-order-small:0;--awb-spacing-right-small:1.92%;--awb-spacing-left-small:1.92%;\"><div class=\"fusion-column-wrapper fusion-column-has-shadow fusion-flex-justify-content-flex-start fusion-content-layout-column\"><div class=\"fusion-image-element \" style=\"--awb-caption-title-font-family:var(--h2_typography-font-family);--awb-caption-title-font-weight:var(--h2_typography-font-weight);--awb-caption-title-font-style:var(--h2_typography-font-style);--awb-caption-title-size:var(--h2_typography-font-size);--awb-caption-title-transform:var(--h2_typography-text-transform);--awb-caption-title-line-height:var(--h2_typography-line-height);--awb-caption-title-letter-spacing:var(--h2_typography-letter-spacing);\"><span class=\" fusion-imageframe imageframe-none imageframe-2 hover-type-none\"><img decoding=\"async\" width=\"600\" height=\"400\" alt=\"Conversas sobre Trigueirinho\" title=\"img-publicacoes-conversas-trigueirinho\" src=\"https:\/\/www.fraterinternacional.org\/wp-content\/uploads\/2021\/06\/img-publicacoes-conversas-trigueirinho.jpg\" class=\"img-responsive wp-image-121757\" srcset=\"https:\/\/www.fraterinternacional.org\/wp-content\/uploads\/2021\/06\/img-publicacoes-conversas-trigueirinho-200x133.jpg 200w, https:\/\/www.fraterinternacional.org\/wp-content\/uploads\/2021\/06\/img-publicacoes-conversas-trigueirinho-400x267.jpg 400w, https:\/\/www.fraterinternacional.org\/wp-content\/uploads\/2021\/06\/img-publicacoes-conversas-trigueirinho.jpg 600w\" sizes=\"(max-width: 1024px) 100vw, (max-width: 640px) 100vw, 400px\" \/><\/span><\/div><\/div><\/div><div class=\"fusion-layout-column fusion_builder_column fusion-builder-column-3 fusion_builder_column_3_4 3_4 fusion-flex-column\" style=\"--awb-bg-size:cover;--awb-width-large:75%;--awb-margin-top-large:0px;--awb-spacing-right-large:2.56%;--awb-margin-bottom-large:20px;--awb-spacing-left-large:2.56%;--awb-width-medium:100%;--awb-order-medium:0;--awb-spacing-right-medium:1.92%;--awb-spacing-left-medium:1.92%;--awb-width-small:100%;--awb-order-small:0;--awb-spacing-right-small:1.92%;--awb-spacing-left-small:1.92%;\"><div class=\"fusion-column-wrapper fusion-column-has-shadow fusion-flex-justify-content-flex-start fusion-content-layout-column\"><div class=\"fusion-text fusion-text-2\"><div class=\"elementor-column elementor-col-50 elementor-inner-column elementor-element elementor-element-32bf453\" data-id=\"32bf453\" data-element_type=\"column\">\n<div class=\"elementor-column-wrap elementor-element-populated\">\n<div class=\"elementor-widget-wrap\">\n<div class=\"elementor-element elementor-element-a4aea03 elementor-widget elementor-widget-text-editor\" data-id=\"a4aea03\" data-element_type=\"widget\" data-widget_type=\"text-editor.default\">\n<div class=\"elementor-widget-container\">\n<div class=\"elementor-text-editor elementor-clearfix\">\n<h6>March 2021<\/h6>\n<\/div>\n<\/div>\n<\/div>\n<div class=\"elementor-element elementor-element-804bdd2 elementor-widget elementor-widget-image\" data-id=\"804bdd2\" data-element_type=\"widget\" data-widget_type=\"image.default\">\n<div class=\"elementor-widget-container\">\n<div class=\"elementor-image\"><strong>Livro \u201cConversas sobre Trigueirinho\u201d<\/strong><\/div>\n<\/div>\n<\/div>\n<\/div>\n<\/div>\n<\/div>\n<div class=\"elementor-column elementor-col-50 elementor-inner-column elementor-element elementor-element-8d45da5\" data-id=\"8d45da5\" data-element_type=\"column\">\n<div class=\"elementor-column-wrap elementor-element-populated\">\n<div class=\"elementor-widget-wrap\">\n<div class=\"elementor-element elementor-element-cfc4e2f elementor-widget elementor-widget-text-editor\" data-id=\"cfc4e2f\" data-element_type=\"widget\" data-widget_type=\"text-editor.default\">\n<div class=\"elementor-widget-container\">\n<div class=\"elementor-text-editor elementor-clearfix\">\n<p>A\u00a0<a href=\"https:\/\/www.irdin.org.br\/site\/\">Irdin Editora<\/a>, filiada \u00e0\u00a0<a href=\"https:\/\/www.fraterinternacional.org\/\">Fraternidade \u2013 Federa\u00e7\u00e3o Humanit\u00e1ria Internacional (FFHI)<\/a>, lan\u00e7a o livro <a href=\"https:\/\/www.irdin.org.br\/site\/produtos\/conversas-sobre-trigueirinho\">\u201cConversas sobre Trigueirinho\u201d<\/a>, escrito por Ana Regina Nogueira. A publica\u00e7\u00e3o,\u00a0primeira de uma cole\u00e7\u00e3o de quatro volumes sobre a vida do escritor, fil\u00f3sofo-espiritualista,\u00a0re\u00fane o depoimento de 21 membros da Obra criada por\u00a0<a href=\"https:\/\/www.youtube.com\/channel\/UChdWvWo42nXl7wUbRlzk36w\">Jos\u00e9 Trigueirinho Netto<\/a>, seus percursos antes e depois do encontro com aquele que viria a se tornar seu guia espiritual.<\/p>\n<p><strong>Para adquirir o livro, <a href=\"http:\/\/bit.ly\/3tFveyv\">acesse.<\/a><\/strong><\/p>\n<\/div>\n<\/div>\n<\/div>\n<\/div>\n<\/div>\n<\/div>\n<\/div><\/div><\/div><\/div><\/div><div class=\"fusion-fullwidth fullwidth-box fusion-builder-row-3 fusion-flex-container nonhundred-percent-fullwidth non-hundred-percent-height-scrolling\" style=\"--awb-border-radius-top-left:0px;--awb-border-radius-top-right:0px;--awb-border-radius-bottom-right:0px;--awb-border-radius-bottom-left:0px;--awb-padding-bottom:40px;--awb-flex-wrap:wrap;\" ><div class=\"fusion-builder-row fusion-row fusion-flex-align-items-flex-start fusion-flex-content-wrap\" style=\"max-width:1248px;margin-left: calc(-4% \/ 2 );margin-right: calc(-4% \/ 2 );\"><div class=\"fusion-layout-column fusion_builder_column fusion-builder-column-4 fusion_builder_column_1_4 1_4 fusion-flex-column\" style=\"--awb-bg-size:cover;--awb-width-large:25%;--awb-margin-top-large:0px;--awb-spacing-right-large:7.68%;--awb-margin-bottom-large:20px;--awb-spacing-left-large:7.68%;--awb-width-medium:100%;--awb-order-medium:0;--awb-spacing-right-medium:1.92%;--awb-spacing-left-medium:1.92%;--awb-width-small:100%;--awb-order-small:0;--awb-spacing-right-small:1.92%;--awb-spacing-left-small:1.92%;\"><div class=\"fusion-column-wrapper fusion-column-has-shadow fusion-flex-justify-content-flex-start fusion-content-layout-column\"><div class=\"fusion-image-element \" style=\"--awb-caption-title-font-family:var(--h2_typography-font-family);--awb-caption-title-font-weight:var(--h2_typography-font-weight);--awb-caption-title-font-style:var(--h2_typography-font-style);--awb-caption-title-size:var(--h2_typography-font-size);--awb-caption-title-transform:var(--h2_typography-text-transform);--awb-caption-title-line-height:var(--h2_typography-line-height);--awb-caption-title-letter-spacing:var(--h2_typography-letter-spacing);\"><span class=\" fusion-imageframe imageframe-none imageframe-3 hover-type-none\"><img decoding=\"async\" width=\"600\" height=\"400\" alt=\"Normas Esfera em cen\u00e1rios urbanos\" title=\"img-normas-esfera-contextos-urbanos\" src=\"https:\/\/www.fraterinternacional.org\/wp-content\/uploads\/2021\/06\/img-normas-esfera-contextos-urbanos.jpg\" class=\"img-responsive wp-image-121760\" srcset=\"https:\/\/www.fraterinternacional.org\/wp-content\/uploads\/2021\/06\/img-normas-esfera-contextos-urbanos-200x133.jpg 200w, https:\/\/www.fraterinternacional.org\/wp-content\/uploads\/2021\/06\/img-normas-esfera-contextos-urbanos-400x267.jpg 400w, https:\/\/www.fraterinternacional.org\/wp-content\/uploads\/2021\/06\/img-normas-esfera-contextos-urbanos.jpg 600w\" sizes=\"(max-width: 1024px) 100vw, (max-width: 640px) 100vw, 400px\" \/><\/span><\/div><\/div><\/div><div class=\"fusion-layout-column fusion_builder_column fusion-builder-column-5 fusion_builder_column_3_4 3_4 fusion-flex-column\" style=\"--awb-bg-size:cover;--awb-width-large:75%;--awb-margin-top-large:0px;--awb-spacing-right-large:2.56%;--awb-margin-bottom-large:20px;--awb-spacing-left-large:2.56%;--awb-width-medium:100%;--awb-order-medium:0;--awb-spacing-right-medium:1.92%;--awb-spacing-left-medium:1.92%;--awb-width-small:100%;--awb-order-small:0;--awb-spacing-right-small:1.92%;--awb-spacing-left-small:1.92%;\"><div class=\"fusion-column-wrapper fusion-column-has-shadow fusion-flex-justify-content-flex-start fusion-content-layout-column\"><div class=\"fusion-text fusion-text-3\"><h6>March 2021<\/h6>\n<p><strong>\u201cUSING THE SPHERE STANDARDS IN URBAN SCENARIOS\u201d<\/strong><\/p>\n<p>Was recently translated into Portuguese by the <a href=\"https:\/\/www.irdin.org.br\/site\/\" target=\"_blank\" rel=\"noopener\">Irdin Editora<\/a> team in partnership with the <a href=\"https:\/\/www.fraterinternacional.org\/en\/\" target=\"_blank\" rel=\"noopener\">Humanitarian Fraternity (FIHF).<\/a> It is a complementary guide to the Sphere Handbook, originally published in English by Sphere, and contains material and information applicable to urban scenarios, with the aim of establishing, promoting and revising quality standards for humanitarian actions in the preparation, allocation of resources, response, monitoring and protection of the interest of the population before, during and after disasters and crises.<\/p>\n<p><a href=\"https:\/\/www.missoeshumanitarias.org\/wp-content\/uploads\/2021\/03\/Guia_Esfera_Cenarios-Urbanos.pdf\" target=\"_blank\" rel=\"noopener\">Click here to download<\/a><\/p>\n<\/div><\/div><\/div><\/div><\/div><div class=\"fusion-fullwidth fullwidth-box fusion-builder-row-4 fusion-flex-container nonhundred-percent-fullwidth non-hundred-percent-height-scrolling\" style=\"--awb-border-radius-top-left:0px;--awb-border-radius-top-right:0px;--awb-border-radius-bottom-right:0px;--awb-border-radius-bottom-left:0px;--awb-padding-top:40px;--awb-padding-bottom:40px;--awb-flex-wrap:wrap;\" ><div class=\"fusion-builder-row fusion-row fusion-flex-align-items-flex-start fusion-flex-content-wrap\" style=\"max-width:1248px;margin-left: calc(-4% \/ 2 );margin-right: calc(-4% \/ 2 );\"><div class=\"fusion-layout-column fusion_builder_column fusion-builder-column-6 fusion_builder_column_1_4 1_4 fusion-flex-column\" style=\"--awb-bg-size:cover;--awb-width-large:25%;--awb-margin-top-large:0px;--awb-spacing-right-large:7.68%;--awb-margin-bottom-large:20px;--awb-spacing-left-large:7.68%;--awb-width-medium:100%;--awb-order-medium:0;--awb-spacing-right-medium:1.92%;--awb-spacing-left-medium:1.92%;--awb-width-small:100%;--awb-order-small:0;--awb-spacing-right-small:1.92%;--awb-spacing-left-small:1.92%;\"><div class=\"fusion-column-wrapper fusion-column-has-shadow fusion-flex-justify-content-flex-start fusion-content-layout-column\"><div class=\"fusion-image-element \" style=\"--awb-caption-title-font-family:var(--h2_typography-font-family);--awb-caption-title-font-weight:var(--h2_typography-font-weight);--awb-caption-title-font-style:var(--h2_typography-font-style);--awb-caption-title-size:var(--h2_typography-font-size);--awb-caption-title-transform:var(--h2_typography-text-transform);--awb-caption-title-line-height:var(--h2_typography-line-height);--awb-caption-title-letter-spacing:var(--h2_typography-letter-spacing);\"><span class=\" fusion-imageframe imageframe-none imageframe-4 hover-type-none\"><img decoding=\"async\" width=\"600\" height=\"400\" alt=\"Calend\u00e1rio FMHI 2021\" title=\"img-calendario2021-FMHI-v1\" src=\"https:\/\/www.fraterinternacional.org\/wp-content\/uploads\/2021\/06\/img-calendario2021-FMHI-v1.jpg\" class=\"img-responsive wp-image-121763\" srcset=\"https:\/\/www.fraterinternacional.org\/wp-content\/uploads\/2021\/06\/img-calendario2021-FMHI-v1-200x133.jpg 200w, https:\/\/www.fraterinternacional.org\/wp-content\/uploads\/2021\/06\/img-calendario2021-FMHI-v1-400x267.jpg 400w, https:\/\/www.fraterinternacional.org\/wp-content\/uploads\/2021\/06\/img-calendario2021-FMHI-v1.jpg 600w\" sizes=\"(max-width: 1024px) 100vw, (max-width: 640px) 100vw, 400px\" \/><\/span><\/div><\/div><\/div><div class=\"fusion-layout-column fusion_builder_column fusion-builder-column-7 fusion_builder_column_3_4 3_4 fusion-flex-column\" style=\"--awb-bg-size:cover;--awb-width-large:75%;--awb-margin-top-large:0px;--awb-spacing-right-large:2.56%;--awb-margin-bottom-large:20px;--awb-spacing-left-large:2.56%;--awb-width-medium:100%;--awb-order-medium:0;--awb-spacing-right-medium:1.92%;--awb-spacing-left-medium:1.92%;--awb-width-small:100%;--awb-order-small:0;--awb-spacing-right-small:1.92%;--awb-spacing-left-small:1.92%;\"><div class=\"fusion-column-wrapper fusion-column-has-shadow fusion-flex-justify-content-flex-start fusion-content-layout-column\"><div class=\"fusion-text fusion-text-4\"><h6>December 2020<\/h6>\n<p><strong>\u201c2021 CALENDAR\u201d<\/strong><\/p>\n<p><a href=\"https:\/\/www.missoeshumanitarias.org\/wp-content\/uploads\/2021\/03\/calendario-digital-2021-ffhi-PT.pdf\" target=\"_blank\" rel=\"noopener\">Click here to download the 2021 Calendar<\/a><\/p>\n<\/div><\/div><\/div><\/div><\/div><div class=\"fusion-fullwidth fullwidth-box fusion-builder-row-5 fusion-flex-container nonhundred-percent-fullwidth non-hundred-percent-height-scrolling\" style=\"--awb-border-radius-top-left:0px;--awb-border-radius-top-right:0px;--awb-border-radius-bottom-right:0px;--awb-border-radius-bottom-left:0px;--awb-padding-top:40px;--awb-padding-bottom:40px;--awb-flex-wrap:wrap;\" ><div class=\"fusion-builder-row fusion-row fusion-flex-align-items-flex-start fusion-flex-content-wrap\" style=\"max-width:1248px;margin-left: calc(-4% \/ 2 );margin-right: calc(-4% \/ 2 );\"><div class=\"fusion-layout-column fusion_builder_column fusion-builder-column-8 fusion_builder_column_1_4 1_4 fusion-flex-column\" style=\"--awb-bg-size:cover;--awb-width-large:25%;--awb-margin-top-large:0px;--awb-spacing-right-large:7.68%;--awb-margin-bottom-large:20px;--awb-spacing-left-large:7.68%;--awb-width-medium:100%;--awb-order-medium:0;--awb-spacing-right-medium:1.92%;--awb-spacing-left-medium:1.92%;--awb-width-small:100%;--awb-order-small:0;--awb-spacing-right-small:1.92%;--awb-spacing-left-small:1.92%;\"><div class=\"fusion-column-wrapper fusion-column-has-shadow fusion-flex-justify-content-flex-start fusion-content-layout-column\"><div class=\"fusion-image-element \" style=\"--awb-caption-title-font-family:var(--h2_typography-font-family);--awb-caption-title-font-weight:var(--h2_typography-font-weight);--awb-caption-title-font-style:var(--h2_typography-font-style);--awb-caption-title-size:var(--h2_typography-font-size);--awb-caption-title-transform:var(--h2_typography-text-transform);--awb-caption-title-line-height:var(--h2_typography-line-height);--awb-caption-title-letter-spacing:var(--h2_typography-letter-spacing);\"><span class=\" fusion-imageframe imageframe-none imageframe-5 hover-type-none\"><img decoding=\"async\" width=\"600\" height=\"400\" alt=\"Manual Esfera em Portugu\u00eas\" title=\"img-manual-esfera-PT-FMHI-v1\" src=\"https:\/\/www.fraterinternacional.org\/wp-content\/uploads\/2021\/06\/img-manual-esfera-PT-FMHI-v1.jpg\" class=\"img-responsive wp-image-121766\" srcset=\"https:\/\/www.fraterinternacional.org\/wp-content\/uploads\/2021\/06\/img-manual-esfera-PT-FMHI-v1-200x133.jpg 200w, https:\/\/www.fraterinternacional.org\/wp-content\/uploads\/2021\/06\/img-manual-esfera-PT-FMHI-v1-400x267.jpg 400w, https:\/\/www.fraterinternacional.org\/wp-content\/uploads\/2021\/06\/img-manual-esfera-PT-FMHI-v1.jpg 600w\" sizes=\"(max-width: 1024px) 100vw, (max-width: 640px) 100vw, 400px\" \/><\/span><\/div><\/div><\/div><div class=\"fusion-layout-column fusion_builder_column fusion-builder-column-9 fusion_builder_column_3_4 3_4 fusion-flex-column\" style=\"--awb-bg-size:cover;--awb-width-large:75%;--awb-margin-top-large:0px;--awb-spacing-right-large:2.56%;--awb-margin-bottom-large:20px;--awb-spacing-left-large:2.56%;--awb-width-medium:100%;--awb-order-medium:0;--awb-spacing-right-medium:1.92%;--awb-spacing-left-medium:1.92%;--awb-width-small:100%;--awb-order-small:0;--awb-spacing-right-small:1.92%;--awb-spacing-left-small:1.92%;\"><div class=\"fusion-column-wrapper fusion-column-has-shadow fusion-flex-justify-content-flex-start fusion-content-layout-column\"><div class=\"fusion-text fusion-text-5\"><h6>November 2020<\/h6>\n<p><strong>\u201cOFFICIAL TRANSLATION OF THE SPHERE HANDBOOK TO PORTUGUESE\u201d<\/strong><\/p>\n<p>Originally published in English, this handbook of guidelines for acting in humanitarian emergencies has editions in different languages. The translation to Portuguese was conducted through the work of the Irdin Editora team, in partnership with the Fraternity \u2013 International Humanitarian Federation (FFHI), the Sphere Focal Point in Brazil, and is available for purchase in physical format on the publisher\u2019s website, where it can also be downloaded free of charge in digital format.<\/p>\n<p><a href=\"http:\/\/bit.ly\/manual_esfera\" target=\"_blank\" rel=\"noopener\">Click here to download the Sphere Handbook as a pdf file. Click here to download the Sphere Handbook as a pdf file<\/a><\/p>\n<\/div><\/div><\/div><\/div><\/div><div class=\"fusion-fullwidth fullwidth-box fusion-builder-row-6 fusion-flex-container nonhundred-percent-fullwidth non-hundred-percent-height-scrolling\" style=\"--awb-border-radius-top-left:0px;--awb-border-radius-top-right:0px;--awb-border-radius-bottom-right:0px;--awb-border-radius-bottom-left:0px;--awb-padding-top:40px;--awb-padding-bottom:40px;--awb-flex-wrap:wrap;\" ><div class=\"fusion-builder-row fusion-row fusion-flex-align-items-flex-start fusion-flex-content-wrap\" style=\"max-width:1248px;margin-left: calc(-4% \/ 2 );margin-right: calc(-4% \/ 2 );\"><div class=\"fusion-layout-column fusion_builder_column fusion-builder-column-10 fusion_builder_column_1_4 1_4 fusion-flex-column\" style=\"--awb-bg-size:cover;--awb-width-large:25%;--awb-margin-top-large:0px;--awb-spacing-right-large:7.68%;--awb-margin-bottom-large:20px;--awb-spacing-left-large:7.68%;--awb-width-medium:100%;--awb-order-medium:0;--awb-spacing-right-medium:1.92%;--awb-spacing-left-medium:1.92%;--awb-width-small:100%;--awb-order-small:0;--awb-spacing-right-small:1.92%;--awb-spacing-left-small:1.92%;\"><div class=\"fusion-column-wrapper fusion-column-has-shadow fusion-flex-justify-content-flex-start fusion-content-layout-column\"><div class=\"fusion-image-element \" style=\"--awb-caption-title-font-family:var(--h2_typography-font-family);--awb-caption-title-font-weight:var(--h2_typography-font-weight);--awb-caption-title-font-style:var(--h2_typography-font-style);--awb-caption-title-size:var(--h2_typography-font-size);--awb-caption-title-transform:var(--h2_typography-text-transform);--awb-caption-title-line-height:var(--h2_typography-line-height);--awb-caption-title-letter-spacing:var(--h2_typography-letter-spacing);\"><span class=\" fusion-imageframe imageframe-none imageframe-6 hover-type-none\"><img decoding=\"async\" width=\"600\" height=\"400\" alt=\"Cat\u00e1logo de artesanato ind\u00edgena\" title=\"img-catalogo-artesanato-indigena-FMHI0v1\" src=\"https:\/\/www.fraterinternacional.org\/wp-content\/uploads\/2021\/06\/img-catalogo-artesanato-indigena-FMHI0v1.jpg\" class=\"img-responsive wp-image-121769\" srcset=\"https:\/\/www.fraterinternacional.org\/wp-content\/uploads\/2021\/06\/img-catalogo-artesanato-indigena-FMHI0v1-200x133.jpg 200w, https:\/\/www.fraterinternacional.org\/wp-content\/uploads\/2021\/06\/img-catalogo-artesanato-indigena-FMHI0v1-400x267.jpg 400w, https:\/\/www.fraterinternacional.org\/wp-content\/uploads\/2021\/06\/img-catalogo-artesanato-indigena-FMHI0v1.jpg 600w\" sizes=\"(max-width: 1024px) 100vw, (max-width: 640px) 100vw, 400px\" \/><\/span><\/div><\/div><\/div><div class=\"fusion-layout-column fusion_builder_column fusion-builder-column-11 fusion_builder_column_3_4 3_4 fusion-flex-column\" style=\"--awb-bg-size:cover;--awb-width-large:75%;--awb-margin-top-large:0px;--awb-spacing-right-large:2.56%;--awb-margin-bottom-large:20px;--awb-spacing-left-large:2.56%;--awb-width-medium:100%;--awb-order-medium:0;--awb-spacing-right-medium:1.92%;--awb-spacing-left-medium:1.92%;--awb-width-small:100%;--awb-order-small:0;--awb-spacing-right-small:1.92%;--awb-spacing-left-small:1.92%;\"><div class=\"fusion-column-wrapper fusion-column-has-shadow fusion-flex-justify-content-flex-start fusion-content-layout-column\"><div class=\"fusion-text fusion-text-6\"><h6>October 2020<\/h6>\n<p><strong>\u201cCATALOG OF INDIGENOUS HANDICRAFTS\u201d<\/strong><\/p>\n<p>The team of the Fraternity \u2013 International Humanitarian Federation (FFHI) created a catalog to present some of the main pieces of Warao and E\u2019\u00f1epa indigenous handicrafts, facilitating the dissemination of their products. The pieces are sold through the Museum \u2018A Casa do Objeto Brasileiro\u2019<\/p>\n<p><a href=\"https:\/\/www.missoeshumanitarias.org\/wp-content\/uploads\/2020\/11\/Catalogo_201104-Artesanato_compressed.pdf\" target=\"_blank\" rel=\"noopener\">Click here to download the catalog.<\/a><\/p>\n<\/div><\/div><\/div><\/div><\/div><div class=\"fusion-fullwidth fullwidth-box fusion-builder-row-7 fusion-flex-container nonhundred-percent-fullwidth non-hundred-percent-height-scrolling\" style=\"--awb-border-radius-top-left:0px;--awb-border-radius-top-right:0px;--awb-border-radius-bottom-right:0px;--awb-border-radius-bottom-left:0px;--awb-padding-top:40px;--awb-padding-bottom:40px;--awb-flex-wrap:wrap;\" ><div class=\"fusion-builder-row fusion-row fusion-flex-align-items-flex-start fusion-flex-content-wrap\" style=\"max-width:1248px;margin-left: calc(-4% \/ 2 );margin-right: calc(-4% \/ 2 );\"><div class=\"fusion-layout-column fusion_builder_column fusion-builder-column-12 fusion_builder_column_1_4 1_4 fusion-flex-column\" style=\"--awb-bg-size:cover;--awb-width-large:25%;--awb-margin-top-large:0px;--awb-spacing-right-large:7.68%;--awb-margin-bottom-large:20px;--awb-spacing-left-large:7.68%;--awb-width-medium:100%;--awb-order-medium:0;--awb-spacing-right-medium:1.92%;--awb-spacing-left-medium:1.92%;--awb-width-small:100%;--awb-order-small:0;--awb-spacing-right-small:1.92%;--awb-spacing-left-small:1.92%;\"><div class=\"fusion-column-wrapper fusion-column-has-shadow fusion-flex-justify-content-flex-start fusion-content-layout-column\"><div class=\"fusion-image-element \" style=\"--awb-caption-title-font-family:var(--h2_typography-font-family);--awb-caption-title-font-weight:var(--h2_typography-font-weight);--awb-caption-title-font-style:var(--h2_typography-font-style);--awb-caption-title-size:var(--h2_typography-font-size);--awb-caption-title-transform:var(--h2_typography-text-transform);--awb-caption-title-line-height:var(--h2_typography-line-height);--awb-caption-title-letter-spacing:var(--h2_typography-letter-spacing);\"><span class=\" fusion-imageframe imageframe-none imageframe-7 hover-type-none\"><img decoding=\"async\" width=\"600\" height=\"400\" alt=\"Cartilha de sa\u00fade\" title=\"img-cartilha-saude-indigena\" src=\"https:\/\/www.fraterinternacional.org\/wp-content\/uploads\/2021\/06\/img-cartilha-saude-indigena.jpg\" class=\"img-responsive wp-image-121772\" srcset=\"https:\/\/www.fraterinternacional.org\/wp-content\/uploads\/2021\/06\/img-cartilha-saude-indigena-200x133.jpg 200w, https:\/\/www.fraterinternacional.org\/wp-content\/uploads\/2021\/06\/img-cartilha-saude-indigena-400x267.jpg 400w, https:\/\/www.fraterinternacional.org\/wp-content\/uploads\/2021\/06\/img-cartilha-saude-indigena.jpg 600w\" sizes=\"(max-width: 1024px) 100vw, (max-width: 640px) 100vw, 400px\" \/><\/span><\/div><\/div><\/div><div class=\"fusion-layout-column fusion_builder_column fusion-builder-column-13 fusion_builder_column_3_4 3_4 fusion-flex-column\" style=\"--awb-bg-size:cover;--awb-width-large:75%;--awb-margin-top-large:0px;--awb-spacing-right-large:2.56%;--awb-margin-bottom-large:20px;--awb-spacing-left-large:2.56%;--awb-width-medium:100%;--awb-order-medium:0;--awb-spacing-right-medium:1.92%;--awb-spacing-left-medium:1.92%;--awb-width-small:100%;--awb-order-small:0;--awb-spacing-right-small:1.92%;--awb-spacing-left-small:1.92%;\"><div class=\"fusion-column-wrapper fusion-column-has-shadow fusion-flex-justify-content-flex-start fusion-content-layout-column\"><div class=\"fusion-text fusion-text-7\"><h6>September 2020<\/h6>\n<p><strong>\u201cCOMMUNICATION ON HEALTH WITH THE INDIGENOUS, WARAO AND E\u2019 \u00d1EPA<\/strong>\u201d<\/p>\n<p>Undertaking efforts to support the populations most vulnerable to the Covid-19 pandemic, the UN Refugee Agency (UNHCR) and the Fraternity \u2013 International Humanitarian Federation (FFHI)launched the booklet \u201cCommunication on Health with the Indigenous, Warao and E\u2019\u00f1epa\u201d, available in Portuguese, Spanish, and also in the native languages of these indigenous populations in refugee situations in Brazil.<\/p>\n<p><a href=\"https:\/\/bit.ly\/cartilha-saude\" target=\"_blank\" rel=\"noopener\">Click here to download the booklet<\/a><\/p>\n<\/div><\/div><\/div><\/div><\/div><div class=\"fusion-fullwidth fullwidth-box fusion-builder-row-8 fusion-flex-container nonhundred-percent-fullwidth non-hundred-percent-height-scrolling\" style=\"--awb-border-radius-top-left:0px;--awb-border-radius-top-right:0px;--awb-border-radius-bottom-right:0px;--awb-border-radius-bottom-left:0px;--awb-padding-top:40px;--awb-padding-bottom:40px;--awb-flex-wrap:wrap;\" ><div class=\"fusion-builder-row fusion-row fusion-flex-align-items-flex-start fusion-flex-content-wrap\" style=\"max-width:1248px;margin-left: calc(-4% \/ 2 );margin-right: calc(-4% \/ 2 );\"><div class=\"fusion-layout-column fusion_builder_column fusion-builder-column-14 fusion_builder_column_1_4 1_4 fusion-flex-column\" style=\"--awb-bg-size:cover;--awb-width-large:25%;--awb-margin-top-large:0px;--awb-spacing-right-large:7.68%;--awb-margin-bottom-large:20px;--awb-spacing-left-large:7.68%;--awb-width-medium:100%;--awb-order-medium:0;--awb-spacing-right-medium:1.92%;--awb-spacing-left-medium:1.92%;--awb-width-small:100%;--awb-order-small:0;--awb-spacing-right-small:1.92%;--awb-spacing-left-small:1.92%;\"><div class=\"fusion-column-wrapper fusion-column-has-shadow fusion-flex-justify-content-flex-start fusion-content-layout-column\"><div class=\"fusion-image-element \" style=\"--awb-caption-title-font-family:var(--h2_typography-font-family);--awb-caption-title-font-weight:var(--h2_typography-font-weight);--awb-caption-title-font-style:var(--h2_typography-font-style);--awb-caption-title-size:var(--h2_typography-font-size);--awb-caption-title-transform:var(--h2_typography-text-transform);--awb-caption-title-line-height:var(--h2_typography-line-height);--awb-caption-title-letter-spacing:var(--h2_typography-letter-spacing);\"><span class=\" fusion-imageframe imageframe-none imageframe-8 hover-type-none\"><img decoding=\"async\" width=\"600\" height=\"400\" alt=\"Docum\" title=\"img-doc-nona-anonamo\" src=\"https:\/\/www.fraterinternacional.org\/wp-content\/uploads\/2021\/06\/img-doc-nona-anonamo.jpg\" class=\"img-responsive wp-image-121775\" srcset=\"https:\/\/www.fraterinternacional.org\/wp-content\/uploads\/2021\/06\/img-doc-nona-anonamo-200x133.jpg 200w, https:\/\/www.fraterinternacional.org\/wp-content\/uploads\/2021\/06\/img-doc-nona-anonamo-400x267.jpg 400w, https:\/\/www.fraterinternacional.org\/wp-content\/uploads\/2021\/06\/img-doc-nona-anonamo.jpg 600w\" sizes=\"(max-width: 1024px) 100vw, (max-width: 640px) 100vw, 400px\" \/><\/span><\/div><\/div><\/div><div class=\"fusion-layout-column fusion_builder_column fusion-builder-column-15 fusion_builder_column_3_4 3_4 fusion-flex-column\" style=\"--awb-bg-size:cover;--awb-width-large:75%;--awb-margin-top-large:0px;--awb-spacing-right-large:2.56%;--awb-margin-bottom-large:20px;--awb-spacing-left-large:2.56%;--awb-width-medium:100%;--awb-order-medium:0;--awb-spacing-right-medium:1.92%;--awb-spacing-left-medium:1.92%;--awb-width-small:100%;--awb-order-small:0;--awb-spacing-right-small:1.92%;--awb-spacing-left-small:1.92%;\"><div class=\"fusion-column-wrapper fusion-column-has-shadow fusion-flex-justify-content-flex-start fusion-content-layout-column\"><div class=\"fusion-text fusion-text-8\"><h6>June 2020<\/h6>\n<p><strong>&#8220;DOCUMENTARY: NONA ANONAMO \u2013 WE ARE ALL ARTISANS\u201d<\/strong><\/p>\n<p>The documentary, recorded and edited by the team of the Fraternity \u2013 International Humanitarian Federation (FFHI), carried a profound reflection on the indigenous Warao ethnic, a name that can be translated as \u201cPeople of Water\u201d, alluding to their original situation on the banks of the Orinoco River delta, in Venezuela.<\/p>\n<p><a href=\"https:\/\/youtu.be\/khTKGHWcc54\" target=\"_blank\" rel=\"noopener\">Watch the documentary<\/a><\/p>\n<\/div><\/div><\/div><\/div><\/div><div class=\"fusion-fullwidth fullwidth-box fusion-builder-row-9 fusion-flex-container nonhundred-percent-fullwidth non-hundred-percent-height-scrolling\" style=\"--awb-border-radius-top-left:0px;--awb-border-radius-top-right:0px;--awb-border-radius-bottom-right:0px;--awb-border-radius-bottom-left:0px;--awb-padding-top:40px;--awb-padding-bottom:40px;--awb-flex-wrap:wrap;\" ><div class=\"fusion-builder-row fusion-row fusion-flex-align-items-flex-start fusion-flex-content-wrap\" style=\"max-width:1248px;margin-left: calc(-4% \/ 2 );margin-right: calc(-4% \/ 2 );\"><div class=\"fusion-layout-column fusion_builder_column fusion-builder-column-16 fusion_builder_column_1_4 1_4 fusion-flex-column\" style=\"--awb-bg-size:cover;--awb-width-large:25%;--awb-margin-top-large:0px;--awb-spacing-right-large:7.68%;--awb-margin-bottom-large:20px;--awb-spacing-left-large:7.68%;--awb-width-medium:100%;--awb-order-medium:0;--awb-spacing-right-medium:1.92%;--awb-spacing-left-medium:1.92%;--awb-width-small:100%;--awb-order-small:0;--awb-spacing-right-small:1.92%;--awb-spacing-left-small:1.92%;\"><div class=\"fusion-column-wrapper fusion-column-has-shadow fusion-flex-justify-content-flex-start fusion-content-layout-column\"><div class=\"fusion-image-element \" style=\"--awb-caption-title-font-family:var(--h2_typography-font-family);--awb-caption-title-font-weight:var(--h2_typography-font-weight);--awb-caption-title-font-style:var(--h2_typography-font-style);--awb-caption-title-size:var(--h2_typography-font-size);--awb-caption-title-transform:var(--h2_typography-text-transform);--awb-caption-title-line-height:var(--h2_typography-line-height);--awb-caption-title-letter-spacing:var(--h2_typography-letter-spacing);\"><span class=\" fusion-imageframe imageframe-none imageframe-9 hover-type-none\"><img decoding=\"async\" width=\"600\" height=\"400\" alt=\"Livro: Fraternidade-Miss\u00f5es Humanit\u00e1rias Internacionais\" title=\"img-livro-missoes-humanitarias-FMHI\" src=\"https:\/\/www.fraterinternacional.org\/wp-content\/uploads\/2021\/06\/img-livro-missoes-humanitarias-FMHI.jpg\" class=\"img-responsive wp-image-121778\" srcset=\"https:\/\/www.fraterinternacional.org\/wp-content\/uploads\/2021\/06\/img-livro-missoes-humanitarias-FMHI-200x133.jpg 200w, https:\/\/www.fraterinternacional.org\/wp-content\/uploads\/2021\/06\/img-livro-missoes-humanitarias-FMHI-400x267.jpg 400w, https:\/\/www.fraterinternacional.org\/wp-content\/uploads\/2021\/06\/img-livro-missoes-humanitarias-FMHI.jpg 600w\" sizes=\"(max-width: 1024px) 100vw, (max-width: 640px) 100vw, 400px\" \/><\/span><\/div><\/div><\/div><div class=\"fusion-layout-column fusion_builder_column fusion-builder-column-17 fusion_builder_column_3_4 3_4 fusion-flex-column\" style=\"--awb-bg-size:cover;--awb-width-large:75%;--awb-margin-top-large:0px;--awb-spacing-right-large:2.56%;--awb-margin-bottom-large:20px;--awb-spacing-left-large:2.56%;--awb-width-medium:100%;--awb-order-medium:0;--awb-spacing-right-medium:1.92%;--awb-spacing-left-medium:1.92%;--awb-width-small:100%;--awb-order-small:0;--awb-spacing-right-small:1.92%;--awb-spacing-left-small:1.92%;\"><div class=\"fusion-column-wrapper fusion-column-has-shadow fusion-flex-justify-content-flex-start fusion-content-layout-column\"><div class=\"fusion-text fusion-text-9\"><h6>May 2020<\/h6>\n<p><strong>\u201cBOOK: FRATERNITY \u2013 INTERNATIONAL HUMANITARIAN MISSIONS, IN PORTUGUESE, ENGLISH AND SPANISH\u201d<\/strong><\/p>\n<p>The Fraternity \u2013 International Humanitarian Federation (FFHI) and Irdin Editora published the first edition in English and Spanish, and the second edition in Portuguese of the Book Fraternity \u2013 International Humanitarian Missions, written by Ana Regina Nogueira.<\/p>\n<p><a href=\"https:\/\/www.irdin.org.br\/pdf\/Fraternidade_portugues_WEB.pdf\" target=\"_blank\" rel=\"noopener\">Free PDF in Portuguese<\/a> |<a href=\"http:\/\/bit.ly\/book-missions\" target=\"_blank\" rel=\"noopener\">Free PDF in English<\/a> | <a href=\"http:\/\/bit.ly\/libro-misiones\" target=\"_blank\" rel=\"noopener\">Free PDF in Spanish<\/a><\/p>\n<\/div><\/div><\/div><\/div><\/div><div class=\"fusion-fullwidth fullwidth-box fusion-builder-row-10 fusion-flex-container nonhundred-percent-fullwidth non-hundred-percent-height-scrolling\" style=\"--awb-border-radius-top-left:0px;--awb-border-radius-top-right:0px;--awb-border-radius-bottom-right:0px;--awb-border-radius-bottom-left:0px;--awb-padding-top:40px;--awb-padding-bottom:40px;--awb-flex-wrap:wrap;\" ><div class=\"fusion-builder-row fusion-row fusion-flex-align-items-flex-start fusion-flex-content-wrap\" style=\"max-width:1248px;margin-left: calc(-4% \/ 2 );margin-right: calc(-4% \/ 2 );\"><div class=\"fusion-layout-column fusion_builder_column fusion-builder-column-18 fusion_builder_column_1_4 1_4 fusion-flex-column\" style=\"--awb-bg-size:cover;--awb-width-large:25%;--awb-margin-top-large:0px;--awb-spacing-right-large:7.68%;--awb-margin-bottom-large:20px;--awb-spacing-left-large:7.68%;--awb-width-medium:100%;--awb-order-medium:0;--awb-spacing-right-medium:1.92%;--awb-spacing-left-medium:1.92%;--awb-width-small:100%;--awb-order-small:0;--awb-spacing-right-small:1.92%;--awb-spacing-left-small:1.92%;\"><div class=\"fusion-column-wrapper fusion-column-has-shadow fusion-flex-justify-content-flex-start fusion-content-layout-column\"><div class=\"fusion-image-element \" style=\"--awb-caption-title-font-family:var(--h2_typography-font-family);--awb-caption-title-font-weight:var(--h2_typography-font-weight);--awb-caption-title-font-style:var(--h2_typography-font-style);--awb-caption-title-size:var(--h2_typography-font-size);--awb-caption-title-transform:var(--h2_typography-text-transform);--awb-caption-title-line-height:var(--h2_typography-line-height);--awb-caption-title-letter-spacing:var(--h2_typography-letter-spacing);\"><span class=\" fusion-imageframe imageframe-none imageframe-10 hover-type-none\"><img decoding=\"async\" width=\"600\" height=\"400\" alt=\"V\u00eddeo \" title=\"img-prevencao-coronavirus-warao-enepa\" src=\"https:\/\/www.fraterinternacional.org\/wp-content\/uploads\/2021\/06\/img-prevencao-coronavirus-warao-enepa.jpg\" class=\"img-responsive wp-image-121781\" srcset=\"https:\/\/www.fraterinternacional.org\/wp-content\/uploads\/2021\/06\/img-prevencao-coronavirus-warao-enepa-200x133.jpg 200w, https:\/\/www.fraterinternacional.org\/wp-content\/uploads\/2021\/06\/img-prevencao-coronavirus-warao-enepa-400x267.jpg 400w, https:\/\/www.fraterinternacional.org\/wp-content\/uploads\/2021\/06\/img-prevencao-coronavirus-warao-enepa.jpg 600w\" sizes=\"(max-width: 1024px) 100vw, (max-width: 640px) 100vw, 400px\" \/><\/span><\/div><\/div><\/div><div class=\"fusion-layout-column fusion_builder_column fusion-builder-column-19 fusion_builder_column_3_4 3_4 fusion-flex-column\" style=\"--awb-bg-size:cover;--awb-width-large:75%;--awb-margin-top-large:0px;--awb-spacing-right-large:2.56%;--awb-margin-bottom-large:20px;--awb-spacing-left-large:2.56%;--awb-width-medium:100%;--awb-order-medium:0;--awb-spacing-right-medium:1.92%;--awb-spacing-left-medium:1.92%;--awb-width-small:100%;--awb-order-small:0;--awb-spacing-right-small:1.92%;--awb-spacing-left-small:1.92%;\"><div class=\"fusion-column-wrapper fusion-column-has-shadow fusion-flex-justify-content-flex-start fusion-content-layout-column\"><div class=\"fusion-text fusion-text-10\"><h6>April 2020<\/h6>\n<p><strong>\u201cVIDEO IN WARAO AND E\u2019\u00d1EPA ON THE PREVENTION OF COVID-19\u201d<\/strong><\/p>\n<p>The team of Fraternity \u2013 International Humanitarian Federation (FFHI) recorded a video with the Warao and E\u2019\u00f1epa natives, of themselves giving tips on care and hygiene that may help in preventing Covid-19.<\/p>\n<p><a href=\"https:\/\/youtu.be\/x2yIx9L5vxw\" target=\"_blank\" rel=\"noopener\">Video in Warao<\/a> | <a href=\"https:\/\/youtu.be\/3wfx1JTdM5c\" target=\"_blank\" rel=\"noopener\">Video in E\u2019\u00f1epa<\/a><\/p>\n<\/div><\/div><\/div><\/div><\/div><div class=\"fusion-fullwidth fullwidth-box fusion-builder-row-11 fusion-flex-container nonhundred-percent-fullwidth non-hundred-percent-height-scrolling\" style=\"--awb-border-radius-top-left:0px;--awb-border-radius-top-right:0px;--awb-border-radius-bottom-right:0px;--awb-border-radius-bottom-left:0px;--awb-padding-top:40px;--awb-padding-bottom:40px;--awb-flex-wrap:wrap;\" ><div class=\"fusion-builder-row fusion-row fusion-flex-align-items-flex-start fusion-flex-content-wrap\" style=\"max-width:1248px;margin-left: calc(-4% \/ 2 );margin-right: calc(-4% \/ 2 );\"><div class=\"fusion-layout-column fusion_builder_column fusion-builder-column-20 fusion_builder_column_1_4 1_4 fusion-flex-column\" style=\"--awb-bg-size:cover;--awb-width-large:25%;--awb-margin-top-large:0px;--awb-spacing-right-large:7.68%;--awb-margin-bottom-large:20px;--awb-spacing-left-large:7.68%;--awb-width-medium:100%;--awb-order-medium:0;--awb-spacing-right-medium:1.92%;--awb-spacing-left-medium:1.92%;--awb-width-small:100%;--awb-order-small:0;--awb-spacing-right-small:1.92%;--awb-spacing-left-small:1.92%;\"><div class=\"fusion-column-wrapper fusion-column-has-shadow fusion-flex-justify-content-flex-start fusion-content-layout-column\"><div class=\"fusion-image-element \" style=\"--awb-caption-title-font-family:var(--h2_typography-font-family);--awb-caption-title-font-weight:var(--h2_typography-font-weight);--awb-caption-title-font-style:var(--h2_typography-font-style);--awb-caption-title-size:var(--h2_typography-font-size);--awb-caption-title-transform:var(--h2_typography-text-transform);--awb-caption-title-line-height:var(--h2_typography-line-height);--awb-caption-title-letter-spacing:var(--h2_typography-letter-spacing);\"><span class=\" fusion-imageframe imageframe-none imageframe-11 hover-type-none\"><img decoding=\"async\" width=\"600\" height=\"400\" alt=\"Folder Sa\u00fade Bucal\" title=\"img-primeira-infancia\" src=\"https:\/\/www.fraterinternacional.org\/wp-content\/uploads\/2021\/06\/img-primeira-infancia.jpg\" class=\"img-responsive wp-image-121784\" srcset=\"https:\/\/www.fraterinternacional.org\/wp-content\/uploads\/2021\/06\/img-primeira-infancia-200x133.jpg 200w, https:\/\/www.fraterinternacional.org\/wp-content\/uploads\/2021\/06\/img-primeira-infancia-400x267.jpg 400w, https:\/\/www.fraterinternacional.org\/wp-content\/uploads\/2021\/06\/img-primeira-infancia.jpg 600w\" sizes=\"(max-width: 1024px) 100vw, (max-width: 640px) 100vw, 400px\" \/><\/span><\/div><\/div><\/div><div class=\"fusion-layout-column fusion_builder_column fusion-builder-column-21 fusion_builder_column_3_4 3_4 fusion-flex-column\" style=\"--awb-bg-size:cover;--awb-width-large:75%;--awb-margin-top-large:0px;--awb-spacing-right-large:2.56%;--awb-margin-bottom-large:20px;--awb-spacing-left-large:2.56%;--awb-width-medium:100%;--awb-order-medium:0;--awb-spacing-right-medium:1.92%;--awb-spacing-left-medium:1.92%;--awb-width-small:100%;--awb-order-small:0;--awb-spacing-right-small:1.92%;--awb-spacing-left-small:1.92%;\"><div class=\"fusion-column-wrapper fusion-column-has-shadow fusion-flex-justify-content-flex-start fusion-content-layout-column\"><div class=\"fusion-text fusion-text-11\"><h6>March 2020<\/h6>\n<p><strong>&#8220;\u201cLEAFLET: EARLY CHILDHOOD MOUTH HEALTH&#8221;<\/strong><\/p>\n<p>Translation into Spanish of the Leaflet, \u201cEarly Childhood Mouth Health,\u201d developed by the Happy Smile Project, under the responsibility of professor Wilson Galhego Garcia, titular of the UNESP (Paulista State University) \u2013 FOA,\u00a0 Dentistry\u00a0 School of Ara\u00e7atuba.<\/p>\n<p><a href=\"https:\/\/www.missoeshumanitarias.org\/wp-content\/uploads\/2021\/03\/sorriso_feliz_portugues.pdf\" target=\"_blank\" rel=\"noopener\">Free PDF in Portuguese<\/a> | <a href=\"https:\/\/www.missoeshumanitarias.org\/wp-content\/uploads\/2021\/03\/sorriso_feliz_espanhol.pdf\" target=\"_blank\" rel=\"noopener\">Free PDF in Spanish<\/a><\/p>\n<\/div><\/div><\/div><\/div><\/div><div class=\"fusion-fullwidth fullwidth-box fusion-builder-row-12 fusion-flex-container nonhundred-percent-fullwidth non-hundred-percent-height-scrolling\" style=\"--awb-border-radius-top-left:0px;--awb-border-radius-top-right:0px;--awb-border-radius-bottom-right:0px;--awb-border-radius-bottom-left:0px;--awb-padding-top:40px;--awb-padding-bottom:40px;--awb-flex-wrap:wrap;\" ><div class=\"fusion-builder-row fusion-row fusion-flex-align-items-flex-start fusion-flex-content-wrap\" style=\"max-width:1248px;margin-left: calc(-4% \/ 2 );margin-right: calc(-4% \/ 2 );\"><div class=\"fusion-layout-column fusion_builder_column fusion-builder-column-22 fusion_builder_column_1_4 1_4 fusion-flex-column\" style=\"--awb-bg-size:cover;--awb-width-large:25%;--awb-margin-top-large:0px;--awb-spacing-right-large:7.68%;--awb-margin-bottom-large:20px;--awb-spacing-left-large:7.68%;--awb-width-medium:100%;--awb-order-medium:0;--awb-spacing-right-medium:1.92%;--awb-spacing-left-medium:1.92%;--awb-width-small:100%;--awb-order-small:0;--awb-spacing-right-small:1.92%;--awb-spacing-left-small:1.92%;\"><div class=\"fusion-column-wrapper fusion-column-has-shadow fusion-flex-justify-content-flex-start fusion-content-layout-column\"><div class=\"fusion-image-element \" style=\"--awb-caption-title-font-family:var(--h2_typography-font-family);--awb-caption-title-font-weight:var(--h2_typography-font-weight);--awb-caption-title-font-style:var(--h2_typography-font-style);--awb-caption-title-size:var(--h2_typography-font-size);--awb-caption-title-transform:var(--h2_typography-text-transform);--awb-caption-title-line-height:var(--h2_typography-line-height);--awb-caption-title-letter-spacing:var(--h2_typography-letter-spacing);\"><span class=\" fusion-imageframe imageframe-none imageframe-12 hover-type-none\"><img decoding=\"async\" width=\"600\" height=\"400\" alt=\"Calend\u00e1rio FFHI 2020\" title=\"img-calendario2020-FMHI\" src=\"https:\/\/www.fraterinternacional.org\/wp-content\/uploads\/2021\/06\/img-calendario2020-FMHI.jpg\" class=\"img-responsive wp-image-121787\" srcset=\"https:\/\/www.fraterinternacional.org\/wp-content\/uploads\/2021\/06\/img-calendario2020-FMHI-200x133.jpg 200w, https:\/\/www.fraterinternacional.org\/wp-content\/uploads\/2021\/06\/img-calendario2020-FMHI-400x267.jpg 400w, https:\/\/www.fraterinternacional.org\/wp-content\/uploads\/2021\/06\/img-calendario2020-FMHI.jpg 600w\" sizes=\"(max-width: 1024px) 100vw, (max-width: 640px) 100vw, 400px\" \/><\/span><\/div><\/div><\/div><div class=\"fusion-layout-column fusion_builder_column fusion-builder-column-23 fusion_builder_column_3_4 3_4 fusion-flex-column\" style=\"--awb-bg-size:cover;--awb-width-large:75%;--awb-margin-top-large:0px;--awb-spacing-right-large:2.56%;--awb-margin-bottom-large:20px;--awb-spacing-left-large:2.56%;--awb-width-medium:100%;--awb-order-medium:0;--awb-spacing-right-medium:1.92%;--awb-spacing-left-medium:1.92%;--awb-width-small:100%;--awb-order-small:0;--awb-spacing-right-small:1.92%;--awb-spacing-left-small:1.92%;\"><div class=\"fusion-column-wrapper fusion-column-has-shadow fusion-flex-justify-content-flex-start fusion-content-layout-column\"><div class=\"fusion-text fusion-text-12\"><h6>Decembrer 2019<\/h6>\n<p><strong>&#8220;CALENDAR 2020&#8221;<\/strong><\/p>\n<p><a href=\"https:\/\/www.missoeshumanitarias.org\/wp-content\/uploads\/2021\/03\/calendario-2020-ffhi-PT-eletronica.pdf\" target=\"_blank\" rel=\"noopener\">Click here to download the 2020 Calendar<\/a><\/p>\n<\/div><\/div><\/div><\/div><\/div><div class=\"fusion-fullwidth fullwidth-box fusion-builder-row-13 fusion-flex-container nonhundred-percent-fullwidth non-hundred-percent-height-scrolling\" style=\"--awb-border-radius-top-left:0px;--awb-border-radius-top-right:0px;--awb-border-radius-bottom-right:0px;--awb-border-radius-bottom-left:0px;--awb-padding-top:40px;--awb-padding-bottom:40px;--awb-flex-wrap:wrap;\" ><div class=\"fusion-builder-row fusion-row fusion-flex-align-items-flex-start fusion-flex-content-wrap\" style=\"max-width:1248px;margin-left: calc(-4% \/ 2 );margin-right: calc(-4% \/ 2 );\"><div class=\"fusion-layout-column fusion_builder_column fusion-builder-column-24 fusion_builder_column_1_4 1_4 fusion-flex-column\" style=\"--awb-bg-size:cover;--awb-width-large:25%;--awb-margin-top-large:0px;--awb-spacing-right-large:7.68%;--awb-margin-bottom-large:20px;--awb-spacing-left-large:7.68%;--awb-width-medium:100%;--awb-order-medium:0;--awb-spacing-right-medium:1.92%;--awb-spacing-left-medium:1.92%;--awb-width-small:100%;--awb-order-small:0;--awb-spacing-right-small:1.92%;--awb-spacing-left-small:1.92%;\"><div class=\"fusion-column-wrapper fusion-column-has-shadow fusion-flex-justify-content-flex-start fusion-content-layout-column\"><div class=\"fusion-image-element \" style=\"--awb-caption-title-font-family:var(--h2_typography-font-family);--awb-caption-title-font-weight:var(--h2_typography-font-weight);--awb-caption-title-font-style:var(--h2_typography-font-style);--awb-caption-title-size:var(--h2_typography-font-size);--awb-caption-title-transform:var(--h2_typography-text-transform);--awb-caption-title-line-height:var(--h2_typography-line-height);--awb-caption-title-letter-spacing:var(--h2_typography-letter-spacing);\"><span class=\" fusion-imageframe imageframe-none imageframe-13 hover-type-none\"><img decoding=\"async\" width=\"600\" height=\"400\" alt=\"Cartilha &quot;O Bem Comum&quot;\" title=\"img-cartilha-bem-comum\" src=\"https:\/\/www.fraterinternacional.org\/wp-content\/uploads\/2021\/06\/img-cartilha-bem-comum.jpg\" class=\"img-responsive wp-image-121790\" srcset=\"https:\/\/www.fraterinternacional.org\/wp-content\/uploads\/2021\/06\/img-cartilha-bem-comum-200x133.jpg 200w, https:\/\/www.fraterinternacional.org\/wp-content\/uploads\/2021\/06\/img-cartilha-bem-comum-400x267.jpg 400w, https:\/\/www.fraterinternacional.org\/wp-content\/uploads\/2021\/06\/img-cartilha-bem-comum.jpg 600w\" sizes=\"(max-width: 1024px) 100vw, (max-width: 640px) 100vw, 400px\" \/><\/span><\/div><\/div><\/div><div class=\"fusion-layout-column fusion_builder_column fusion-builder-column-25 fusion_builder_column_3_4 3_4 fusion-flex-column\" style=\"--awb-bg-size:cover;--awb-width-large:75%;--awb-margin-top-large:0px;--awb-spacing-right-large:2.56%;--awb-margin-bottom-large:20px;--awb-spacing-left-large:2.56%;--awb-width-medium:100%;--awb-order-medium:0;--awb-spacing-right-medium:1.92%;--awb-spacing-left-medium:1.92%;--awb-width-small:100%;--awb-order-small:0;--awb-spacing-right-small:1.92%;--awb-spacing-left-small:1.92%;\"><div class=\"fusion-column-wrapper fusion-column-has-shadow fusion-flex-justify-content-flex-start fusion-content-layout-column\"><div class=\"fusion-text fusion-text-13\"><h6>April 2019<\/h6>\n<p><strong>\u201cPROTECTION OF CHILDREN AND ADOLESCENTS: OUR COMMON GOOD\u201d<\/strong><\/p>\n<p>Booklet done through a partnership between the Fraternity \u2013 International Humanitarian Federation (FFHI) and UNICEF.<\/p>\n<p><a href=\"https:\/\/www.missoeshumanitarias.org\/wp-content\/uploads\/2021\/03\/Cartilha-de-protecao-criancas-adolescentes-FFHI-UNICEF.pdf\">Click here to download the pdf file in spanish<\/a><\/p>\n<\/div><\/div><\/div><\/div><\/div><\/p>\n","protected":false},"excerpt":{"rendered":"","protected":false},"author":4,"featured_media":0,"parent":0,"menu_order":8,"comment_status":"closed","ping_status":"closed","template":"","meta":{"footnotes":""},"class_list":["post-105105","page","type-page","status-publish","hentry"],"yoast_head":"<!-- This site is optimized with the Yoast SEO Premium plugin v21.0 (Yoast SEO v21.0) - https:\/\/yoast.com\/wordpress\/plugins\/seo\/ -->\n<title>Publications - Fraternidade - Federa\u00e7\u00e3o Humanit\u00e1ria Internacional<\/title>\n<meta name=\"robots\" content=\"index, follow, max-snippet:-1, max-image-preview:large, max-video-preview:-1\" \/>\n<link rel=\"canonical\" href=\"https:\/\/www.fraterinternacional.org\/en\/publications\/\" \/>\n<meta property=\"og:locale\" content=\"en_US\" \/>\n<meta property=\"og:type\" content=\"article\" \/>\n<meta property=\"og:title\" content=\"Publications\" \/>\n<meta property=\"og:url\" content=\"https:\/\/www.fraterinternacional.org\/en\/publications\/\" \/>\n<meta property=\"og:site_name\" content=\"Fraternidade - Federa\u00e7\u00e3o Humanit\u00e1ria Internacional\" \/>\n<meta property=\"article:publisher\" content=\"https:\/\/www.facebook.com\/fraternidadehumanitaria\" \/>\n<meta property=\"article:modified_time\" content=\"2021-07-01T18:58:58+00:00\" \/>\n<meta name=\"twitter:card\" content=\"summary_large_image\" \/>\n<meta name=\"twitter:site\" content=\"@fraternidadeFHI\" \/>\n<meta name=\"twitter:label1\" content=\"Est. reading time\" \/>\n\t<meta name=\"twitter:data1\" content=\"73 minutes\" \/>\n<script type=\"application\/ld+json\" class=\"yoast-schema-graph\">{\"@context\":\"https:\/\/schema.org\",\"@graph\":[{\"@type\":\"WebPage\",\"@id\":\"https:\/\/www.fraterinternacional.org\/en\/publications\/\",\"url\":\"https:\/\/www.fraterinternacional.org\/en\/publications\/\",\"name\":\"Publications - Fraternidade - Federa\u00e7\u00e3o Humanit\u00e1ria Internacional\",\"isPartOf\":{\"@id\":\"https:\/\/www.fraterinternacional.org\/es\/#website\"},\"datePublished\":\"2019-07-03T13:11:54+00:00\",\"dateModified\":\"2021-07-01T18:58:58+00:00\",\"breadcrumb\":{\"@id\":\"https:\/\/www.fraterinternacional.org\/en\/publications\/#breadcrumb\"},\"inLanguage\":\"en-US\",\"potentialAction\":[{\"@type\":\"ReadAction\",\"target\":[\"https:\/\/www.fraterinternacional.org\/en\/publications\/\"]}]},{\"@type\":\"BreadcrumbList\",\"@id\":\"https:\/\/www.fraterinternacional.org\/en\/publications\/#breadcrumb\",\"itemListElement\":[{\"@type\":\"ListItem\",\"position\":1,\"name\":\"In\u00edcio\",\"item\":\"https:\/\/www.fraterinternacional.org\/en\/\"},{\"@type\":\"ListItem\",\"position\":2,\"name\":\"Publications\"}]},{\"@type\":\"WebSite\",\"@id\":\"https:\/\/www.fraterinternacional.org\/es\/#website\",\"url\":\"https:\/\/www.fraterinternacional.org\/es\/\",\"name\":\"Fraternidade - Federa\u00e7\u00e3o Humanit\u00e1ria Internacional\",\"description\":\"Fraternidade - Federa\u00e7\u00e3o Humanit\u00e1ria Internacional\",\"potentialAction\":[{\"@type\":\"SearchAction\",\"target\":{\"@type\":\"EntryPoint\",\"urlTemplate\":\"https:\/\/www.fraterinternacional.org\/es\/?s={search_term_string}\"},\"query-input\":\"required name=search_term_string\"}],\"inLanguage\":\"en-US\"}]}<\/script>\n<!-- \/ Yoast SEO Premium plugin. -->","yoast_head_json":{"title":"Publications - Fraternidade - Federa\u00e7\u00e3o Humanit\u00e1ria Internacional","robots":{"index":"index","follow":"follow","max-snippet":"max-snippet:-1","max-image-preview":"max-image-preview:large","max-video-preview":"max-video-preview:-1"},"canonical":"https:\/\/www.fraterinternacional.org\/en\/publications\/","og_locale":"en_US","og_type":"article","og_title":"Publications","og_url":"https:\/\/www.fraterinternacional.org\/en\/publications\/","og_site_name":"Fraternidade - Federa\u00e7\u00e3o Humanit\u00e1ria Internacional","article_publisher":"https:\/\/www.facebook.com\/fraternidadehumanitaria","article_modified_time":"2021-07-01T18:58:58+00:00","twitter_card":"summary_large_image","twitter_site":"@fraternidadeFHI","twitter_misc":{"Est. reading time":"73 minutes"},"schema":{"@context":"https:\/\/schema.org","@graph":[{"@type":"WebPage","@id":"https:\/\/www.fraterinternacional.org\/en\/publications\/","url":"https:\/\/www.fraterinternacional.org\/en\/publications\/","name":"Publications - Fraternidade - Federa\u00e7\u00e3o Humanit\u00e1ria Internacional","isPartOf":{"@id":"https:\/\/www.fraterinternacional.org\/es\/#website"},"datePublished":"2019-07-03T13:11:54+00:00","dateModified":"2021-07-01T18:58:58+00:00","breadcrumb":{"@id":"https:\/\/www.fraterinternacional.org\/en\/publications\/#breadcrumb"},"inLanguage":"en-US","potentialAction":[{"@type":"ReadAction","target":["https:\/\/www.fraterinternacional.org\/en\/publications\/"]}]},{"@type":"BreadcrumbList","@id":"https:\/\/www.fraterinternacional.org\/en\/publications\/#breadcrumb","itemListElement":[{"@type":"ListItem","position":1,"name":"In\u00edcio","item":"https:\/\/www.fraterinternacional.org\/en\/"},{"@type":"ListItem","position":2,"name":"Publications"}]},{"@type":"WebSite","@id":"https:\/\/www.fraterinternacional.org\/es\/#website","url":"https:\/\/www.fraterinternacional.org\/es\/","name":"Fraternidade - Federa\u00e7\u00e3o Humanit\u00e1ria Internacional","description":"Fraternidade - Federa\u00e7\u00e3o Humanit\u00e1ria Internacional","potentialAction":[{"@type":"SearchAction","target":{"@type":"EntryPoint","urlTemplate":"https:\/\/www.fraterinternacional.org\/es\/?s={search_term_string}"},"query-input":"required name=search_term_string"}],"inLanguage":"en-US"}]}},"_links":{"self":[{"href":"https:\/\/www.fraterinternacional.org\/en\/wp-json\/wp\/v2\/pages\/105105"}],"collection":[{"href":"https:\/\/www.fraterinternacional.org\/en\/wp-json\/wp\/v2\/pages"}],"about":[{"href":"https:\/\/www.fraterinternacional.org\/en\/wp-json\/wp\/v2\/types\/page"}],"author":[{"embeddable":true,"href":"https:\/\/www.fraterinternacional.org\/en\/wp-json\/wp\/v2\/users\/4"}],"replies":[{"embeddable":true,"href":"https:\/\/www.fraterinternacional.org\/en\/wp-json\/wp\/v2\/comments?post=105105"}],"version-history":[{"count":0,"href":"https:\/\/www.fraterinternacional.org\/en\/wp-json\/wp\/v2\/pages\/105105\/revisions"}],"wp:attachment":[{"href":"https:\/\/www.fraterinternacional.org\/en\/wp-json\/wp\/v2\/media?parent=105105"}],"curies":[{"name":"wp","href":"https:\/\/api.w.org\/{rel}","templated":true}]}}